{"id":4089,"date":"2021-08-30T16:18:17","date_gmt":"2021-08-30T14:18:17","guid":{"rendered":"https:\/\/cuneoairport.com\/nuovosito\/surreservation-annulations-retards-et-autres-reclamations\/"},"modified":"2023-10-25T12:42:37","modified_gmt":"2023-10-25T10:42:37","slug":"surreservation-annulations-retards-et-autres-reclamations","status":"publish","type":"page","link":"https:\/\/cuneoairport.com\/fr\/surreservation-annulations-retards-et-autres-reclamations\/","title":{"rendered":"Surr\u00e9servation, annulations, retards et autres plaintes"},"content":{"rendered":"<p>          [et_pb_section fb_built=\u00a0\u00bb1&Prime; _builder_version=\u00a0\u00bb4.9.10&Prime; _module_preset=\u00a0\u00bbdefault\u00a0\u00bb custom_padding=\u00a0\u00bb3px||6px|||\u00a0\u00bb global_colors_info=\u00a0\u00bb{}\u00a0\u00bb]<br \/>\n            [et_pb_row _builder_version=\u00a0\u00bb4.9.10&Prime; _module_preset=\u00a0\u00bbdefault\u00a0\u00bb width=\u00a0\u00bb90%\u00a0\u00bb global_colors_info=\u00a0\u00bb{}\u00a0\u00bb]<br \/>\n              [et_pb_column type=\u00a0\u00bb4_4&Prime; _builder_version=\u00a0\u00bb4.9.10&Prime; _module_preset=\u00a0\u00bbdefault\u00a0\u00bb global_colors_info=\u00a0\u00bb{}\u00a0\u00bb]<br \/>\n                [et_pb_image src=\u00a0\u00bbhttps:\/\/cuneoairport.com\/wp-content\/uploads\/2021\/09\/iStock-919763570-980&#215;364-9.jpg\u00a0\u00bb title_text=\u00a0\u00bbiStock-919763570-980&#215;364 (9)\u00a0\u00bb align=\u00a0\u00bbcenter\u00a0\u00bb force_fullwidth=\u00a0\u00bbon\u00a0\u00bb _builder_version=\u00a0\u00bb4.9.10&Prime; _module_preset=\u00a0\u00bbdefault\u00a0\u00bb border_radii=\u00a0\u00bbon|6px|6px|6px|6px\u00a0\u00bb global_colors_info=\u00a0\u00bb{}\u00a0\u00bb][\/et_pb_image]<br \/>\n              [\/et_pb_column]<br \/>\n            [\/et_pb_row]<br \/>\n          [\/et_pb_section]<br \/>\n          [et_pb_section fb_built=\u00a0\u00bb1&Prime; custom_padding_last_edited=\u00a0\u00bbon|phone\u00a0\u00bb _builder_version=\u00a0\u00bb4.9.10&Prime; _module_preset=\u00a0\u00bbdefault\u00a0\u00bb custom_margin=\u00a0\u00bb-79px||||false|false\u00a0\u00bb custom_margin_tablet=\u00a0\u00bb-85px||||false|false\u00a0\u00bb custom_margin_phone=\u00a0\u00bb-34px||||false|false\u00a0\u00bb custom_margin_last_edited=\u00a0\u00bbon|phone\u00a0\u00bb custom_padding=\u00a0\u00bb||27px||false|false\u00a0\u00bb custom_padding_tablet=\u00a0\u00bb\u00a0\u00bb custom_padding_phone=\u00a0\u00bb0px||||false|false\u00a0\u00bb global_colors_info=\u00a0\u00bb{}\u00a0\u00bb]<br \/>\n            [et_pb_row use_custom_gutter=\u00a0\u00bbon\u00a0\u00bb gutter_width=\u00a0\u00bb2&Prime; _builder_version=\u00a0\u00bb4.9.10&Prime; _module_preset=\u00a0\u00bbdefault\u00a0\u00bb width=\u00a0\u00bb90%\u00a0\u00bb custom_margin=\u00a0\u00bb16px|auto||auto||\u00a0\u00bb custom_padding=\u00a0\u00bb18px||3px|||\u00a0\u00bb global_colors_info=\u00a0\u00bb{}\u00a0\u00bb]<br \/>\n              [et_pb_column type=\u00a0\u00bb4_4&Prime; _builder_version=\u00a0\u00bb4.9.10&Prime; _module_preset=\u00a0\u00bbdefault\u00a0\u00bb custom_padding=\u00a0\u00bb|30px|||false|false\u00a0\u00bb border_width_right=\u00a0\u00bb1px\u00a0\u00bb border_color_right=\u00a0\u00bb#000000&Prime; border_style_right=\u00a0\u00bbdashed\u00a0\u00bb global_colors_info=\u00a0\u00bb{}\u00a0\u00bb]<br \/>\n                [et_pb_text _builder_version=\u00a0\u00bb4.9.10&Prime; _module_preset=\u00a0\u00bbdefault\u00a0\u00bb header_2_font=\u00a0\u00bbArchivo|||on|||||\u00a0\u00bb header_2_font_size=\u00a0\u00bb13px\u00a0\u00bb header_2_letter_spacing=\u00a0\u00bb10px\u00a0\u00bb custom_margin=\u00a0\u00bb2px||5px|||\u00a0\u00bb custom_margin_tablet=\u00a0\u00bb\u00a0\u00bb custom_margin_phone=\u00a0\u00bb0px||5px||false|false\u00a0\u00bb custom_margin_last_edited=\u00a0\u00bbon|phone\u00a0\u00bb global_colors_info=\u00a0\u00bb{}\u00a0\u00bb]<\/p>\n<h2>que faire en cas de<\/h2>\n<p>                [\/et_pb_text]<br \/>\n                [et_pb_text _builder_version=\u00a0\u00bb4.9.10&Prime; _module_preset=\u00a0\u00bbdefault\u00a0\u00bb header_font=\u00a0\u00bbAbel||||||||\u00a0\u00bb header_text_color=\u00a0\u00bb#3b444f\u00a0\u00bb header_2_font=\u00a0\u00bbPoppins|800|||||||\u00a0\u00bb header_2_text_align=\u00a0\u00bbleft\u00a0\u00bb header_2_text_color=\u00a0\u00bb#173eb2&Prime; header_2_font_size=\u00a0\u00bb37px\u00a0\u00bb custom_margin=\u00a0\u00bb||10px||false|false\u00a0\u00bb global_colors_info=\u00a0\u00bb{}\u00a0\u00bb]<\/p>\n<h2>Surr\u00e9servation, annulations, retards et autres r\u00e9clamations<\/h2>\n<p>                [\/et_pb_text]<br \/>\n                [et_pb_text _builder_version=\u00a0\u00bb4.9.10&Prime; _module_preset=\u00a0\u00bbdefault\u00a0\u00bb text_font=\u00a0\u00bbBarlow|300|||||||\u00a0\u00bb text_text_color=\u00a0\u00bb#000000&Prime; text_font_size=\u00a0\u00bb16px\u00a0\u00bb custom_margin=\u00a0\u00bb||-3px|||\u00a0\u00bb inline_fonts=\u00a0\u00bbRubik,Rubik Mono One\u00a0\u00bb global_colors_info=\u00a0\u00bb{}\u00a0\u00bb]<\/p>\n<p>\n                    <span style=\"font-weight: 400;\"><\/span>\n                  <\/p>\n<p><span style=\"font-weight: 400;\">Les <\/span><a href=\"https:\/\/www.enac.gov.it\/sites\/default\/files\/allegati\/2019-Feb\/Reg_261_2004.pdf\" target=\"_blank\" rel=\"noopener\"><b>R\u00e8glement CE n. 261\/2004<\/b><\/a> <span style=\"font-weight: 400;\">est le r\u00e8glement qui r\u00e9git toutes les r\u00e8gles prot\u00e9geant le voyageur en cas de<\/span><b> Refus d&#8217;embarquement<\/b><span style=\"font-weight: 400;\"> dans un avion pour \u00ab\u00a0surr\u00e9servation\u00a0\u00bb ou surr\u00e9servation (r\u00e9servations exc\u00e9dentaires par rapport aux places disponibles dans l&rsquo;avion),<\/span><b> annulation<\/b><span style=\"font-weight: 400;\"> tu d\u00e9testes<\/span><b> retard de vol prolong\u00e9<\/b><span style=\"font-weight: 400;\"> .<\/span><\/p>\n<ul>\n<li>\n<p>\n                        <span style=\"font-weight: 400; font-family: Rubik;\">Le R\u00e8glement s&rsquo;applique aussi bien aux vols r\u00e9guliers qu&rsquo;aux vols charters, seuls ou inclus dans un forfait touristique \u00ab tout compris \u00bb (ceux qui comprennent l&rsquo;h\u00e9bergement, le transport et d&rsquo;autres services touristiques non accessoires aux deux premiers). <\/span>\n                      <\/p>\n<\/li>\n<li>\n<p>\n                        <span style=\"font-weight: 400; font-family: Rubik;\">Le r\u00e8glement ne s&rsquo;applique qu&rsquo;aux vols au d\u00e9part ou \u00e0 destination d&rsquo;un a\u00e9roport d&rsquo;un \u00c9tat membre soumis aux dispositions du trait\u00e9 et si le vol est assur\u00e9 par un transporteur communautaire.<\/span>\n                      <\/p>\n<\/li>\n<li>\n<p>\n                        <span style=\"font-weight: 400; font-family: Rubik;\">Les passagers ayant droit \u00e0 la protection sont ceux qui ont une r\u00e9servation confirm\u00e9e sur le vol sur lequel l&#8217;embarquement est refus\u00e9 et qui se sont pr\u00e9sent\u00e9s \u00e0 l&rsquo;enregistrement \u00e0 l&rsquo;heure indiqu\u00e9e par \u00e9crit (y compris \u00e9lectroniquement) par le transporteur a\u00e9rien ou, \u00e0 d\u00e9faut , au moins 45 minutes avant l&rsquo;heure de d\u00e9part.<\/span>\n                      <\/p>\n<\/li>\n<li>\n<p>\n                        <span style=\"font-weight: 400; font-family: Rubik;\">Le r\u00e8glement ne s&rsquo;applique pas aux personnes voyageant gratuitement ou \u00e0 tarif r\u00e9duit non accessibles au public. Cependant, il s&rsquo;applique aux passagers des programmes des transporteurs a\u00e9riens commerciaux tels que le programme Frequent Flyer ou des voyagistes.<\/span>\n                      <\/p>\n<\/li>\n<\/ul>\n<p>\n                    <b>REFUS D&rsquo;EMBARQUEMENT \/ SURR\u00c9SERVATION<\/b>\n                  <\/p>\n<p><span style=\"font-weight: 400;\">La compagnie a\u00e9rienne, avant de refuser l&#8217;embarquement au voyageur pour un exc\u00e9dent de r\u00e9servations, est tenue de<\/span><b> demander aux passagers de trouver des volontaires<\/b><span style=\"font-weight: 400;\"> dispos\u00e9 \u00e0 renoncer au vol en \u00e9change d&rsquo;avantages \u00e0 convenir entre le passager concern\u00e9 et le transporteur a\u00e9rien exploitant.<\/span> <\/p>\n<p>\n                    <span style=\"font-weight: 400;\">Si le nombre de b\u00e9n\u00e9voles n&rsquo;est pas suffisant pour permettre aux passagers restants titulaires de r\u00e9servations d&#8217;embarquer, le transporteur a\u00e9rien exploitant peut refuser l&#8217;embarquement aux passagers r\u00e9ticents.<\/span>\n                  <\/p>\n<p>\n                    <span style=\"font-weight: 400;\">Dans ce cas, le transporteur est tenu de leur verser imm\u00e9diatement une indemnit\u00e9 et de les assister.<\/span>\n                  <\/p>\n<p>\n                    <b>Ceux qui se voient refuser l&#8217;embarquement, ou les volontaires pour eux, ont droit en plus d&rsquo;une compensation financi\u00e8re imm\u00e9diate et d&rsquo;une assistance, d&rsquo;un remboursement ou d&rsquo;un red\u00e9marrage.<\/b>\n                  <\/p>\n<p>\n                    <b>Compensation financi\u00e8re<\/b>\n                  <\/p>\n<ol>\n<li style=\"font-weight: 400;\" aria-level=\"1\">\n                      <span style=\"font-family: Rubik; font-weight: normal;\"><b>250 euros<\/b> pour toutes les zones inf\u00e9rieures ou \u00e9gales \u00e0 1500 km<\/span>\n                    <\/li>\n<li style=\"font-weight: 400;\" aria-level=\"1\">\n                      <span style=\"font-family: Rubik; font-weight: normal;\"><b>400 euros<\/b> pour tous les trajets intracommunautaires de plus de 1500 km et pour les trajets entre 15000 et 3500 km<\/span>\n                    <\/li>\n<li style=\"font-weight: 400;\" aria-level=\"1\">\n                      <span style=\"font-family: Rubik; font-weight: normal;\"><b>600 euros<\/b> pour tous les itin\u00e9raires n&rsquo;entrant pas dans a) et b)<\/span>\n                    <\/li>\n<\/ol>\n<p>\n                    <span style=\"font-weight: normal; font-family: Rubik;\">Si les passagers se voient proposer d&rsquo;atteindre leur destination finale en embarquant sur un vol alternatif dont l&rsquo;heure d&rsquo;arriv\u00e9e n&rsquo;est pas sup\u00e9rieure \u00e0 * l&rsquo;heure d&rsquo;arriv\u00e9e pr\u00e9vue du vol initialement r\u00e9serv\u00e9, le transporteur peut r\u00e9duire l&rsquo;indemnisation de 50 %.<\/span>\n                  <\/p>\n<ol>\n<li style=\"font-weight: 400;\" aria-level=\"1\">\n                      <span style=\"font-weight: normal; font-family: Rubik;\">* deux heures, pour tout vol \u00e9gal ou inf\u00e9rieur \u00e0 1500 km<\/span>\n                    <\/li>\n<li style=\"font-weight: 400;\" aria-level=\"1\">\n                      <span style=\"font-family: Rubik;\">* trois heures, pour tous les autres trajets intracommunautaires de plus de 1500 km et pour tous les vols entre 1500 et 3500 km<\/span>\n                    <\/li>\n<li style=\"font-weight: 400;\" aria-level=\"1\">\n                      <span style=\"font-weight: normal; font-family: Rubik;\">* quatre heures, pour tous les vols non couverts par a) et b)<\/span>\n                    <\/li>\n<\/ol>\n<p>\n                    <span style=\"font-weight: normal; font-family: Rubik;\">L&rsquo;indemnit\u00e9 est vers\u00e9e en esp\u00e8ces par virement bancaire \u00e9lectronique, cautions, ch\u00e8ques bancaires ou, sous r\u00e9serve d&rsquo;accord sign\u00e9 par le passager, avec des bons de voyage et\/ou d&rsquo;autres prestations.<\/span>\n                  <\/p>\n<p>\n                    <span style=\"font-family: Rubik; font-weight: normal;\"><br \/>\n                      <b>Droit \u00e0 l&rsquo;assistance<\/b><br \/>\n                    <\/span>\n                  <\/p>\n<p>\n                    <span style=\"font-weight: normal; font-family: Rubik;\">Le passager a le droit : <\/span>\n                  <\/p>\n<ul>\n<li>\n                      <span style=\"font-family: Rubik; font-weight: normal;\">aux repas et boissons en relation raisonnable avec le temps d&rsquo;attente, l&rsquo;h\u00e9bergement \u00e0 l&rsquo;h\u00f4tel et le transport entre l&rsquo;a\u00e9roport et le lieu d&rsquo;h\u00e9bergement si une ou plusieurs nuit\u00e9es sont n\u00e9cessaires (lorsque le nouveau vol est report\u00e9 d&rsquo;au moins un jour par rapport \u00e0 l&rsquo;heure de d\u00e9part pr\u00e9vue du vol annul\u00e9)<\/span>\n                    <\/li>\n<li>\n                      <span style=\"font-weight: normal; font-family: Rubik;\">passer gratuitement deux appels t\u00e9l\u00e9phoniques ou messages par t\u00e9lex, fax ou e-mail<\/span>\n                    <\/li>\n<li>\n                      <span style=\"font-weight: normal; font-family: Rubik;\">Le transporteur doit porter une attention particuli\u00e8re aux besoins des personnes \u00e0 mobilit\u00e9 r\u00e9duite et de leurs accompagnants, ainsi qu&rsquo;aux besoins des enfants non accompagn\u00e9s.<\/span>\n                    <\/li>\n<\/ul>\n<p>\n                    <span style=\"font-family: Rubik; font-weight: normal;\"><br \/>\n                      <b>Droit de remboursement ou de red\u00e9marrage<\/b><br \/>\n                    <\/span>\n                  <\/p>\n<p>\n                    <span style=\"font-family: Rubik; font-weight: normal;\">Ceux qui ont \u00e9t\u00e9 refus\u00e9s \u00e0 l&#8217;embarquement, ou des volontaires pour eux, s<b>e voit offrir le choix par le transporteur a\u00e9rien effectif entre :<\/b> <\/span>\n                  <\/p>\n<ol>\n<li style=\"font-weight: 400;\" aria-level=\"1\">\n                      <span style=\"font-family: Rubik; font-weight: normal;\"><b> <\/b>remboursement dans les sept jours suivant le prix total du billet, au m\u00eame prix auquel il a \u00e9t\u00e9 achet\u00e9, pour les parties de voyage non effectu\u00e9es ou les parties de voyage d\u00e9j\u00e0 effectu\u00e9es si le vol en question est devenu inutile par rapport au programme de voyage initial du passager , et , le cas \u00e9ch\u00e9ant, \u00e0 un vol retour au point de d\u00e9part initial, dans les meilleurs d\u00e9lais. <\/span>\n                    <\/li>\n<li style=\"font-weight: 400;\" aria-level=\"1\">\n                      <span style=\"font-weight: normal; font-family: Rubik;\">r\u00e9acheminement vers la destination finale dans des conditions de transport comparables, dans les meilleurs d\u00e9lais ou \u00e0 une date ult\u00e9rieure de votre choix, en fonction des places disponibles.<\/span>\n                    <\/li>\n<\/ol>\n<p>\n                    <span style=\"font-weight: normal; font-family: Rubik;\">Si le transporteur a\u00e9rien effectif propose l&#8217;embarquement sur un vol vers un a\u00e9roport de destination autre que celui r\u00e9serv\u00e9 mais voisin, les frais de transfert de l&rsquo;a\u00e9roport d&rsquo;arriv\u00e9e \u00e0 l&rsquo;a\u00e9roport pour lequel la r\u00e9servation a \u00e9t\u00e9 effectu\u00e9e ou vers une autre destination \u00e0 proximit\u00e9, convenue avec le passager, rel\u00e8vent de la responsabilit\u00e9 du transporteur a\u00e9rien exploitant.<\/span>\n                  <\/p>\n<p>\n                    <b>Obligation d&rsquo;informer les passagers de leurs droits<\/b>\n                  <\/p>\n<p>\n                    <span style=\"font-weight: 400;\">Le transporteur a\u00e9rien effectif veille \u00e0 ce qu&rsquo;un avis soit affich\u00e9 au comptoir d&rsquo;enregistrement de mani\u00e8re clairement visible et lisible pour les passagers contenant le texte : \u00ab En cas de refus d&#8217;embarquement ou de vol annul\u00e9 ou retard\u00e9 d&rsquo;au moins deux heures, contactez le en guichet pour obtenir le texte qui \u00e9num\u00e8re les droits du passager, notamment en mati\u00e8re d&rsquo;indemnisation et d&rsquo;assistance financi\u00e8re. \u00bb<\/span>\n                  <\/p>\n<p>\n                    <span style=\"font-weight: 400;\">S&rsquo;il refuse l&#8217;embarquement ou annule un vol, le transporteur a\u00e9rien effectif remet \u00e0 chaque passager concern\u00e9 une notification \u00e9crite contenant les r\u00e8gles d&rsquo;indemnisation et d&rsquo;assistance conform\u00e9ment \u00e0 <\/span><br \/>\n                    <a href=\"https:\/\/www.enac.gov.it\/sites\/default\/files\/allegati\/2019-Feb\/Reg_261_2004.pdf\" target=\"_blank\" rel=\"noopener\"><br \/>\n                      <b>R\u00e8glement CE n. 261\/2004<\/b><br \/>\n                    <\/a><br \/>\n                    <span style=\"font-weight: 400;\">. Un avis similaire est pr\u00e9sent\u00e9 aux passagers dont le vol est retard\u00e9 d&rsquo;au moins deux heures. Les passagers re\u00e7oivent \u00e9galement par \u00e9crit les informations dont ils ont besoin pour contacter l&rsquo;organisme national d\u00e9sign\u00e9 (voir.<\/span>\n                  <\/p>\n<p>\n                    <span style=\"font-weight: 400;\">En ce qui concerne les aveugles ou malvoyants, les dispositions s&rsquo;appliquent en recourant \u00e0 des moyens alternatifs appropri\u00e9s.<\/span>\n                  <\/p>\n<p>\n                    <b>ANNULATION DU VOL<\/b>\n                  <\/p>\n<p>\n                    <span style=\"font-weight: 400;\">En cas d&rsquo;annulation de vol, les passagers concern\u00e9s se voient offrir le droit au remboursement ou au red\u00e9marrage par le transporteur a\u00e9rien exploitant (voir paragraphe sur <\/span><br \/>\n                    <b>Droit de remboursement ou de red\u00e9marrage<\/b><br \/>\n                    <span style=\"font-weight: 400;\">) le droit \u00e0 l&rsquo;assistance (voir paragraphe <\/span><br \/>\n                    <b>Droit \u00e0 l&rsquo;assistance<\/b><br \/>\n                    <span style=\"font-weight: 400;\">) et la compensation p\u00e9cuniaire est due (voir paragraphe ci-dessus <\/span><br \/>\n                    <b>Compensation financi\u00e8re<\/b><br \/>\n                    <span style=\"font-weight: 400;\">) sauf si:<\/span>\n                  <\/p>\n<ol>\n<li style=\"font-weight: 400;\" aria-level=\"1\">\n                      <span style=\"font-weight: normal; font-family: Rubik;\">avoir \u00e9t\u00e9 inform\u00e9 de l&rsquo;annulation du vol au moins deux semaines avant l&rsquo;heure de d\u00e9part pr\u00e9vue<\/span>\n                    <\/li>\n<li style=\"font-weight: 400;\" aria-level=\"1\">\n                      <span style=\"font-weight: normal; font-family: Rubik;\">ont \u00e9t\u00e9 inform\u00e9s entre deux semaines et sept jours avant l&rsquo;heure de d\u00e9part pr\u00e9vue et se sont vu proposer de partir sur un autre vol pas plus de deux heures avant l&rsquo;heure de d\u00e9part pr\u00e9vue et d&rsquo;atteindre leur destination finale moins de quatre heures apr\u00e8s l&rsquo;heure d&rsquo;arriv\u00e9e pr\u00e9vue<\/span>\n                    <\/li>\n<li style=\"font-weight: 400;\" aria-level=\"1\">\n                      <span style=\"font-weight: normal; font-family: Rubik;\">ont \u00e9t\u00e9 inform\u00e9s de l&rsquo;annulation du vol moins de sept jours avant l&rsquo;heure de d\u00e9part pr\u00e9vue et se sont vu proposer de partir sur un autre vol au plus tard une heure avant l&rsquo;heure de d\u00e9part pr\u00e9vue et d&rsquo;atteindre leur destination finale moins de deux heures apr\u00e8s l&rsquo;arriv\u00e9e pr\u00e9vue temps<\/span>\n                    <\/li>\n<li style=\"font-weight: 400;\" aria-level=\"1\">\n                      <span style=\"font-weight: normal; font-family: Rubik;\">l&rsquo;annulation du vol est due \u00e0 des circonstances exceptionnelles qui n&rsquo;auraient pas pu \u00eatre \u00e9vit\u00e9es m\u00eame si les mesures n\u00e9cessaires avaient \u00e9t\u00e9 prises. De telles circonstances peuvent notamment survenir en cas d&rsquo;instabilit\u00e9 politique, de conditions m\u00e9t\u00e9orologiques incompatibles avec la r\u00e9alisation du vol du point de vue de la s\u00e9curit\u00e9, de pannes brutales du vol du point de vue de la s\u00e9curit\u00e9 et de gr\u00e8ves affectant l&rsquo;activit\u00e9 d&rsquo;un transporteur a\u00e9rien. <\/span>\n                    <\/li>\n<\/ol>\n<p>\n                    <span style=\"font-weight: 400;\">La charge de la preuve quant \u00e0 savoir si et quand le passager a \u00e9t\u00e9 inform\u00e9 de l&rsquo;annulation du vol incombe au transporteur a\u00e9rien exploitant. <\/span>\n                  <\/p>\n<p>\n                    <span style=\"font-weight: 400;\">Le transporteur a\u00e9rien effectif doit \u00e9galement informer de toute alternative de transport possible.<\/span>\n                  <\/p>\n<p>\n                    <b>RETARD<\/b>\n                  <\/p>\n<p><span style=\"font-weight: 400;\">Il est fourni<\/span><b> assistance<\/b><span style=\"font-weight: 400;\"> (voir paragraphe<\/span><b> Droit \u00e0 l&rsquo;assistance<\/b><span style=\"font-weight: 400;\"> ) par le transporteur a\u00e9rien effectif si le vol est retard\u00e9&nbsp;:<\/span><\/p>\n<ol>\n<li style=\"font-weight: 400;\" aria-level=\"1\">\n                      <span style=\"font-weight: normal; font-family: Rubik;\">de deux heures ou plus pour tous les vols \u00e9gaux ou inf\u00e9rieurs \u00e0 1500 km<\/span>\n                    <\/li>\n<li style=\"font-weight: 400;\" aria-level=\"1\">\n                      <span style=\"font-weight: normal; font-family: Rubik;\">de trois heures ou plus pour tous les vols intracommunautaires de plus de 1500 km et pour tous les autres vols entre 1500 et 3500 km<\/span>\n                    <\/li>\n<li style=\"font-weight: 400;\" aria-level=\"1\">\n                      <span style=\"font-weight: normal; font-family: Rubik;\">de quatre heures ou plus pour tous les autres vols non couverts par les cas a) et b)<\/span>\n                    <\/li>\n<\/ol>\n<p>\n                    <span style=\"font-weight: 400;\">Lorsque le vol est retard\u00e9 d&rsquo;au moins cinq heures, le passager a droit <\/span><br \/>\n                    <span style=\"font-weight: 400;\">remboursement dans les sept jours suivant le prix total du billet, au m\u00eame prix auquel il a \u00e9t\u00e9 achet\u00e9, pour les parties du voyage non effectu\u00e9es ou les parties du voyage d\u00e9j\u00e0 effectu\u00e9es si le vol en question est devenu inutile par rapport au voyage initial du passager programme et, si n\u00e9cessaire, un vol retour au point de d\u00e9part initial dans les plus brefs d\u00e9lais.<\/span>\n                  <\/p>\n<p>\n                    <b>H\u00c9BERGEMENT DE CLASSE INF\u00c9RIEURE<\/b>\n                  <\/p>\n<p>\n                    <span style=\"font-weight: 400;\">Si un transporteur a\u00e9rien effectif place un passager dans une classe inf\u00e9rieure \u00e0 celle correspondant au billet d&rsquo;avion achet\u00e9, il remboursera dans les sept jours <\/span>\n                  <\/p>\n<ol>\n<li style=\"font-weight: 400;\" aria-level=\"1\">\n                      <span style=\"font-weight: normal; font-family: Rubik;\">30% du prix du billet pour tous les vols \u00e9gaux ou inf\u00e9rieurs \u00e0 1500 km<\/span>\n                    <\/li>\n<li style=\"font-weight: 400;\" aria-level=\"1\">\n                      <span style=\"font-family: Rubik; font-weight: normal;\">50 % du prix du billet pour pour tous les vols intracommunautaires de plus de 1500 km, hors liaisons entre le territoire europ\u00e9en des \u00c9tats membres et les d\u00e9partements fran\u00e7ais d&rsquo;outre-mer, et pour tous les autres vols entre 1500 et 3500 km<\/span>\n                    <\/li>\n<li style=\"font-weight: 400;\" aria-level=\"1\">\n                      <span style=\"font-family: Rubik; font-weight: normal;\">75% du prix pour tous les autres vols qui ne sont pas inclus dans les cas a) et b) y compris les liaisons entre le territoire europ\u00e9en des \u00c9tats membres et les d\u00e9partements fran\u00e7ais d&rsquo;outre-mer.<\/span>\n                    <\/li>\n<\/ol>\n<p>\n                    <b>PERSONNES \u00c0 MOBILIT\u00c9 R\u00c9DUITE OU \u00c0 BESOINS PARTICULIERS<\/b>\n                  <\/p>\n<p>\n                    <span style=\"font-weight: 400;\">En cas de refus d&#8217;embarquement, d&rsquo;annulation de vol et de retard de toute dur\u00e9e, les personnes \u00e0 mobilit\u00e9 r\u00e9duite et leurs accompagnants ainsi que les enfants non accompagn\u00e9s ont droit \u00e0 une assistance dans les plus brefs d\u00e9lais.<\/span>\n                  <\/p>\n<p>\n                    <b>SOUMISSION DE PLAINTES AUX ORGANES NATIONAUX D&rsquo;EXECUTION ET AUX ORGANES DE PROTECTION DES CONSOMMATEURS ET ADR<\/b><br \/>\n                    <span style=\"font-weight: 400;\"> <\/span>\n                  <\/p>\n<p>\n                    <span style=\"font-family: Rubik; font-weight: normal;\">Afin de garantir que les proc\u00e9dures de plainte sont trait\u00e9es efficacement et de fournir aux transporteurs a\u00e9riens et aux autres entreprises potentiellement concern\u00e9es un environnement juridique s\u00fbr, la Commission recommande que les passagers soient invit\u00e9s \u00e0 d\u00e9poser des plaintes aupr\u00e8s de l&rsquo;organisme national d&rsquo;application comp\u00e9tent du pays o\u00f9 le probl\u00e8me est survenu. , dans un d\u00e9lai raisonnable, s&rsquo;ils estiment qu&rsquo;un transporteur a\u00e9rien a viol\u00e9 leurs droits. Les plaintes des passagers soumises \u00e0 un organisme national d&rsquo;application ne devraient \u00eatre soumises qu&rsquo;apr\u00e8s qu&rsquo;une plainte a \u00e9t\u00e9 d\u00e9pos\u00e9e aupr\u00e8s du transporteur a\u00e9rien et a re\u00e7u une r\u00e9ponse insatisfaisante ou en l&rsquo;absence de r\u00e9ponse de la part du transporteur a\u00e9rien. La Commission recommande que le transporteur a\u00e9rien fournisse une r\u00e9ponse dans un d\u00e9lai de deux mois et qu&rsquo;aucune restriction ne soit impos\u00e9e \u00e0 l&rsquo;utilisation de l&rsquo;une des langues officielles de l&rsquo;UE. Toutefois, \u00e9tant donn\u00e9 que les organismes nationaux charg\u00e9s de l&rsquo;application ne sont pas tenus de prendre des mesures coercitives \u00e0 l&rsquo;encontre des transporteurs a\u00e9riens pour les contraindre \u00e0 payer une indemnisation en vertu du r\u00e8glement, leur r\u00f4le est de fournir une r\u00e9ponse \u00e9clair\u00e9e aux plaignants, conform\u00e9ment aux principes de bonne administration, afin que les passagers soient inform\u00e9s des possibilit\u00e9s de r\u00e9paration ou d&rsquo;autres mesures qu&rsquo;ils peuvent prendre s&rsquo;ils ne sont pas d&rsquo;accord avec l&rsquo;\u00e9valuation de leur cas. Les passagers ont le droit de d\u00e9cider d&rsquo;\u00eatre repr\u00e9sent\u00e9s par une autre personne ou un autre organisme. En plus des plaintes au titre du r\u00e8glement, si le transporteur est \u00e9tabli dans l&rsquo;UE et participe au r\u00e9gime ADR, les passagers r\u00e9sidant dans l&rsquo;UE peuvent soumettre des diff\u00e9rends contractuels avec des transporteurs a\u00e9riens \u00e9tablis dans l&rsquo;UE \u00e0 des organes alternatifs de r\u00e8glement des diff\u00e9rends (ADR) \u00e9tablis en vertu du Directive ADR. Si le billet a \u00e9t\u00e9 achet\u00e9 en ligne, les passagers peuvent \u00e9galement soumettre ces litiges sur la plate-forme de r\u00e8glement des litiges en ligne (ODR), \u00e9tablie en vertu du r\u00e8glement ODR, accessible via le lien suivant:<a href=\"http:\/\/ec.europa.eu\/\" target=\"_blank\" rel=\"noopener\"> http:\/\/ec.europa.eu\/odr<\/a> . Dans les cas o\u00f9 les transporteurs a\u00e9riens ne sont pas tenus en vertu du droit national de participer aux proc\u00e9dures devant les entit\u00e9s de REL, il est souhaitable qu&rsquo;ils s&rsquo;engagent volontairement \u00e0 participer aux proc\u00e9dures les concernant et \u00e0 en informer leurs clients. <\/span>\n                  <\/p>\n<p>                [\/et_pb_text]<br \/>\n                [et_pb_button button_text=\u00a0\u00bbNUMERI UTILI\u00a0\u00bb _builder_version=\u00a0\u00bb4.14.3&Prime; _module_preset=\u00a0\u00bbdefault\u00a0\u00bb button_url=\u00a0\u00bbcuneoairport.com\/numeri-utili\/\u00a0\u00bb hover_enabled=\u00a0\u00bb0&Prime; sticky_enabled=\u00a0\u00bb0&Prime; custom_margin=\u00a0\u00bb46px|||||\u00a0\u00bb][\/et_pb_button]<br \/>\n              [\/et_pb_column]<br \/>\n            [\/et_pb_row]<br \/>\n          [\/et_pb_section]<\/p>\n","protected":false},"excerpt":{"rendered":"<p>que faire en cas de Surr\u00e9servation, annulations, retards et autres r\u00e9clamations Les R\u00e8glement CE n. 261\/2004 est le r\u00e8glement qui r\u00e9git toutes les r\u00e8gles prot\u00e9geant le voyageur en cas de Refus d&#8217;embarquement dans un avion pour \u00ab\u00a0surr\u00e9servation\u00a0\u00bb ou surr\u00e9servation (r\u00e9servations exc\u00e9dentaires par rapport aux places disponibles dans l&rsquo;avion), annulation tu d\u00e9testes retard de vol prolong\u00e9 [&hellip;]<\/p>\n","protected":false},"author":3,"featured_media":0,"parent":0,"menu_order":0,"comment_status":"closed","ping_status":"closed","template":"","meta":{"_acf_changed":false,"_et_pb_use_builder":"on","_et_pb_old_content":"","_et_gb_content_width":"","footnotes":""},"class_list":["post-4089","page","type-page","status-publish","hentry"],"acf":[],"_links":{"self":[{"href":"https:\/\/cuneoairport.com\/fr\/wp-json\/wp\/v2\/pages\/4089","targetHints":{"allow":["GET"]}}],"collection":[{"href":"https:\/\/cuneoairport.com\/fr\/wp-json\/wp\/v2\/pages"}],"about":[{"href":"https:\/\/cuneoairport.com\/fr\/wp-json\/wp\/v2\/types\/page"}],"author":[{"embeddable":true,"href":"https:\/\/cuneoairport.com\/fr\/wp-json\/wp\/v2\/users\/3"}],"replies":[{"embeddable":true,"href":"https:\/\/cuneoairport.com\/fr\/wp-json\/wp\/v2\/comments?post=4089"}],"version-history":[{"count":1,"href":"https:\/\/cuneoairport.com\/fr\/wp-json\/wp\/v2\/pages\/4089\/revisions"}],"predecessor-version":[{"id":15433,"href":"https:\/\/cuneoairport.com\/fr\/wp-json\/wp\/v2\/pages\/4089\/revisions\/15433"}],"wp:attachment":[{"href":"https:\/\/cuneoairport.com\/fr\/wp-json\/wp\/v2\/media?parent=4089"}],"curies":[{"name":"wp","href":"https:\/\/api.w.org\/{rel}","templated":true}]}}