{"id":4003,"date":"2021-08-30T16:09:48","date_gmt":"2021-08-30T14:09:48","guid":{"rendered":"https:\/\/cuneoairport.com\/nuovosito\/transport\/"},"modified":"2025-08-22T15:00:39","modified_gmt":"2025-08-22T13:00:39","slug":"transport","status":"publish","type":"page","link":"https:\/\/cuneoairport.com\/fr\/transport\/","title":{"rendered":"Transport"},"content":{"rendered":"<p>[et_pb_section fb_built=\u00a0\u00bb1&Prime; _builder_version=\u00a0\u00bb4.16&Prime; _module_preset=\u00a0\u00bbdefault\u00a0\u00bb custom_padding=\u00a0\u00bb3px||6px|||\u00a0\u00bb global_colors_info=\u00a0\u00bb{}\u00a0\u00bb][et_pb_row _builder_version=\u00a0\u00bb4.16&Prime; _module_preset=\u00a0\u00bbdefault\u00a0\u00bb width=\u00a0\u00bb90%\u00a0\u00bb global_colors_info=\u00a0\u00bb{}\u00a0\u00bb][et_pb_column type=\u00a0\u00bb4_4&Prime; _builder_version=\u00a0\u00bb4.16&Prime; _module_preset=\u00a0\u00bbdefault\u00a0\u00bb global_colors_info=\u00a0\u00bb{}\u00a0\u00bb][et_pb_image src=\u00a0\u00bbhttps:\/\/cuneoairport.com\/wp-content\/uploads\/2022\/08\/Trasporti.webp\u00a0\u00bb title_text=\u00a0\u00bbTrasporti\u00a0\u00bb align=\u00a0\u00bbcenter\u00a0\u00bb force_fullwidth=\u00a0\u00bbon\u00a0\u00bb _builder_version=\u00a0\u00bb4.16&Prime; _module_preset=\u00a0\u00bbdefault\u00a0\u00bb border_radii=\u00a0\u00bbon|6px|6px|6px|6px\u00a0\u00bb global_colors_info=\u00a0\u00bb{}\u00a0\u00bb][\/et_pb_image][et_pb_text _builder_version=\u00a0\u00bb4.16&Prime; _module_preset=\u00a0\u00bbdefault\u00a0\u00bb header_2_font=\u00a0\u00bbArchivo|||on|||||\u00a0\u00bb header_2_font_size=\u00a0\u00bb13px\u00a0\u00bb header_2_letter_spacing=\u00a0\u00bb10px\u00a0\u00bb custom_margin=\u00a0\u00bb2px||5px|||\u00a0\u00bb custom_margin_tablet=\u00a0\u00bb\u00a0\u00bb custom_margin_phone=\u00a0\u00bb0px||5px||false|false\u00a0\u00bb custom_margin_last_edited=\u00a0\u00bbon|phone\u00a0\u00bb global_colors_info=\u00a0\u00bb{}\u00a0\u00bb]                  <\/p>\n<h2>Comment se rendre \u00e0 l&rsquo;a\u00e9roport<\/h2>\n<p>[\/et_pb_text][et_pb_text _builder_version=\u00a0\u00bb4.16&Prime; _module_preset=\u00a0\u00bbdefault\u00a0\u00bb header_font=\u00a0\u00bbAbel||||||||\u00a0\u00bb header_text_color=\u00a0\u00bb#3b444f\u00a0\u00bb header_2_font=\u00a0\u00bbPoppins|800|||||||\u00a0\u00bb header_2_text_align=\u00a0\u00bbleft\u00a0\u00bb header_2_text_color=\u00a0\u00bb#173eb2&Prime; header_2_font_size=\u00a0\u00bb37px\u00a0\u00bb custom_margin=\u00a0\u00bb||10px||false|false\u00a0\u00bb custom_padding=\u00a0\u00bb||0px|||\u00a0\u00bb global_colors_info=\u00a0\u00bb{}\u00a0\u00bb]                  <\/p>\n<h2>Transport<\/h2>\n<p>[\/et_pb_text][\/et_pb_column][\/et_pb_row][\/et_pb_section][et_pb_section fb_built=\u00a0\u00bb1&Prime; _builder_version=\u00a0\u00bb4.16&Prime; _module_preset=\u00a0\u00bbdefault\u00a0\u00bb custom_margin=\u00a0\u00bb-79px||||false|false\u00a0\u00bb custom_padding=\u00a0\u00bb15px||4px||false|false\u00a0\u00bb custom_padding_tablet=\u00a0\u00bb15px||46px||false|false\u00a0\u00bb global_colors_info=\u00a0\u00bb{}\u00a0\u00bb][et_pb_row column_structure=\u00a0\u00bb3_5,2_5&Prime; use_custom_gutter=\u00a0\u00bbon\u00a0\u00bb gutter_width=\u00a0\u00bb2&Prime; _builder_version=\u00a0\u00bb4.16&Prime; _module_preset=\u00a0\u00bbdefault\u00a0\u00bb width=\u00a0\u00bb90%\u00a0\u00bb min_height=\u00a0\u00bb1882.7px\u00a0\u00bb custom_margin=\u00a0\u00bb2px|auto|0px|auto|false|false\u00a0\u00bb custom_padding=\u00a0\u00bb0px||0px||false|false\u00a0\u00bb global_colors_info=\u00a0\u00bb{}\u00a0\u00bb][et_pb_column type=\u00a0\u00bb3_5&Prime; _builder_version=\u00a0\u00bb4.16&Prime; _module_preset=\u00a0\u00bbdefault\u00a0\u00bb global_colors_info=\u00a0\u00bb{}\u00a0\u00bb][et_pb_text _builder_version=\u00a0\u00bb4.16&Prime; _module_preset=\u00a0\u00bbdefault\u00a0\u00bb header_font=\u00a0\u00bbAbel||||||||\u00a0\u00bb header_text_color=\u00a0\u00bb#3b444f\u00a0\u00bb header_2_font=\u00a0\u00bbPoppins|800|||||||\u00a0\u00bb header_2_text_align=\u00a0\u00bbleft\u00a0\u00bb header_2_text_color=\u00a0\u00bb#173eb2&Prime; header_2_font_size=\u00a0\u00bb37px\u00a0\u00bb min_height=\u00a0\u00bb18.7px\u00a0\u00bb custom_margin=\u00a0\u00bb-2px||10px||false|false\u00a0\u00bb custom_padding=\u00a0\u00bb5px||0px|||\u00a0\u00bb global_colors_info=\u00a0\u00bb{}\u00a0\u00bb]                  <\/p>\n<h2>Autobus<\/h2>\n<p>[\/et_pb_text][et_pb_accordion closed_toggle_text_color=\u00a0\u00bb#173eb2&Prime; icon_color=\u00a0\u00bb#173eb2&Prime; use_icon_font_size=\u00a0\u00bbon\u00a0\u00bb icon_font_size=\u00a0\u00bb19px\u00a0\u00bb _builder_version=\u00a0\u00bb4.27.2&Prime; _module_preset=\u00a0\u00bbdefault\u00a0\u00bb min_height=\u00a0\u00bb486.8px\u00a0\u00bb global_colors_info=\u00a0\u00bb{}\u00a0\u00bb][et_pb_accordion_item title=\u00a0\u00bbHANDICAP DE MARCHE\u00a0\u00bb open=\u00a0\u00bbon\u00a0\u00bb open_toggle_text_color=\u00a0\u00bb#173eb2&Prime; open_toggle_background_color=\u00a0\u00bbRGBA(0,0,0,0)\u00a0\u00bb closed_toggle_background_color=\u00a0\u00bbRGBA(0,0,0,0)\u00a0\u00bb _builder_version=\u00a0\u00bb4.16&Prime; _module_preset=\u00a0\u00bbdefault\u00a0\u00bb body_font=\u00a0\u00bbRubik|300|||||||\u00a0\u00bb body_text_color=\u00a0\u00bb#000000&Prime; body_font_size=\u00a0\u00bb16px\u00a0\u00bb border_radii=\u00a0\u00bbon|6px|6px|6px|6px\u00a0\u00bb border_color_all=\u00a0\u00bb#173eb2&Prime; inline_fonts=\u00a0\u00bbRoboto,Rubik\u00a0\u00bb global_colors_info=\u00a0\u00bb{}\u00a0\u00bb toggle_font=\u00a0\u00bbPoppins|700|||||||\u00a0\u00bb toggle_font_size=\u00a0\u00bb18px\u00a0\u00bb closed_toggle_font=\u00a0\u00bbPoppins|700|||||||\u00a0\u00bb closed_toggle_font_size=\u00a0\u00bb18px\u00a0\u00bb]<\/p>\n<div class=\"fusion-title title fusion-title-3 fusion-sep-none fusion-title-center fusion-title-text fusion-title-size-one\"><img loading=\"lazy\" decoding=\"async\" src=\"https:\/\/cuneoairport.com\/wp-content\/uploads\/2022\/10\/ShuttleMANO01-1024x538.webp\" width=\"306\" height=\"161\" alt=\"\" class=\"wp-image-14180 alignright size-large\"><\/div>\n<div class=\"fusion-title title fusion-title-4 fusion-sep-none fusion-title-center fusion-title-text fusion-title-size-two\">\n<p style=\"font-size: 16px; background-color: #ffffff;\"><span style=\"font-size: 16px; color: #173eb2;\"><span style=\"font-size: 16px; font-weight: bold;\">ARR\u00caTS<\/span><\/span><span style=\"font-size: 16px;\"><span class=\"fusion-contact-info-email-address\" style=\"font-size: 16px;\"><\/span><\/span><\/p>\n<h6 style=\"font-size: 16px; background-color: #ffffff;\"><strong><span style=\"font-family: Rubik;\"><span style=\"font-size: small;\">AEROPORT CUNEO  <\/span><\/span><\/strong><br \/><strong><span style=\"font-family: Rubik;\"><span style=\"font-size: small;\">SAVIGLIANO FS<\/span><\/span><\/strong><br \/><strong><span style=\"font-size: small; font-family: Rubik;\">TORINO LINGOTTO FS<\/span><\/strong><br \/><strong><span style=\"font-size: small; font-family: Rubik;\">PIAZZA CARDUCCI (\u00c0)<\/span><\/strong><br \/><strong><span style=\"font-size: small; font-family: Rubik;\">PORTA PALAZZO (VERS)<\/span><\/strong><\/h6>\n<p><span><\/span><\/p>\n<p><span>R\u00e9servations sur <a href=\"https:\/\/www.shuttlemano.it\/\" target=\"_blank\" rel=\"noopener\">www.shuttlemano.it<\/a><\/span><\/p>\n<p><span><span class=\"fusion-contact-info-phone-number\">Appelez-nous !  <\/span><\/span>0172 75 14 26<\/p>\n<p><span><span class=\"fusion-contact-info-phone-number\">Aussi Whatsapp 347 78 55 545  <\/span><\/span><\/p>\n<p><span><span class=\"fusion-contact-info-email-address\"><a href=\"mailto:info@shuttlemano.it\">info@shuttlemano.it<\/a><\/span><\/span><\/p>\n<p><span><span class=\"fusion-contact-info-email-address\"><\/span><\/span><\/p>\n<\/div>\n<p>[\/et_pb_accordion_item][\/et_pb_accordion][et_pb_text _builder_version=\u00a0\u00bb4.27.2&Prime; _module_preset=\u00a0\u00bbdefault\u00a0\u00bb header_font=\u00a0\u00bbAbel||||||||\u00a0\u00bb header_text_color=\u00a0\u00bb#3b444f\u00a0\u00bb header_2_font=\u00a0\u00bbPoppins|800|||||||\u00a0\u00bb header_2_text_align=\u00a0\u00bbleft\u00a0\u00bb header_2_text_color=\u00a0\u00bb#173eb2&Prime; header_2_font_size=\u00a0\u00bb37px\u00a0\u00bb custom_margin=\u00a0\u00bb44px||10px||false|false\u00a0\u00bb custom_padding=\u00a0\u00bb0px|||||\u00a0\u00bb global_colors_info=\u00a0\u00bb{}\u00a0\u00bb]<\/p>\n<h2>Taxi<\/h2>\n<p>[\/et_pb_text][et_pb_text _builder_version=\u00a0\u00bb4.27.2&Prime; _module_preset=\u00a0\u00bbdefault\u00a0\u00bb header_font=\u00a0\u00bbAbel||||||||\u00a0\u00bb header_text_color=\u00a0\u00bb#3b444f\u00a0\u00bb header_2_font=\u00a0\u00bbPoppins|800|||||||\u00a0\u00bb header_2_text_align=\u00a0\u00bbleft\u00a0\u00bb header_2_text_color=\u00a0\u00bb#173eb2&Prime; header_2_font_size=\u00a0\u00bb37px\u00a0\u00bb custom_margin=\u00a0\u00bb12px||10px||false|false\u00a0\u00bb custom_padding=\u00a0\u00bb0px|||||\u00a0\u00bb hover_enabled=\u00a0\u00bb0&Prime; global_colors_info=\u00a0\u00bb{}\u00a0\u00bb sticky_enabled=\u00a0\u00bb0&Prime;]<\/p>\n<h4><span style=\"color: #173eb2;\"><strong><span style=\"font-size: xx-large;\">CUNEO<\/span><\/strong><\/span><\/h4>\n<p>&nbsp;<\/p>\n<h4><span style=\"font-size: large;\"><strong><br \/><span style=\"color: #173eb2;\"><span style=\"font-size: large;\">0171 692113<\/span> <\/span><br \/><\/strong><em>num\u00e9ro unique<\/em><\/span><\/h4>\n<p>&nbsp;<\/p>\n<h4><span style=\"font-size: xx-large; color: #173eb2;\"><b>SAVIGLIANO<\/b><\/span><\/h4>\n<ul>\n<li><b style=\"font-size: large; font-family: rubik;\">LUCIANO ALBINO\/NCC AUTORIS\u00c9<\/b><\/li>\n<\/ul>\n<p><span style=\"font-size: large;\"><strong><a href=\"tel:+393358037548\"> + 39 335 80 37 548<\/a><\/strong><\/span><\/p>\n<p><span style=\"font-size: medium; color: #000000;\"><a style=\"color: #000000;\" href=\"mailto:autotaxiluciano@gmail.com\">autotaxiluciano@gmail.com<\/a><\/span><\/p>\n<ul>\n<li><b style=\"font-size: large; font-family: rubik;\">FRANCO MASSIMO\/NCC AUTORIS\u00c9<\/b><\/li>\n<\/ul>\n<p><span style=\"font-size: large;\"><strong><a href=\"tel:+393358037548\"> + 39 339 36 16 962<\/a><\/strong><\/span><\/p>\n<p><span style=\"font-size: medium; color: #000000;\"><a style=\"color: #000000;\" href=\"mailto:duemgautonoleggio@gmail.com\">duemgautonoleggio@gmail.com<\/a><\/span><\/p>\n<p><span style=\"font-size: medium;\"><a href=\"https:\/\/www.taxicuneo.com\/\" target=\"_blank\" rel=\"noopener\">www.taxicuneo.com<\/a><\/span><\/p>\n<ul>\n<li><span style=\"font-size: large;\"><b>GIANCARLO CONTERNO\/NCC AUTORIS\u00c9<\/b><\/span><\/li>\n<\/ul>\n<p><span style=\"color: #173eb2; font-size: large;\"><strong><a style=\"color: #173eb2;\" href=\"tel:+393755279648\">+39 337 243 444<\/a><\/strong><\/span><\/p>\n<ul>\n<li><span style=\"font-size: large;\"><b>MAURO TOMATIS\/NCC AUTORIS\u00c9<\/b><\/span><\/li>\n<\/ul>\n<p><span style=\"color: #173eb2; font-size: large;\"><strong><a style=\"color: #173eb2;\" href=\"tel:+393755279648\">+39 375 52 79 648<\/a><\/strong><\/span><\/p>\n<p><span style=\"color: #000000; font-size: large;\"><span style=\"font-weight: 400;\"><span style=\"font-size: medium; color: #000000;\"><a style=\"color: #000000;\" href=\"mailto:mtservizicn@gmail.com\">mtservizicn@gmail.com<\/a><\/span><\/span><\/span><\/p>\n<ul>\n<li><span style=\"font-size: large;\"><b>MICHELE ROSSA \/NCC AUTORIS\u00c9E<\/b><\/span><\/li>\n<\/ul>\n<p><span style=\"font-size: large;\"><strong><a href=\"tel:+393491801832\">+39 349 18 01 832<\/a><\/strong><\/span><\/p>\n<p><span style=\"font-weight: 400; font-size: medium;\"><span style=\"color: #000000;\"><a style=\"color: #000000;\" href=\"mailto:michelerossa82@gmail.com\">michelerossa82@gmail.com<\/a><\/span><\/span><\/p>\n<p><span style=\"font-weight: 400; font-size: medium;\"><a href=\"http:\/\/www.erremmeservice.it\/\">www.taxisaluzzo.com<\/a><\/span><\/p>\n<p><span style=\"font-weight: 400; color: #000000; font-size: medium;\">Possibilit\u00e9 de transport pour les personnes handicap\u00e9es<\/span><\/p>\n<p>&nbsp;<\/p>\n<p>[\/et_pb_text][\/et_pb_column][et_pb_column type=\u00a0\u00bb2_5&Prime; _builder_version=\u00a0\u00bb4.16&Prime; _module_preset=\u00a0\u00bbdefault\u00a0\u00bb custom_padding=\u00a0\u00bb|30px|||false|false\u00a0\u00bb border_width_right=\u00a0\u00bb1px\u00a0\u00bb border_color_right=\u00a0\u00bb#000000&Prime; border_style_right=\u00a0\u00bbdashed\u00a0\u00bb global_colors_info=\u00a0\u00bb{}\u00a0\u00bb][et_pb_text _builder_version=\u00a0\u00bb4.16&Prime; _module_preset=\u00a0\u00bbdefault\u00a0\u00bb header_font=\u00a0\u00bbAbel||||||||\u00a0\u00bb header_text_color=\u00a0\u00bb#3b444f\u00a0\u00bb header_2_font=\u00a0\u00bbPoppins|800|||||||\u00a0\u00bb header_2_text_align=\u00a0\u00bbleft\u00a0\u00bb header_2_text_color=\u00a0\u00bb#173eb2&Prime; header_2_font_size=\u00a0\u00bb37px\u00a0\u00bb min_height=\u00a0\u00bb28.7px\u00a0\u00bb custom_margin=\u00a0\u00bb-13px||10px||false|false\u00a0\u00bb global_colors_info=\u00a0\u00bb{}\u00a0\u00bb]                  <\/p>\n<h2>Location de voiture<\/h2>\n<p>[\/et_pb_text][et_pb_accordion closed_toggle_text_color=\u00a0\u00bb#173eb2&Prime; icon_color=\u00a0\u00bb#173eb2&Prime; use_icon_font_size=\u00a0\u00bbon\u00a0\u00bb icon_font_size=\u00a0\u00bb19px\u00a0\u00bb _builder_version=\u00a0\u00bb4.27.2&Prime; _module_preset=\u00a0\u00bbdefault\u00a0\u00bb global_colors_info=\u00a0\u00bb{}\u00a0\u00bb][et_pb_accordion_item title=\u00a0\u00bbIGS RENT\u00a0\u00bb open=\u00a0\u00bbon\u00a0\u00bb open_toggle_text_color=\u00a0\u00bb#173eb2&Prime; open_toggle_background_color=\u00a0\u00bbRGBA(0,0,0,0)\u00a0\u00bb closed_toggle_background_color=\u00a0\u00bbRGBA(0,0,0,0)\u00a0\u00bb _builder_version=\u00a0\u00bb4.16&Prime; _module_preset=\u00a0\u00bbdefault\u00a0\u00bb body_font=\u00a0\u00bbRubik|300|||||||\u00a0\u00bb body_text_color=\u00a0\u00bb#000000&Prime; body_font_size=\u00a0\u00bb16px\u00a0\u00bb border_radii=\u00a0\u00bbon|6px|6px|6px|6px\u00a0\u00bb border_color_all=\u00a0\u00bb#173eb2&Prime; global_colors_info=\u00a0\u00bb{}\u00a0\u00bb toggle_font=\u00a0\u00bbPoppins|700|||||||\u00a0\u00bb toggle_font_size=\u00a0\u00bb18px\u00a0\u00bb closed_toggle_font=\u00a0\u00bbPoppins|700|||||||\u00a0\u00bb closed_toggle_font_size=\u00a0\u00bb18px\u00a0\u00bb]<\/p>\n<p><strong>Vous \u00eates \u00e0 la recherche d&rsquo;une voiture \u00e0 prix imbattable \u00e0 r\u00e9cup\u00e9rer d\u00e8s votre descente d&rsquo;avion ?<\/strong><\/p>\n<p><span style=\"font-weight: 400;\">A partir d&rsquo;aujourd&rsquo;hui, \u00e0 la porte des arriv\u00e9es, vous trouverez la bo\u00eete de r\u00e9servation IGS Rent, avec le personnel d\u00e9di\u00e9 \u00e0 vous accueillir et \u00e0 vous livrer votre voiture de location.<\/span><\/p>\n<p><span style=\"font-weight: 400;\">Toutes les cat\u00e9gories, des petites voitures aux voitures d&rsquo;affaires, vous attendent dans l&rsquo;espace r\u00e9serv\u00e9. Parking gratuit et remise des cl\u00e9s 24h\/24.<\/span><\/p>\n<p><strong>R\u00e9servez directement depuis chez vous !<\/strong><\/p>\n<p><span style=\"font-weight: 400;\"><a href=\"tel:0119715920\"><\/a><a href=\"http:\/\/www.igsrent.com\/\" target=\"_blank\" rel=\"noopener\"><b>www.igsrent.com<\/b><\/a><a href=\"tel:0119715920\"><\/a><\/span><\/p>\n<p><span style=\"font-weight: 400;\"><a href=\"tel:0119715920\">011.971.59.20<\/a><\/span><\/p>\n<p><span style=\"font-weight: 400;\"><a href=\"mailto:info@igsrent.com\">info@igsrent.com<\/a><\/span><\/p>\n<p><span style=\"font-weight: 400;\"><img loading=\"lazy\" decoding=\"async\" src=\"https:\/\/cuneoairport.com\/wp-content\/uploads\/2022\/02\/Logo-IGS-NUOVO-300x102.png\" width=\"300\" height=\"102\" alt=\"\" class=\"wp-image-9531 alignnone size-medium\" srcset=\"https:\/\/cuneoairport.com\/wp-content\/uploads\/2022\/02\/Logo-IGS-NUOVO-300x102.png 300w, https:\/\/cuneoairport.com\/wp-content\/uploads\/2022\/02\/Logo-IGS-NUOVO.png 339w\" sizes=\"auto, (max-width: 300px) 100vw, 300px\" \/><\/span><\/p>\n<p>[\/et_pb_accordion_item][et_pb_accordion_item title=\u00a0\u00bbHERTZ\u00a0\u00bb open_toggle_text_color=\u00a0\u00bb#173eb2&Prime; open_toggle_background_color=\u00a0\u00bbRGBA(0,0,0,0)\u00a0\u00bb closed_toggle_background_color=\u00a0\u00bbRGBA(0,0,0,0)\u00a0\u00bb _builder_version=\u00a0\u00bb4.16&Prime; _module_preset=\u00a0\u00bbdefault\u00a0\u00bb body_font=\u00a0\u00bbRubik|300|||||||\u00a0\u00bb body_text_color=\u00a0\u00bb#000000&Prime; body_font_size=\u00a0\u00bb16px\u00a0\u00bb border_radii=\u00a0\u00bbon|6px|6px|6px|6px\u00a0\u00bb border_color_all=\u00a0\u00bb#173eb2&Prime; global_colors_info=\u00a0\u00bb{}\u00a0\u00bb toggle_font=\u00a0\u00bbPoppins|700|||||||\u00a0\u00bb toggle_font_size=\u00a0\u00bb18px\u00a0\u00bb closed_toggle_font=\u00a0\u00bbPoppins|700|||||||\u00a0\u00bb closed_toggle_font_size=\u00a0\u00bb18px\u00a0\u00bb open=\u00a0\u00bboff\u00a0\u00bb]<\/p>\n<p><strong>L&rsquo;exp\u00e9rience et la qualit\u00e9 de Hertz \u00e0 votre service \u00e0 l&rsquo;a\u00e9roport de Cuneo !<\/strong><\/p>\n<p>R\u00e9servez votre voiture avec Hertz directement \u00e0 l&rsquo;a\u00e9roport aux meilleurs prix.<\/p>\n<p>Choisissez votre voiture dans la gamme Hertz, de la plus petite voiture \u00e0 hayon aux voitures les plus \u00e9l\u00e9gantes, et poursuivez votre voyage !<\/p>\n<p>R\u00e9servez ici<a href=\"https:\/\/www.maratonaviaggi.it\/hertz\">: https:\/\/www.maratonaviaggi.it\/hertz<\/a><\/p>\n<p>Contact<\/p>\n<p><a href=\"mailto:hertz.cuneo@maratonaviaggi.it\">hertz.cuneo@maratonaviaggi.it<\/a><\/p>\n<p>0171 301752<\/p>\n<p>351 3926782<\/p>\n<p><img loading=\"lazy\" decoding=\"async\" class=\"wp-image-15753 size-medium alignright\" style=\"display: block; margin-left: auto; margin-right: auto;\" src=\"https:\/\/cuneoairport.com\/wp-content\/uploads\/2024\/03\/Hertz-Logo-CMYK-300x145.jpg\" alt=\"\" width=\"300\" height=\"145\"><\/p>\n<p>[\/et_pb_accordion_item][\/et_pb_accordion][et_pb_text _builder_version=\u00a0\u00bb4.16&Prime; _module_preset=\u00a0\u00bbdefault\u00a0\u00bb header_font=\u00a0\u00bbAbel||||||||\u00a0\u00bb header_text_color=\u00a0\u00bb#3b444f\u00a0\u00bb header_2_font=\u00a0\u00bbPoppins|800|||||||\u00a0\u00bb header_2_text_align=\u00a0\u00bbleft\u00a0\u00bb header_2_text_color=\u00a0\u00bb#173eb2&Prime; header_2_font_size=\u00a0\u00bb37px\u00a0\u00bb min_height=\u00a0\u00bb0px\u00a0\u00bb custom_margin=\u00a0\u00bb1px||10px||false|false\u00a0\u00bb custom_padding=\u00a0\u00bb17px||0px|||\u00a0\u00bb global_colors_info=\u00a0\u00bb{}\u00a0\u00bb]                  <\/p>\n<h2>Former<\/h2>\n<p>[\/et_pb_text][et_pb_image src=\u00a0\u00bbhttps:\/\/cuneoairport.com\/wp-content\/uploads\/2024\/09\/300X250-AG-Viagg-FR-REG-Completa-Ita.jpg\u00a0\u00bb alt=\u00a0\u00bbCONTACTEZ-NOUS AVEC TRENITALIA !\u00a0\u00bb title_text=\u00a0\u00bb728&#215;90-AG-Viagg-FR-REG-Completa-Ita\u00a0\u00bb url=\u00a0\u00bbhttps:\/\/www.lefrecce.it\/Channels.Website.WEB\/#\/white-label\/MINISITI\/?isRoundTrip=false&#038;departureStation=&#038;arrivalStation=&#038;lang=it&#038;minisitiCallBackId=55545&#038;minisitiHeaderImageIt=&#038;minisitiFooterImageIt=&#038;minisitiHeaderImageEn=&#038;minisitiFooterImageEn=&#038;minisitiHeaderImageDe=&#038;minisitiFooterImageDe=&#038;minisitiHeaderImageFr=&#038;minisitiFooterImageFr=\u00a0\u00bb url_new_window=\u00a0\u00bbon\u00a0\u00bb align=\u00a0\u00bbcenter\u00a0\u00bb src_tablet=\u00a0\u00bbhttps:\/\/cuneoairport.com\/wp-content\/uploads\/2024\/09\/728&#215;90-AG-Viagg-FR-REG-Completa-Ita.jpg\u00a0\u00bb src_phone=\u00a0\u00bbhttps:\/\/cuneoairport.com\/wp-content\/uploads\/2024\/09\/728&#215;90-AG-Viagg-FR-REG-Completa-Ita.jpg\u00a0\u00bb src_last_edited=\u00a0\u00bbon|phone\u00a0\u00bb _builder_version=\u00a0\u00bb4.16&Prime; _module_preset=\u00a0\u00bbdefault\u00a0\u00bb custom_margin=\u00a0\u00bb-3px|||||\u00a0\u00bb global_colors_info=\u00a0\u00bb{}\u00a0\u00bb][\/et_pb_image][et_pb_text _builder_version=\u00a0\u00bb4.16&Prime; _module_preset=\u00a0\u00bbdefault\u00a0\u00bb text_font=\u00a0\u00bbBarlow|300|||||||\u00a0\u00bb text_text_color=\u00a0\u00bb#000000&Prime; text_font_size=\u00a0\u00bb16px\u00a0\u00bb min_height=\u00a0\u00bb67px\u00a0\u00bb custom_margin=\u00a0\u00bb||0px||false|false\u00a0\u00bb custom_padding=\u00a0\u00bb||0px||false|false\u00a0\u00bb global_colors_info=\u00a0\u00bb{}\u00a0\u00bb]                  <\/p>\n<p style=\"text-align: justify;\"><span style=\"font-weight: 400;\">A partir de <\/span><b>les gares de Fossano et de Cuneo<\/b><span style=\"font-weight: 400;\"> une liaison avec l&rsquo;a\u00e9roport est disponible sans r\u00e9servation aupr\u00e8s d&rsquo;<a href=\"https:\/\/cuneoairport.com\/aerobus\/\">Aerobus<\/a><\/span><\/p>\n<p>[\/et_pb_text][et_pb_text _builder_version=\u00a0\u00bb4.16&Prime; _module_preset=\u00a0\u00bbdefault\u00a0\u00bb header_font=\u00a0\u00bbAbel||||||||\u00a0\u00bb header_text_color=\u00a0\u00bb#3b444f\u00a0\u00bb header_2_font=\u00a0\u00bbPoppins|800|||||||\u00a0\u00bb header_2_text_align=\u00a0\u00bbleft\u00a0\u00bb header_2_text_color=\u00a0\u00bb#173eb2&Prime; header_2_font_size=\u00a0\u00bb37px\u00a0\u00bb custom_margin=\u00a0\u00bb32px||10px||false|false\u00a0\u00bb global_colors_info=\u00a0\u00bb{}\u00a0\u00bb]                  <\/p>\n<h2>Location de voiture avec chauffeur<\/h2>\n<p>[\/et_pb_text][et_pb_accordion closed_toggle_text_color=\u00a0\u00bb#173eb2&Prime; icon_color=\u00a0\u00bb#173eb2&Prime; use_icon_font_size=\u00a0\u00bbon\u00a0\u00bb icon_font_size=\u00a0\u00bb19px\u00a0\u00bb _builder_version=\u00a0\u00bb4.27.2&Prime; _module_preset=\u00a0\u00bbdefault\u00a0\u00bb custom_margin=\u00a0\u00bb16px|||||\u00a0\u00bb hover_enabled=\u00a0\u00bb0&Prime; global_colors_info=\u00a0\u00bb{}\u00a0\u00bb sticky_enabled=\u00a0\u00bb0&Prime;][et_pb_accordion_item title=\u00a0\u00bbLOCATION DE BUS\u00a0\u00bb open=\u00a0\u00bbon\u00a0\u00bb open_toggle_text_color=\u00a0\u00bb#173eb2&Prime; open_toggle_background_color=\u00a0\u00bbRGBA(0,0,0,0)\u00a0\u00bb closed_toggle_background_color=\u00a0\u00bbRGBA(0,0,0,0)\u00a0\u00bb _builder_version=\u00a0\u00bb4.16&Prime; _module_preset=\u00a0\u00bbdefault\u00a0\u00bb body_font=\u00a0\u00bbRubik|300|||||||\u00a0\u00bb body_text_color=\u00a0\u00bb#000000&Prime; body_font_size=\u00a0\u00bb16px\u00a0\u00bb border_radii=\u00a0\u00bbon|6px|6px|6px|6px\u00a0\u00bb border_color_all=\u00a0\u00bb#173eb2&Prime; global_colors_info=\u00a0\u00bb{}\u00a0\u00bb toggle_font=\u00a0\u00bbPoppins|700|||||||\u00a0\u00bb toggle_font_size=\u00a0\u00bb18px\u00a0\u00bb closed_toggle_font=\u00a0\u00bbPoppins|700|||||||\u00a0\u00bb closed_toggle_font_size=\u00a0\u00bb18px\u00a0\u00bb]<\/p>\n<p><strong>COMPAGNIE D&rsquo;AUTOBUS<\/strong><\/p>\n<p>Location de bus de 16 \u00e0 83 places ou voiture pour les groupes de personnes arrivant \u00e0 l&rsquo;a\u00e9roport.<\/p>\n<p>La r\u00e9servation doit \u00eatre effectu\u00e9e 2 jours avant l&rsquo;arriv\u00e9e en indiquant le nombre de personnes &#8211; la date d&rsquo;arriv\u00e9e &#8211; le lieu de destination &#8211; les informations fiscales pour la facturation.<\/p>\n<p><strong>LOCATION DE BUREAUX<\/strong><\/p>\n<p><span style=\"color: #173eb2;\"><strong>011 9800000 int. 2  <\/strong><\/span><\/p>\n<p><span style=\"color: #000000;\"><a href=\"mailto:noleggio@buscompany.it\" style=\"color: #000000;\">noleggio@buscompany.it<\/a><\/span><\/p>\n<p>[\/et_pb_accordion_item][et_pb_accordion_item title=\u00a0\u00bbLOCATION AVEC CHAUFFEUR\u00a0\u00bb open_toggle_text_color=\u00a0\u00bb#173eb2&Prime; open_toggle_background_color=\u00a0\u00bbRGBA(0,0,0,0)\u00a0\u00bb closed_toggle_background_color=\u00a0\u00bbRGBA(0,0,0,0)\u00a0\u00bb _builder_version=\u00a0\u00bb4.27.2&Prime; _module_preset=\u00a0\u00bbdefault\u00a0\u00bb body_font=\u00a0\u00bbRubik|300|||||||\u00a0\u00bb body_text_color=\u00a0\u00bb#000000&Prime; body_font_size=\u00a0\u00bb16px\u00a0\u00bb hover_enabled=\u00a0\u00bb0&Prime; border_radii=\u00a0\u00bbon|6px|6px|6px|6px\u00a0\u00bb border_color_all=\u00a0\u00bb#173eb2&Prime; global_colors_info=\u00a0\u00bb{}\u00a0\u00bb toggle_font=\u00a0\u00bbPoppins|700|||||||\u00a0\u00bb toggle_font_size=\u00a0\u00bb18px\u00a0\u00bb closed_toggle_font=\u00a0\u00bbPoppins|700|||||||\u00a0\u00bb closed_toggle_font_size=\u00a0\u00bb18px\u00a0\u00bb open=\u00a0\u00bboff\u00a0\u00bb sticky_enabled=\u00a0\u00bb0&Prime;]<\/p>\n<table style=\"border-collapse: collapse; width: 100%; height: 432px;\" border=\"1\">\n<tbody>\n<tr style=\"height: 216px;\">\n<td style=\"width: 50%; height: 216px;\">\n<p><b>GIAN FRANCO PINNA\/NCC FOSSANO<\/b><\/p>\n<p><strong style=\"font-size: 16px;\"><a href=\"tel:+393473874321\">+39 347 38 74 321<\/a><\/strong><\/p>\n<p><strong><a href=\"tel:+393401509603\">+39 340 15 09 603<\/a><\/strong><\/p>\n<p><span style=\"color: #000000;\"><a style=\"color: #000000;\" href=\"mailto:gftaxipinna@gmail.com\">gftaxipinna@gmail.com<\/a><\/span><\/p>\n<p><a href=\"http:\/\/www.taxigianfrancopinna.it\"><span style=\"font-weight: 400;\">www.taxigianfrancopinna.it<\/span><\/a><\/p>\n<\/td>\n<\/tr>\n<tr>\n<td style=\"width: 50%;\">\n<p><b>\u00a0<\/b><\/p>\n<\/td>\n<\/tr>\n<tr style=\"height: 216px;\">\n<td style=\"width: 50%; height: 216px;\">\n<p><b>SERVICE DE TAXI\/NCC FOSSANO<\/b><\/p>\n<p><strong><a style=\"font-size: 16px;\" href=\"tel:0172650033\">0172 65 00 33<\/a><\/strong><\/p>\n<p><strong><span style=\"color: #173eb2;\">+39 336 35 10 91<\/span><\/strong><\/p>\n<p><a style=\"color: #000000;\" href=\"mailto:info@taxiservicecn.it\">info@taxiservicecn.it<\/a><\/p>\n<p><span style=\"color: #000000;\"><span style=\"color: #000000; font-weight: 400;\"><a href=\"http:\/\/www.taxiservicecn.it\"><span style=\"font-weight: 400;\">www.taxiservicecn.it<\/span><\/a><\/span><\/span><\/p>\n<\/td>\n<\/tr>\n<tr>\n<td style=\"width: 50%;\">\n<p><b>ERREMMESERVICE\/NCC SALUZZO<\/b><\/p>\n<p><strong style=\"font-size: 16px;\"><a href=\"tel:+393491801832\">+39 349 18 01 832<\/a><\/strong><\/p>\n<p><span style=\"font-weight: 400;\"><span style=\"color: #000000;\"><a style=\"color: #000000;\" href=\"mailto:michelerossa82@gmail.com\">michelerossa82@gmail.com<\/a><\/span><\/span><\/p>\n<p><span style=\"font-weight: 400;\"><a href=\"http:\/\/www.erremmeservice.it\/\">www.taxisaluzzo.com<\/a><\/span><\/p>\n<p><span style=\"font-weight: 400;\">Possibilit\u00e9 de transport pour les personnes handicap\u00e9es<\/span><\/p>\n<\/td>\n<\/tr>\n<tr>\n<td style=\"width: 50%;\">\n<p><b>TRANSFERT PRIV\u00c9\/NCC VERZUOLO<\/b><\/p>\n<p><strong style=\"font-size: 16px;\"><a href=\"tel:+393491801832\">+39 335 70 32 944<\/a><\/strong><\/p>\n<p><span style=\"font-weight: 400;\"><span style=\"color: #000000;\"><a style=\"color: #000000;\" href=\"mailto:michelerossa82@gmail.com\">info@piolatto.it<\/a><\/span><\/span><\/p>\n<p><span style=\"font-weight: 400;\"><a href=\"http:\/\/www.erremmeservice.it\/\">www.piolatto.it<\/a><\/span><\/p>\n<\/td>\n<\/tr>\n<tr>\n<td style=\"width: 50%;\">\n<p><b>MAK ITALIE SNC\/NCC CARRU&rsquo;<\/b><\/p>\n<p><strong style=\"font-size: 16px;\"><a href=\"tel:+393883452845%20\">+39 388-34 52 845 <\/a><\/strong><\/p>\n<p><strong><a href=\"tel:+393383844454\">+39 338 38 44 454<\/a><\/strong><\/p>\n<p><span style=\"color: #000000;\"><span style=\"font-weight: 400;\"><a style=\"color: #000000;\" href=\"mailto:makitalynoleggio@yahoo.com\">makitalynoleggio@yahoo.com<\/a><\/span><\/span><\/p>\n<p><span style=\"color: #000000;\"><span style=\"font-weight: 400;\"><a href=\"http:\/\/www.turismoincarru.it\/cgi-bin\/attivita\/Mak-Italy-snc-_46.asp\">www.turismoincarru.it\/cgi-bin\/attivita\/Mak-Italy-snc-_46.asp<\/a> <\/span><\/span><\/p>\n<\/td>\n<\/tr>\n<tr>\n<td style=\"width: 50%;\">\n<p><b>TAXI LANGA\/NCC BRA<\/b><\/p>\n<p><a style=\"font-size: 16px;\" href=\"tel:0172431662%20\"><strong>0172 43 16 62 <\/strong><\/a><\/p>\n<p><strong><a href=\"tel:+393356673361\">+39 335 66 73 361<\/a><\/strong><\/p>\n<p><span style=\"font-weight: 400;\"><span style=\"color: #000000;\"><a style=\"color: #000000;\" href=\"mailto:info@taxilanga.it\">info@taxilanga.it<\/a><\/span><\/span><\/p>\n<p><span style=\"font-weight: 400;\"><a href=\"http:\/\/www.taxilanga.it\/\">www.taxilanga.it<\/a><\/span><\/p>\n<\/td>\n<\/tr>\n<tr>\n<td style=\"width: 50%;\">\n<p><b>BRA TAXI BRA\/NCC BRA<\/b><\/p>\n<p><span style=\"color: #173eb2;\"><b>+39 335 59 12 090<\/b><\/span><\/p>\n<p><a href=\"mailto:marcello-panella@hotmail.it\">marcello-panella@hotmail.it<\/a><\/p>\n<p><a href=\"https:\/\/brataxibra.it\/\" target=\"_blank\" rel=\"noopener\">brataxibra.co.uk<\/a><\/p>\n<\/td>\n<\/tr>\n<tr>\n<td style=\"width: 50%;\">\n<p><b>PARATO GIANLUCA \/NCC<\/b> <strong>CERVERE<\/strong><\/p>\n<p><strong><a href=\"mailto:+393282479086\">+39 348 2850709<\/a><\/strong><\/p>\n<p>gianlucaparato@gmail.com<\/p>\n<\/td>\n<\/tr>\n<tr>\n<td style=\"width: 50%;\">\n<p><b>TAXI CLAUDIO \/NCC<\/b> <strong>RACCONIGI<\/strong><\/p>\n<p><strong><a href=\"mailto:+393282479086\">+39 338 201 42 27<\/a><\/strong><\/p>\n<p>taxiclaudio@alice.it<\/p>\n<p><a href=\"http:\/\/www.autonoleggioracconigi.it\/\" target=\"_blank\" rel=\"noopener\">www.autonoleggioracconigi.it<\/a><\/p>\n<\/td>\n<\/tr>\n<tr>\n<td style=\"width: 50%;\">\n<p><b>SANDRO TAXI \/NCC<\/b> <strong>CARMAGNOLA<\/strong><\/p>\n<p><strong><a href=\"mailto:+393282479086\">+39 328 24 79 086<\/a><\/strong><\/p>\n<p>sandronoleggi@gmail.com<\/p>\n<p><span style=\"font-weight: 400;\"><a href=\"http:\/\/www.sandroncc.it\">www.sandroncc.it<\/a><\/span><\/p>\n<\/td>\n<\/tr>\n<\/tbody>\n<\/table>\n<table style=\"border-collapse: collapse; width: 100%;\" border=\"1\">\n<tbody>\n<tr>\n<td style=\"width: 100%;\">\n<p><b>MRC AUTOSERVICES\/NCC TORINO<\/b><\/p>\n<p><strong><a style=\"font-size: 16px;\" href=\"tel:+393393184903\">+39 339 31 84 903<\/a><\/strong><\/p>\n<p><span style=\"font-weight: 400;\"><span style=\"color: #000000;\"><a style=\"color: #000000;\" href=\"mailto:info@mrcautoservizi.it\">info@mrcautoservizi.it<\/a><\/span><\/span><\/p>\n<p><a href=\"http:\/\/www.mrcautoservizi.it\/\"><span style=\"font-weight: 400;\">www.mrcautoservizi.it<\/span><\/a><\/p>\n<\/td>\n<\/tr>\n<tr>\n<td style=\"width: 100%;\">\n<p><b>MARCO FOTI \/<span style=\"font-size: large;\">NCC AUTORIS\u00c9E<\/span><\/b><\/p>\n<p><a href=\"tel:+393208437704\"><strong>+39 320 84 37 704<\/strong><\/a><\/p>\n<p>fotimarco@hotmail.com<\/p>\n<p><a href=\"https:\/\/www.reteimprese.it\/217994\">https:\/\/www.reteimprese.it\/217994<\/a><b><\/b><\/p>\n<\/td>\n<\/tr>\n<\/tbody>\n<\/table>\n<table style=\"border-collapse: collapse; width: 100%;\" border=\"1\">\n<tbody>\n<tr>\n<td style=\"width: 100%;\">\n<p><b>TRAVEL WITH ME\/NCC TORINO<\/b><\/p>\n<p><strong style=\"font-size: 16px;\"><a href=\"tel:+393400656198\">+39 340 06 56 198<\/a><\/strong><\/p>\n<p><strong><span style=\"font-weight: 400;\"><span style=\"color: #000000;\"><a style=\"color: #000000;\" href=\"mailto:viaggiaconmencc@gmail.com\">Viaggiconmencc@gmail.com<\/a><\/span><\/span><\/strong><\/p>\n<p><a href=\"https:\/\/www.sannerisautonoleggio.com\/\">www.sannerisautonoleggio.com<\/a><\/p>\n<p><span style=\"font-weight: 400;\">Transfert jusqu&rsquo;\u00e0 8 personnes<\/span><\/p>\n<\/td>\n<\/tr>\n<\/tbody>\n<\/table>\n<table style=\"border-collapse: collapse; width: 100%;\" border=\"1\">\n<tbody>\n<tr>\n<td style=\"width: 100%;\">\n<p><span style=\"color: #000000;\"><a style=\"color: #000000;\" href=\"https:\/\/www.instagram.com\/suegiuperlavalle\/?hl=it%20\"><b>EN HAUT ET EN BAS DE LA VALL\u00c9E\/LIGURIE<\/b><\/a><\/span><\/p>\n<p><strong><a style=\"font-size: 16px; background-color: #ffffff;\" href=\"tel:+393356146739\"><span style=\"font-size: 16px;\">+39 335 61 46 739<\/span><\/a><\/strong><\/p>\n<p><span style=\"font-weight: 400;\"><a style=\"color: #000000;\" href=\"mailto:suegiuperlavalle@gmail.com\">suegiuperlavalle@gmail.com<\/a><\/span><\/p>\n<p><a href=\"https:\/\/www.instagram.com\/suegiuperlavalle\/?hl=it%20\"> .<\/a><\/p>\n<\/td>\n<\/tr>\n<\/tbody>\n<\/table>\n<table style=\"border-collapse: collapse; width: 100%;\" border=\"1\">\n<tbody>\n<tr>\n<td style=\"width: 100%;\">\n<p><b>LOCATION DE VOITURE BLURENTAL<\/b><\/p>\n<p><strong><a style=\"font-size: 16px;\" href=\"tel:+393472779881\">+39 347 27 79 881<\/a><\/strong><\/p>\n<p><span style=\"font-weight: 400;\"><span style=\"color: #000000;\"><a style=\"color: #000000;\" href=\"mailto:fausto@bluerental.it\">fausto@bluerental.it<\/a><\/span><\/span><\/p>\n<p><span style=\"font-weight: 400;\"><span style=\"color: #000000;\"><a href=\"http:\/\/www.bluerental.it\/\">www.bluerental.it <\/a><\/span><\/span><\/p>\n<p><span style=\"font-weight: 400;\">Transferts de \/ vers la Ligurie, le Pi\u00e9mont et la C\u00f4te d&rsquo;Azur<\/span><\/p>\n<\/td>\n<\/tr>\n<\/tbody>\n<\/table>\n<table style=\"border-collapse: collapse; width: 100%;\" border=\"1\">\n<tbody>\n<tr>\n<td style=\"width: 100%;\">\n<p><b>GG SERVICE SNC<\/b><\/p>\n<p><a style=\"font-size: 16px;\" href=\"tel:+390109131018\"><br \/><strong>+39 0109131018\/<\/strong><br \/><\/a><strong><br \/><a style=\"font-size: 16px;\" href=\"tel:+393293530052%20\">+39 3293530052\/ <\/a><br \/><\/strong><strong style=\"font-size: 16px;\"><br \/><a href=\"tel:+393288253854\">+39 3288253854<\/a><br \/><\/strong><\/p>\n<p><span style=\"font-weight: 400;\"><span style=\"color: #000000;\"><a style=\"color: #000000;\" href=\"mailto:info@ggservicesnc.it\">info@ggservicesnc.it<\/a><\/span><\/span><\/p>\n<p><span style=\"font-weight: 400;\"><a href=\"http:\/\/www.ggservicesnc.it\/\">www.ggservicesnc.it<\/a><\/span><\/p>\n<p><span style=\"font-weight: 400;\">possibilit\u00e9 minibus 20-30 personnes.<\/span><\/p>\n<\/td>\n<\/tr>\n<\/tbody>\n<\/table>\n<table style=\"border-collapse: collapse; width: 100%;\" border=\"1\">\n<tbody>\n<tr>\n<td style=\"width: 100%;\">\n<p><b>SERVICES DE TRANSFERT DE GRANTURISMO<\/b><\/p>\n<p><strong style=\"font-size: 16px;\"><a href=\"tel:+393807060099\">+39 380 70 60 099<\/a><\/strong><\/p>\n<p><span style=\"color: #000000;\"><span style=\"font-weight: 400;\"><a style=\"color: #000000;\" href=\"mailto:info@granturismoncc.com\">info@granturismoncc.com<\/a><\/span><\/span><\/p>\n<p><span style=\"color: #000000;\"><span style=\"font-weight: 400;\"><a href=\"http:\/\/www.granturismoncc.com\/\">www.granturismoncc.com<\/a> <\/span><\/span><\/p>\n<\/td>\n<\/tr>\n<\/tbody>\n<\/table>\n<table style=\"border-collapse: collapse; width: 100%;\" border=\"1\">\n<tbody>\n<tr>\n<td style=\"width: 100%;\">\n<p><b>VOYAGE SANREMO<\/b><\/p>\n<p><strong><a style=\"font-size: 16px;\" href=\"tel:+393382898411\">+39 338 2898411<\/a><\/strong><\/p>\n<p><a href=\"https:\/\/www.sanremotravel.it\/\" target=\"_blank\" rel=\"noopener\">www.sanremotravel.it<\/a><\/p>\n<p><span style=\"font-weight: 400;\">Transferts de \/ vers la Ligurie<\/span><\/p>\n<\/td>\n<\/tr>\n<\/tbody>\n<\/table>\n<p>[\/et_pb_accordion_item][\/et_pb_accordion][\/et_pb_column][\/et_pb_row][\/et_pb_section][et_pb_section fb_built=\u00a0\u00bb1&Prime; _builder_version=\u00a0\u00bb4.16&Prime; _module_preset=\u00a0\u00bbdefault\u00a0\u00bb global_colors_info=\u00a0\u00bb{}\u00a0\u00bb][\/et_pb_section]<\/p>\n","protected":false},"excerpt":{"rendered":"<p>Comment se rendre \u00e0 l&rsquo;a\u00e9roport Transport Autobus ARR\u00caTS AEROPORT CUNEO SAVIGLIANO FSTORINO LINGOTTO FSPIAZZA CARDUCCI (\u00c0)PORTA PALAZZO (VERS) R\u00e9servations sur www.shuttlemano.it Appelez-nous ! 0172 75 14 26 Aussi Whatsapp 347 78 55 545 info@shuttlemano.it TaxiCUNEO &nbsp; 0171 692113 num\u00e9ro unique &nbsp; SAVIGLIANO LUCIANO ALBINO\/NCC AUTORIS\u00c9 + 39 335 80 37 548 autotaxiluciano@gmail.com FRANCO MASSIMO\/NCC AUTORIS\u00c9 [&hellip;]<\/p>\n","protected":false},"author":3,"featured_media":0,"parent":0,"menu_order":0,"comment_status":"closed","ping_status":"closed","template":"","meta":{"_acf_changed":false,"_et_pb_use_builder":"on","_et_pb_old_content":"","_et_gb_content_width":"","footnotes":""},"class_list":["post-4003","page","type-page","status-publish","hentry"],"acf":[],"_links":{"self":[{"href":"https:\/\/cuneoairport.com\/fr\/wp-json\/wp\/v2\/pages\/4003","targetHints":{"allow":["GET"]}}],"collection":[{"href":"https:\/\/cuneoairport.com\/fr\/wp-json\/wp\/v2\/pages"}],"about":[{"href":"https:\/\/cuneoairport.com\/fr\/wp-json\/wp\/v2\/types\/page"}],"author":[{"embeddable":true,"href":"https:\/\/cuneoairport.com\/fr\/wp-json\/wp\/v2\/users\/3"}],"replies":[{"embeddable":true,"href":"https:\/\/cuneoairport.com\/fr\/wp-json\/wp\/v2\/comments?post=4003"}],"version-history":[{"count":12,"href":"https:\/\/cuneoairport.com\/fr\/wp-json\/wp\/v2\/pages\/4003\/revisions"}],"predecessor-version":[{"id":18327,"href":"https:\/\/cuneoairport.com\/fr\/wp-json\/wp\/v2\/pages\/4003\/revisions\/18327"}],"wp:attachment":[{"href":"https:\/\/cuneoairport.com\/fr\/wp-json\/wp\/v2\/media?parent=4003"}],"curies":[{"name":"wp","href":"https:\/\/api.w.org\/{rel}","templated":true}]}}