{"id":3980,"date":"2021-08-30T16:09:30","date_gmt":"2021-08-30T14:09:30","guid":{"rendered":"https:\/\/cuneoairport.com\/nuovosito\/mineurs-a-bord\/"},"modified":"2023-10-25T12:39:59","modified_gmt":"2023-10-25T10:39:59","slug":"mineurs-a-bord","status":"publish","type":"page","link":"https:\/\/cuneoairport.com\/fr\/mineurs-a-bord\/","title":{"rendered":"Mineurs \u00e0 bord"},"content":{"rendered":"<p>          [et_pb_section fb_built=\u00a0\u00bb1&Prime; _builder_version=\u00a0\u00bb4.9.10&Prime; _module_preset=\u00a0\u00bbdefault\u00a0\u00bb custom_padding=\u00a0\u00bb3px||6px|||\u00a0\u00bb global_colors_info=\u00a0\u00bb{}\u00a0\u00bb][\/et_pb_section]<br \/>\n          [et_pb_section fb_built=\u00a0\u00bb1&Prime; custom_padding_last_edited=\u00a0\u00bbon|phone\u00a0\u00bb _builder_version=\u00a0\u00bb4.9.10&Prime; _module_preset=\u00a0\u00bbdefault\u00a0\u00bb custom_margin=\u00a0\u00bb-79px||||false|false\u00a0\u00bb custom_margin_tablet=\u00a0\u00bb-85px||||false|false\u00a0\u00bb custom_margin_phone=\u00a0\u00bb-34px||||false|false\u00a0\u00bb custom_margin_last_edited=\u00a0\u00bbon|phone\u00a0\u00bb custom_padding=\u00a0\u00bb3px||27px||false|false\u00a0\u00bb custom_padding_tablet=\u00a0\u00bb\u00a0\u00bb custom_padding_phone=\u00a0\u00bb0px||||false|false\u00a0\u00bb global_colors_info=\u00a0\u00bb{}\u00a0\u00bb]<br \/>\n            [et_pb_row use_custom_gutter=\u00a0\u00bbon\u00a0\u00bb gutter_width=\u00a0\u00bb2&Prime; _builder_version=\u00a0\u00bb4.9.10&Prime; _module_preset=\u00a0\u00bbdefault\u00a0\u00bb width=\u00a0\u00bb90%\u00a0\u00bb custom_margin=\u00a0\u00bb16px|auto||auto||\u00a0\u00bb custom_padding=\u00a0\u00bb18px||3px|||\u00a0\u00bb global_colors_info=\u00a0\u00bb{}\u00a0\u00bb]<br \/>\n              [et_pb_column type=\u00a0\u00bb4_4&Prime; _builder_version=\u00a0\u00bb4.9.10&Prime; _module_preset=\u00a0\u00bbdefault\u00a0\u00bb custom_padding=\u00a0\u00bb|30px|||false|false\u00a0\u00bb border_width_right=\u00a0\u00bb1px\u00a0\u00bb border_color_right=\u00a0\u00bb#000000&Prime; border_style_right=\u00a0\u00bbdashed\u00a0\u00bb global_colors_info=\u00a0\u00bb{}\u00a0\u00bb]<br \/>\n                [et_pb_text _builder_version=\u00a0\u00bb4.9.10&Prime; _module_preset=\u00a0\u00bbdefault\u00a0\u00bb header_2_font=\u00a0\u00bbArchivo|||on|||||\u00a0\u00bb header_2_font_size=\u00a0\u00bb13px\u00a0\u00bb header_2_letter_spacing=\u00a0\u00bb10px\u00a0\u00bb custom_margin=\u00a0\u00bb2px||5px|||\u00a0\u00bb custom_margin_tablet=\u00a0\u00bb\u00a0\u00bb custom_margin_phone=\u00a0\u00bb0px||5px||false|false\u00a0\u00bb custom_margin_last_edited=\u00a0\u00bbon|phone\u00a0\u00bb global_colors_info=\u00a0\u00bb{}\u00a0\u00bb]<\/p>\n<h2>Quand cela vient \u00e0<\/h2>\n<p>                [\/et_pb_text]<br \/>\n                [et_pb_text _builder_version=\u00a0\u00bb4.9.10&Prime; _module_preset=\u00a0\u00bbdefault\u00a0\u00bb header_font=\u00a0\u00bbAbel||||||||\u00a0\u00bb header_text_color=\u00a0\u00bb#3b444f\u00a0\u00bb header_2_font=\u00a0\u00bbPoppins|800|||||||\u00a0\u00bb header_2_text_align=\u00a0\u00bbleft\u00a0\u00bb header_2_text_color=\u00a0\u00bb#173eb2&Prime; header_2_font_size=\u00a0\u00bb37px\u00a0\u00bb custom_margin=\u00a0\u00bb||10px||false|false\u00a0\u00bb global_colors_info=\u00a0\u00bb{}\u00a0\u00bb]<\/p>\n<h2>Mineurs \u00e0 bord<\/h2>\n<p>                [\/et_pb_text]<br \/>\n                [et_pb_text _builder_version=\u00a0\u00bb4.9.10&Prime; _module_preset=\u00a0\u00bbdefault\u00a0\u00bb text_font=\u00a0\u00bbBarlow|300|||||||\u00a0\u00bb text_text_color=\u00a0\u00bb#000000&Prime; text_font_size=\u00a0\u00bb16px\u00a0\u00bb custom_margin=\u00a0\u00bb||-3px|||\u00a0\u00bb global_colors_info=\u00a0\u00bb{}\u00a0\u00bb]<\/p>\n<p>\n                    <span style=\"font-weight: 400;\">L&rsquo;enfant jusqu&rsquo;\u00e0 2 ans n&rsquo;a pas de si\u00e8ge \u00e0 bord, mais doit voyager sur les genoux d&rsquo;un adulte. Vous b\u00e9n\u00e9ficiez ainsi d&rsquo;un tarif r\u00e9duit et d&rsquo;une franchise bagage sp\u00e9ciale pour le transport gratuit de vos indispensables (poussette, biberon, couches\u2026) jusqu&rsquo;\u00e0 5 kg maximum. L&rsquo;enfant de 2 \u00e0 12 ans, bien qu&rsquo;ayant droit \u00e0 un tarif r\u00e9duit (environ 67% de l&rsquo;adulte) et \u00e0 une franchise bagages \u00e9gale \u00e0 celle d&rsquo;un adulte, a droit \u00e0 un si\u00e8ge enti\u00e8rement pour lui.<\/span>\n                  <\/p>\n<p>\n                    <span style=\"font-weight: 400;\">Toutes les compagnies a\u00e9riennes op\u00e9rant en Italie doivent garantir, d\u00e8s la r\u00e9servation \/ achat du billet d&rsquo;avion, aux enfants \u00e2g\u00e9s de 2 \u00e0 12 ans voyageant avec leurs parents ou avec au moins un accompagnateur adulte dans la m\u00eame classe, l&rsquo;attribution de si\u00e8ges \u00e0 proximit\u00e9 des parents ou personne accompagnante, sans frais suppl\u00e9mentaires. Lorsque cela n&rsquo;est pas possible, les enfants doivent \u00eatre assis dans la m\u00eame rang\u00e9e de si\u00e8ges ou pas \u00e0 plus d&rsquo;une rang\u00e9e de si\u00e8ges de l&rsquo;accompagnateur. <\/span>\n                  <\/p>\n<p>\n                    <span style=\"font-weight: 400;\">Une garantie similaire doit \u00eatre assur\u00e9e pour les personnes handicap\u00e9es ou \u00e0 mobilit\u00e9 r\u00e9duite (PMR) qui sont assist\u00e9es par un accompagnateur. <\/span>\n                  <\/p>\n<p><span style=\"font-weight: 400;\">En cas de constatation de la violation des dispositions susmentionn\u00e9es, l&rsquo;ENAC proc\u00e9dera \u00e0 l&rsquo;imposition de sanctions contre les compagnies a\u00e9riennes, conform\u00e9ment aux dispositions de l&rsquo;art. 7 du d\u00e9cret-loi n\u00b0 69 du 27 janvier 2006 portant <\/span><a href=\"https:\/\/www.enac.gov.it\/sites\/default\/files\/allegati\/2021-Lug\/GENDISP-ENAC_Provvedimento_urgenza_DG-16072021-0000063-P.pdf\" target=\"_blank\" rel=\"noopener\"><span style=\"font-weight: 400;\">Mesure d&rsquo;urgence pour l&rsquo;adoption du R\u00e8glement Technique pour l&rsquo;attribution des si\u00e8ges pour les mineurs (2 &#8211; 12 ans) et pour les personnes handicap\u00e9es et les personnes \u00e0 mobilit\u00e9 r\u00e9duite (PMR) proches des parents et\/ou aidants<\/span><\/a><span style=\"font-weight: 400;\"> concernant la priorit\u00e9 et l&rsquo;assistance \u00e0 r\u00e9server aux personnes \u00e0 mobilit\u00e9 r\u00e9duite et aux enfants non accompagn\u00e9s.<\/span> <\/p>\n<p>\n                    <span style=\"font-weight: 400;\">Pour consulter la documentation utile aux d\u00e9placements des mineurs, consultez la page :<\/span>\n                  <\/p>\n<p>\n                    <span style=\"font-weight: 400;\"><\/span>\n                  <\/p>\n<p>                [\/et_pb_text]<br \/>\n                [et_pb_button button_url=\u00a0\u00bbhttps:\/\/cuneoairport.com\/documenti-di-viaggio\/\u00a0\u00bb button_text=\u00a0\u00bbDocumenti di viaggio\u00a0\u00bb _builder_version=\u00a0\u00bb4.9.10&Prime; _module_preset=\u00a0\u00bbdefault\u00a0\u00bb global_colors_info=\u00a0\u00bb{}\u00a0\u00bb][\/et_pb_button]<br \/>\n              [\/et_pb_column]<br \/>\n            [\/et_pb_row]<br \/>\n          [\/et_pb_section]<\/p>\n","protected":false},"excerpt":{"rendered":"<p>Quand cela vient \u00e0 Mineurs \u00e0 bord L&rsquo;enfant jusqu&rsquo;\u00e0 2 ans n&rsquo;a pas de si\u00e8ge \u00e0 bord, mais doit voyager sur les genoux d&rsquo;un adulte. Vous b\u00e9n\u00e9ficiez ainsi d&rsquo;un tarif r\u00e9duit et d&rsquo;une franchise bagage sp\u00e9ciale pour le transport gratuit de vos indispensables (poussette, biberon, couches\u2026) jusqu&rsquo;\u00e0 5 kg maximum. L&rsquo;enfant de 2 \u00e0 12 [&hellip;]<\/p>\n","protected":false},"author":3,"featured_media":0,"parent":0,"menu_order":0,"comment_status":"closed","ping_status":"closed","template":"","meta":{"_acf_changed":false,"_et_pb_use_builder":"on","_et_pb_old_content":"","_et_gb_content_width":"","footnotes":""},"class_list":["post-3980","page","type-page","status-publish","hentry"],"acf":[],"_links":{"self":[{"href":"https:\/\/cuneoairport.com\/fr\/wp-json\/wp\/v2\/pages\/3980","targetHints":{"allow":["GET"]}}],"collection":[{"href":"https:\/\/cuneoairport.com\/fr\/wp-json\/wp\/v2\/pages"}],"about":[{"href":"https:\/\/cuneoairport.com\/fr\/wp-json\/wp\/v2\/types\/page"}],"author":[{"embeddable":true,"href":"https:\/\/cuneoairport.com\/fr\/wp-json\/wp\/v2\/users\/3"}],"replies":[{"embeddable":true,"href":"https:\/\/cuneoairport.com\/fr\/wp-json\/wp\/v2\/comments?post=3980"}],"version-history":[{"count":1,"href":"https:\/\/cuneoairport.com\/fr\/wp-json\/wp\/v2\/pages\/3980\/revisions"}],"predecessor-version":[{"id":15429,"href":"https:\/\/cuneoairport.com\/fr\/wp-json\/wp\/v2\/pages\/3980\/revisions\/15429"}],"wp:attachment":[{"href":"https:\/\/cuneoairport.com\/fr\/wp-json\/wp\/v2\/media?parent=3980"}],"curies":[{"name":"wp","href":"https:\/\/api.w.org\/{rel}","templated":true}]}}