{"id":3922,"date":"2021-08-30T16:08:52","date_gmt":"2021-08-30T14:08:52","guid":{"rendered":"https:\/\/cuneoairport.com\/nuovosito\/tourisme\/"},"modified":"2023-10-25T14:26:54","modified_gmt":"2023-10-25T12:26:54","slug":"tourisme","status":"publish","type":"page","link":"https:\/\/cuneoairport.com\/fr\/tourisme\/","title":{"rendered":"Tourisme"},"content":{"rendered":"<p>          [et_pb_section fb_built=\u00a0\u00bb1&Prime; _builder_version=\u00a0\u00bb4.9.10&Prime; _module_preset=\u00a0\u00bbdefault\u00a0\u00bb custom_padding=\u00a0\u00bb3px||6px|||\u00a0\u00bb global_colors_info=\u00a0\u00bb{}\u00a0\u00bb][\/et_pb_section]<br \/>\n          [et_pb_section fb_built=\u00a0\u00bb1&Prime; custom_padding_last_edited=\u00a0\u00bbon|phone\u00a0\u00bb _builder_version=\u00a0\u00bb4.9.10&Prime; _module_preset=\u00a0\u00bbdefault\u00a0\u00bb custom_margin=\u00a0\u00bb-79px||||false|false\u00a0\u00bb custom_margin_tablet=\u00a0\u00bb-85px||||false|false\u00a0\u00bb custom_margin_phone=\u00a0\u00bb-34px||||false|false\u00a0\u00bb custom_margin_last_edited=\u00a0\u00bbon|phone\u00a0\u00bb custom_padding=\u00a0\u00bb||65px||false|false\u00a0\u00bb custom_padding_tablet=\u00a0\u00bb\u00a0\u00bb custom_padding_phone=\u00a0\u00bb0px||||false|false\u00a0\u00bb global_colors_info=\u00a0\u00bb{}\u00a0\u00bb]<br \/>\n            [et_pb_row _builder_version=\u00a0\u00bb4.14.3&Prime; _module_preset=\u00a0\u00bbdefault\u00a0\u00bb width=\u00a0\u00bb90%\u00a0\u00bb custom_margin=\u00a0\u00bb-46px||||false|false\u00a0\u00bb global_colors_info=\u00a0\u00bb{}\u00a0\u00bb]<br \/>\n              [et_pb_column type=\u00a0\u00bb4_4&Prime; _builder_version=\u00a0\u00bb4.9.10&Prime; _module_preset=\u00a0\u00bbdefault\u00a0\u00bb global_colors_info=\u00a0\u00bb{}\u00a0\u00bb]<br \/>\n                [et_pb_image src=\u00a0\u00bbhttps:\/\/cuneoairport.com\/wp-content\/uploads\/2022\/08\/Turismo.webp\u00a0\u00bb title_text=\u00a0\u00bbTurismo\u00a0\u00bb align=\u00a0\u00bbcenter\u00a0\u00bb force_fullwidth=\u00a0\u00bbon\u00a0\u00bb _builder_version=\u00a0\u00bb4.14.3&Prime; _module_preset=\u00a0\u00bbdefault\u00a0\u00bb background_image=\u00a0\u00bbhttps:\/\/cuneoairport.com\/wp-content\/uploads\/2021\/10\/BayStaatsoper-Nationaltheater-1.jpg\u00a0\u00bb parallax=\u00a0\u00bbon\u00a0\u00bb border_radii=\u00a0\u00bbon|6px|6px|6px|6px\u00a0\u00bb global_colors_info=\u00a0\u00bb{}\u00a0\u00bb][\/et_pb_image]<br \/>\n                [et_pb_text _builder_version=\u00a0\u00bb4.9.10&Prime; _module_preset=\u00a0\u00bbdefault\u00a0\u00bb header_2_font=\u00a0\u00bbArchivo|||on|||||\u00a0\u00bb header_2_font_size=\u00a0\u00bb13px\u00a0\u00bb header_2_letter_spacing=\u00a0\u00bb10px\u00a0\u00bb custom_margin=\u00a0\u00bb2px||5px|||\u00a0\u00bb custom_margin_tablet=\u00a0\u00bb\u00a0\u00bb custom_margin_phone=\u00a0\u00bb0px||5px||false|false\u00a0\u00bb custom_margin_last_edited=\u00a0\u00bbon|phone\u00a0\u00bb global_colors_info=\u00a0\u00bb{}\u00a0\u00bb]<\/p>\n<h2>TOURISME<\/h2>\n<p>                [\/et_pb_text]<br \/>\n                [et_pb_text _builder_version=\u00a0\u00bb4.9.10&Prime; _module_preset=\u00a0\u00bbdefault\u00a0\u00bb header_font=\u00a0\u00bbAbel||||||||\u00a0\u00bb header_text_color=\u00a0\u00bb#3b444f\u00a0\u00bb header_2_font=\u00a0\u00bbPoppins|800|||||||\u00a0\u00bb header_2_text_align=\u00a0\u00bbleft\u00a0\u00bb header_2_text_color=\u00a0\u00bb#173eb2&Prime; header_2_font_size=\u00a0\u00bb37px\u00a0\u00bb width=\u00a0\u00bb100%\u00a0\u00bb custom_margin=\u00a0\u00bb||10px||false|false\u00a0\u00bb global_colors_info=\u00a0\u00bb{}\u00a0\u00bb]<\/p>\n<h2>\n                    <b>Pi\u00e9mont. L&rsquo;exp\u00e9rience \u00e0 laquelle vous ne vous attendez pas.<\/b><br \/>\n                  <\/h2>\n<p>                [\/et_pb_text]<br \/>\n                [et_pb_code _builder_version=\u00a0\u00bb4.14.3&Prime; _module_preset=\u00a0\u00bbdefault\u00a0\u00bb hover_enabled=\u00a0\u00bb0&Prime; sticky_enabled=\u00a0\u00bb0&Prime;]<\/p>\n<div style=\"text-align:center;\">\n                    <script>function loadScript(url, callback){var script=document.createElement('script'); script.type='text\/javascript'; if (script.readyState){script.onreadystatechange=function(){if (script.readyState=='loaded' || script.readyState=='complete'){script.onreadystatechange=null; callback();}};}else{script.onload=function(){callback();};}script.src=url; document.getElementsByTagName('head')[0].appendChild(script);}loadScript('https:\/\/cdn2.civitatis.com\/js\/vendor\/iframeResizer.min.js', function(){iFrameResize({checkOrigin:false,initCallback:function(iframe){setTimeout(function(){var resizeEvent = window.document.createEvent('UIEvents'); resizeEvent.initUIEvent('resize', true, false, window, 0); iframe.dispatchEvent(resizeEvent);});>})<\/script><br \/>\n                    <iframe class=\"civitatis-iframe\" src=\"https:\/\/www.civitatis.com\/widget-activities\/?affiliated=101218&amp;display=aside&amp;cant=6&amp;lang=it&amp;currency=EUR&amp;zone=391&amp;transfer=1&amp;cmp=Widget_Piemonte_IT&amp;width=100%&amp;hideButton=0&amp;centerContent=1&amp;typeSelection=all&amp;color=173eb2&amp;typography=Montserrat&amp;removeBackground=1&amp;showShadow=1&amp;roundedButtons=1\" width=\"100%\" frameborder=\"0\" data-maxwidth=\"100%\" style=\"max-width: 100%\"><\/iframe>\n                  <\/div>\n<p>                [\/et_pb_code]<br \/>\n              [\/et_pb_column]<br \/>\n            [\/et_pb_row]<br \/>\n            [et_pb_row _builder_version=\u00a0\u00bb4.14.3&Prime; _module_preset=\u00a0\u00bbdefault\u00a0\u00bb width=\u00a0\u00bb90%\u00a0\u00bb global_colors_info=\u00a0\u00bb{}\u00a0\u00bb]<br \/>\n              [et_pb_column type=\u00a0\u00bb4_4&Prime; _builder_version=\u00a0\u00bb4.9.10&Prime; _module_preset=\u00a0\u00bbdefault\u00a0\u00bb global_colors_info=\u00a0\u00bb{}\u00a0\u00bb]<br \/>\n                [et_pb_accordion closed_toggle_text_color=\u00a0\u00bb#173eb2&Prime; icon_color=\u00a0\u00bb#173eb2&Prime; use_icon_font_size=\u00a0\u00bbon\u00a0\u00bb icon_font_size=\u00a0\u00bb19px\u00a0\u00bb _builder_version=\u00a0\u00bb4.14.3&Prime; _module_preset=\u00a0\u00bbdefault\u00a0\u00bb global_colors_info=\u00a0\u00bb{}\u00a0\u00bb]<br \/>\n                  [et_pb_accordion_item title=\u00a0\u00bbQue faire pr\u00e8s de l&rsquo;a\u00e9roport ?\u00a0\u00bb open_toggle_text_color=\u00a0\u00bb#173eb2&Prime; open_toggle_background_color=\u00a0\u00bbRGBA(0,0,0,0)\u00a0\u00bb closed_toggle_background_color=\u00a0\u00bbRGBA(0,0,0,0)\u00a0\u00bb _builder_version=\u00a0\u00bb4.14.3&Prime; _module_preset=\u00a0\u00bbdefault\u00a0\u00bb body_font=\u00a0\u00bbRubik|300|||||||\u00a0\u00bb body_text_color=\u00a0\u00bb#000000&Prime; body_font_size=\u00a0\u00bb16px\u00a0\u00bb border_radii=\u00a0\u00bbon|6px|6px|6px|6px\u00a0\u00bb border_color_all=\u00a0\u00bb#173eb2&Prime; global_colors_info=\u00a0\u00bb{}\u00a0\u00bb toggle_font=\u00a0\u00bbPoppins|700|||||||\u00a0\u00bb toggle_font_size=\u00a0\u00bb18px\u00a0\u00bb closed_toggle_font=\u00a0\u00bbPoppins|700|||||||\u00a0\u00bb closed_toggle_font_size=\u00a0\u00bb18px\u00a0\u00bb open=\u00a0\u00bbon\u00a0\u00bb]<\/p>\n<p><span style=\"font-weight: 400;\">L&rsquo;a\u00e9roport de Cuneo est situ\u00e9 dans une position territoriale strat\u00e9gique : \u00e0 une courte distance des Alpes, des Langhe et de la mer, ce n&rsquo;est pas par hasard qu&rsquo;il est surnomm\u00e9 \u00ab\u00a0<\/span><b> A\u00e9roport des Langhe et Alpi del Mare<\/b><span style=\"font-weight: 400;\">\u00ab\u00a0. Situ\u00e9 le long de la route nationale 20 qui m\u00e8ne directement \u00e0 Colle di Tenda et Valle Roja \u00e0 la fronti\u00e8re avec la France, l&rsquo;a\u00e9roport est \u00e9galement \u00e0 quelques kilom\u00e8tres du Parc National du Mercantour et du Val d&rsquo;Oronaye, autres fronti\u00e8res fran\u00e7aises, et des plus importants Les villes de Cuneo et ses vall\u00e9es.<\/span><\/p>\n<table>\n<tbody>\n<tr>\n<td style=\"width: 578.984px;\"><span style=\"font-weight: 400;\">dix<\/span><span style=\"font-weight: 400;\"> km<\/span><a href=\"https:\/\/www.visitfossano.it\/contatti\/\" target=\"_blank\" rel=\"noopener\"><strong> Fossano<\/strong><\/a><span style=\"font-weight: 400;\">    <\/span><\/td>\n<td style=\"width: 325.996px;\">\n                            <a href=\"http:\/\/www.vallidelmonviso.it\/valle-po\/\" target=\"_blank\" rel=\"noopener\"><br \/>\n                              <span style=\"font-weight: 400;\">Vall\u00e9e du P\u00f4, Bronda et Infernotto<\/span><br \/>\n                            <\/a>\n                          <\/td>\n<\/tr>\n<tr>\n<td style=\"width: 578.984px;\"><span style=\"font-weight: 400;\">10 km<\/span><strong><a href=\"https:\/\/www.visitsavigliano.it\/contatti\/ufficio-turistico-iat\/\" target=\"_blank\" rel=\"noopener\"> Savigliano<\/a><\/strong><\/td>\n<td style=\"width: 325.996px;\">\n                            <a href=\"http:\/\/www.vallidelmonviso.it\/valle-varaita\/\" target=\"_blank\" rel=\"noopener\"><br \/>\n                              <span style=\"font-weight: 400;\">Vall\u00e9e de Varaita<\/span><br \/>\n                            <\/a>\n                          <\/td>\n<\/tr>\n<tr>\n<td style=\"width: 578.984px;\"><span style=\"font-weight: 400;\">20 km<\/span><a href=\"https:\/\/www.comune.cuneo.it\/la-citta\/ufficio-turistico.html\" target=\"_blank\" rel=\"noopener\"><strong> Coin<\/strong><\/a><\/td>\n<td style=\"width: 325.996px;\">\n                            <a href=\"https:\/\/www.vallemaira.org\/\" target=\"_blank\" rel=\"noopener\"><br \/>\n                              <span style=\"font-weight: 400;\">Vall\u00e9e de Maira<\/span><br \/>\n                            <\/a>\n                          <\/td>\n<\/tr>\n<tr>\n<td style=\"width: 578.984px;\"><span style=\"font-weight: 400;\">20 km<\/span> <strong><a href=\"https:\/\/comune.saluzzo.cn.it\/ufficio\/ufficio-informazioni-e-accoglienza-turistica-i-a-t\/\" target=\"_blank\" rel=\"noopener\">Saluzzo<\/a><\/strong> <\/td>\n<td style=\"width: 325.996px;\">\n                            <a href=\"http:\/\/www.vallegrana.it\/\" target=\"_blank\" rel=\"noopener\"><br \/>\n                              <span style=\"font-weight: 400;\">Vall\u00e9e de Grana<\/span><br \/>\n                            <\/a>\n                          <\/td>\n<\/tr>\n<tr>\n<td style=\"width: 578.984px;\"><span style=\"font-weight: 400;\">30 km<\/span><strong><a href=\"https:\/\/comune.mondovi.cn.it\/uffici\/249644\/turismo\" target=\"_blank\" rel=\"noopener\"> Mondov<\/a><\/strong><\/td>\n<td style=\"width: 325.996px;\">\n                            <a href=\"http:\/\/www.vallestura.cn.it\/\" target=\"_blank\" rel=\"noopener\"><br \/>\n                              <span style=\"font-weight: 400;\">Vall\u00e9e de Stura<\/span><br \/>\n                            <\/a>\n                          <\/td>\n<\/tr>\n<tr>\n<td style=\"width: 578.984px;\"><span style=\"font-weight: 400;\">30 km<\/span><strong><a href=\"https:\/\/www.turismoinbra.it\/\" target=\"_blank\" rel=\"noopener\"> Soutien-gorge<\/a><\/strong><\/td>\n<td style=\"width: 325.996px;\">\n                            <a href=\"https:\/\/www.cuneoholiday.com\/territorio\/le-valli\/valle-gesso\/\" target=\"_blank\" rel=\"noopener\"><br \/>\n                              <span style=\"font-weight: 400;\">Vall\u00e9e du Gesso<\/span><br \/>\n                            <\/a>\n                          <\/td>\n<\/tr>\n<tr>\n<td style=\"width: 578.984px;\"><span style=\"font-weight: 400;\">47 km<\/span><strong><a href=\"http:\/\/www.turismoinlanga.it\/it\/alba\/\" target=\"_blank\" rel=\"noopener\"> lever du soleil<\/a><\/strong><\/td>\n<td style=\"width: 325.996px;\">\n                            <a href=\"https:\/\/www.cuneoholiday.com\/territorio\/le-valli\/valle-vermenagna\/\" target=\"_blank\" rel=\"noopener\"><br \/>\n                              <span style=\"font-weight: 400;\">Vall\u00e9e Vermenagna<\/span><br \/>\n                            <\/a>\n                          <\/td>\n<\/tr>\n<tr>\n<td style=\"width: 578.984px;\"><span style=\"font-weight: 400;\">50 km<\/span><strong><a href=\"https:\/\/www.limoneturismo.it\/index.php?lang=ita\" target=\"_blank\" rel=\"noopener\"> Citron du Pi\u00e9mont<\/a><\/strong><\/td>\n<td style=\"width: 325.996px;\">\n                            <a href=\"https:\/\/www.cuneoholiday.com\/territorio\/le-valli\/valle-pesio\/\" target=\"_blank\" rel=\"noopener\"><br \/>\n                              <span style=\"font-weight: 400;\">Vall\u00e9e du Pesio<\/span><br \/>\n                            <\/a>\n                          <\/td>\n<\/tr>\n<tr>\n<td style=\"width: 578.984px;\"><span style=\"font-weight: 400;\">75 km<\/span><strong><a href=\"http:\/\/www.astiturismo.it\/\" target=\"_blank\" rel=\"noopener\"> Asti<\/a><\/strong><\/td>\n<td style=\"width: 325.996px;\">\n                            <a href=\"http:\/\/www.unionemontanavallimonregalesi.it\/\" target=\"_blank\" rel=\"noopener\"><br \/>\n                              <span style=\"font-weight: 400;\">Vall\u00e9es de Monregalesi<\/span><br \/>\n                            <\/a>\n                          <\/td>\n<\/tr>\n<tr>\n<td style=\"width: 578.984px;\"><span style=\"font-weight: 400;\">80 km<\/span><strong><a href=\"https:\/\/www.turismotorino.org\/it\" target=\"_blank\" rel=\"noopener\"> Turin<\/a><\/strong><\/td>\n<td style=\"width: 325.996px;\">\n                            <a href=\"https:\/\/www.valtanarolife.com\/\" target=\"_blank\" rel=\"noopener\"><br \/>\n                              <span style=\"font-weight: 400;\">Vall\u00e9e de Tanaro<\/span><br \/>\n                            <\/a>\n                          <\/td>\n<\/tr>\n<tr>\n<td style=\"width: 578.984px;\"><span style=\"font-weight: 400;\">83 km<\/span><strong><a href=\"https:\/\/visitsavona.com\/it\/\" target=\"_blank\" rel=\"noopener\">Savone<\/a><\/strong> <\/td>\n<td style=\"width: 325.996px;\">\n                            <a href=\"https:\/\/www.cuneoholiday.com\/territorio\/le-valli\/valli-mongia-e-cevetta-langa-cebana\/\" target=\"_blank\" rel=\"noopener\"><br \/>\n                              <span style=\"font-weight: 400;\">Vall\u00e9es Mongia, Cevetta, Langa Cebana<\/span><br \/>\n                            <\/a>\n                          <\/td>\n<\/tr>\n<tr>\n<td style=\"width: 578.984px;\">\n<p><span style=\"font-weight: 400;\">70-90 km<\/span><strong> La France<\/strong><\/p>\n<p>\n                              <strong><br \/>\n                                <a href=\"https:\/\/www.tendemerveilles.com\/\" target=\"_blank\" rel=\"noopener\">Tende <\/a><br \/>\n                              <\/strong>\n                            <\/p>\n<p>\n                              <strong><br \/>\n                                <a href=\"http:\/\/it.marittimemercantour.eu\/\" target=\"_blank\" rel=\"noopener\">Parc Europ\u00e9en des Alpes Maritimes &#8211; Mercantour<\/a><br \/>\n                              <\/strong>\n                            <\/p>\n<p>\n                              <strong><br \/>\n                                <a href=\"https:\/\/it.nicetourisme.com\/\" target=\"_blank\" rel=\"noopener\">Nice<\/a><br \/>\n                              <\/strong>\n                            <\/p>\n<\/td>\n<td style=\"width: 325.996px;\"><span style=\"font-weight: 400;\">Un beau site pour explorer toutes les vall\u00e9es qui nous entourent est<\/span><a href=\"http:\/\/www.turismocn.com\" target=\"_blank\" rel=\"noopener\"><span style=\"font-weight: 400;\"> www.turismocn.com<\/span><\/a><\/td>\n<\/tr>\n<\/tbody>\n<\/table>\n<p>                  [\/et_pb_accordion_item]<br \/>\n                  [et_pb_accordion_item title=\u00a0\u00bbD\u00e9couvrez la r\u00e9gion de Cuneo et ses montagnes\u00a0\u00bb open_toggle_text_color=\u00a0\u00bb#173eb2&Prime; open_toggle_background_color=\u00a0\u00bbRGBA(0,0,0,0)\u00a0\u00bb closed_toggle_background_color=\u00a0\u00bbRGBA(0,0,0,0)\u00a0\u00bb _builder_version=\u00a0\u00bb4.14.3&Prime; _module_preset=\u00a0\u00bbdefault\u00a0\u00bb body_font=\u00a0\u00bbRubik|300|||||||\u00a0\u00bb body_text_color=\u00a0\u00bb#000000&Prime; body_font_size=\u00a0\u00bb16px\u00a0\u00bb border_radii=\u00a0\u00bbon|6px|6px|6px|6px\u00a0\u00bb border_color_all=\u00a0\u00bb#173eb2&Prime; global_colors_info=\u00a0\u00bb{}\u00a0\u00bb toggle_font=\u00a0\u00bbPoppins|700|||||||\u00a0\u00bb toggle_font_size=\u00a0\u00bb18px\u00a0\u00bb closed_toggle_font=\u00a0\u00bbPoppins|700|||||||\u00a0\u00bb closed_toggle_font_size=\u00a0\u00bb18px\u00a0\u00bb open=\u00a0\u00bboff\u00a0\u00bb]<\/p>\n<p>\n                      <img loading=\"lazy\" decoding=\"async\" src=\"https:\/\/cuneoairport.com\/wp-content\/uploads\/2022\/04\/logo_colored_it.svg\" width=\"363\" height=\"108\" alt=\"\" class=\"wp-image-9846 alignright size-large\">\n                    <\/p>\n<p> <span style=\"font-weight: 400;\"><a href=\"https:\/\/cuneoairport.com\/wp-content\/uploads\/2022\/04\/logo_colored_it.svg\"><\/a>D\u00e9couvrez ce qu&rsquo;il y a \u00e0 faire et \u00e0 voir dans la r\u00e9gion de Cuneo \u00e0 l&rsquo;adresse suivante<\/span><a href=\"https:\/\/www.visitcuneese.it\" target=\"_blank\" rel=\"noopener\"><b>Office du tourisme de Cuneo <\/b><\/a>sur <span style=\"font-weight: 400;\"><\/span><a href=\"https:\/\/www.visitcuneese.it\">www.visitcuneese.it <span style=\"color: #000000;\">!<\/span><\/a><\/p>\n<p>\n                      <span><\/span>\n                    <\/p>\n<p><span><a href=\"https:\/\/www.cuneoalps.it\/\" target=\"_blank\" rel=\"noopener\"><img loading=\"lazy\" decoding=\"async\" src=\"https:\/\/cuneoairport.com\/wp-content\/uploads\/2021\/09\/cuneoalpslogocolori.png\" width=\"197\" height=\"95\" alt=\"\" class=\"wp-image-6997 alignnone size-full\" style=\"float: left;\"><\/a>Construisez vos vacances dans la province de Cuneo avec i<\/span><span>l&rsquo;\u00e9quipe de<a href=\"https:\/\/www.cuneoalps.it\/\" target=\"_blank\" rel=\"noopener\"><strong> CuneoAlps<\/strong><\/a> , qui vit et travaille en contact permanent avec le territoire et pour cette raison peut vous fournir de pr\u00e9cieuses suggestions pour mieux vous renseigner avec tous les services et l&rsquo;assistance n\u00e9cessaires pour r\u00e9server des vacances \u00e0 360 degr\u00e9s !<\/span> <span style=\"font-size: 16px;\"><\/span><a href=\"https:\/\/www.cuneoalps.it\/\" target=\"_blank\" rel=\"noopener\" style=\"font-size: 16px;\">Cherchez, trouvez et r\u00e9servez avec CuneoAlps !<\/a><\/p>\n<p>                  [\/et_pb_accordion_item]<br \/>\n                  [et_pb_accordion_item title=\u00a0\u00bbD\u00e9couverte d&rsquo;Alba et de la r\u00e9gion viticole des Langhe, Monferrato et Roero\u00a0\u00bb open_toggle_text_color=\u00a0\u00bb#173eb2&Prime; open_toggle_background_color=\u00a0\u00bbRGBA(0,0,0,0)\u00a0\u00bb closed_toggle_background_color=\u00a0\u00bbRGBA(0,0,0,0)\u00a0\u00bb _builder_version=\u00a0\u00bb4.9.10&Prime; _module_preset=\u00a0\u00bbdefault\u00a0\u00bb body_font=\u00a0\u00bbRubik|300|||||||\u00a0\u00bb body_text_color=\u00a0\u00bb#000000&Prime; body_font_size=\u00a0\u00bb16px\u00a0\u00bb border_radii=\u00a0\u00bbon|6px|6px|6px|6px\u00a0\u00bb border_color_all=\u00a0\u00bb#173eb2&Prime; global_colors_info=\u00a0\u00bb{}\u00a0\u00bb toggle_font=\u00a0\u00bbPoppins|700|||||||\u00a0\u00bb toggle_font_size=\u00a0\u00bb18px\u00a0\u00bb closed_toggle_font=\u00a0\u00bbPoppins|700|||||||\u00a0\u00bb closed_toggle_font_size=\u00a0\u00bb18px\u00a0\u00bb open=\u00a0\u00bboff\u00a0\u00bb]<\/p>\n<p>\n                      <a href=\"https:\/\/www.visitlmr.it\/it\" target=\"_blank\" rel=\"noopener\"><br \/>\n                        <img loading=\"lazy\" decoding=\"async\" src=\"https:\/\/cuneoairport.com\/wp-content\/uploads\/2021\/08\/presentato-il-nuovo-logo-dell-atl-langhe-roero-e-monferrato-142355-300x169.jpeg\" width=\"290\" height=\"163\" alt=\"\" class=\"wp-image-3665 alignnone size-medium\" style=\"font-size: 16px; background-color: #ffffff; font-family: rubik; float: left;\"><br \/>\n                      <\/a>\n                    <\/p>\n<p>\n                      <span style=\"font-weight: 400;\">Inspirez-vous et d\u00e9couvrez le meilleur de<a href=\"https:\/\/www.visitlmr.it\/it\/homepage\" target=\"_blank\" rel=\"noopener\"><strong> Langhe Monferrato Roero<\/strong><\/a> ! <\/span>\n                    <\/p>\n<p><span style=\"font-weight: 400;\">Plongez dans une atmosph\u00e8re unique entre pays du vin et de la truffe<\/span><span style=\"font-weight: 400;\"> reposant sur<\/span><a href=\"https:\/\/www.langhe-experience.it\/it\/\" target=\"_blank\" rel=\"noopener\"><b> Exp\u00e9rience Langhe<\/b><\/a><span style=\"font-weight: 400;\"> qui s\u00e9lectionne pour vous des installations, des lieux d&rsquo;\u00e9v\u00e9nements, des services, des activit\u00e9s : en collaboration avec des professionnels, il vous offre le meilleur du territoire !<\/span> <\/p>\n<p><span style=\"font-weight: 400;\">Plus d&rsquo;infos sur ces terres sur :<\/span><a href=\"http:\/\/www.turismoinlanga.it\/it\/\" target=\"_blank\" rel=\"noopener\"><span style=\"font-weight: 400;\"> www.turismoinlanga.it<\/span><\/a><\/p>\n<p>                  [\/et_pb_accordion_item]<br \/>\n                  [et_pb_accordion_item title=\u00a0\u00bbBesoin d&rsquo;une nuit pr\u00e8s de l&rsquo;a\u00e9roport ?\u00a0\u00bb open=\u00a0\u00bboff\u00a0\u00bb open_toggle_text_color=\u00a0\u00bb#173eb2&Prime; open_toggle_background_color=\u00a0\u00bbRGBA(0,0,0,0)\u00a0\u00bb closed_toggle_background_color=\u00a0\u00bbRGBA(0,0,0,0)\u00a0\u00bb _builder_version=\u00a0\u00bb4.9.10&Prime; _module_preset=\u00a0\u00bbdefault\u00a0\u00bb body_font=\u00a0\u00bbRubik|300|||||||\u00a0\u00bb body_text_color=\u00a0\u00bb#000000&Prime; body_font_size=\u00a0\u00bb16px\u00a0\u00bb border_radii=\u00a0\u00bbon|6px|6px|6px|6px\u00a0\u00bb border_color_all=\u00a0\u00bb#173eb2&Prime; global_colors_info=\u00a0\u00bb{}\u00a0\u00bb toggle_font=\u00a0\u00bbPoppins|700|||||||\u00a0\u00bb toggle_font_size=\u00a0\u00bb18px\u00a0\u00bb closed_toggle_font=\u00a0\u00bbPoppins|700|||||||\u00a0\u00bb closed_toggle_font_size=\u00a0\u00bb18px\u00a0\u00bb]<\/p>\n<h4>\n                      <b>Voici les structures les plus proches de nous !<\/b><br \/>\n                    <\/h4>\n<table border=\"1\" style=\"border-collapse: collapse; width: 100%;\">\n<tbody>\n<tr>\n<td style=\"width: 50%;\">\n                            <b>Avec navette a\u00e9roport<\/b>\n                          <\/td>\n<td style=\"width: 50%;\">\n                            <b>Sans navette a\u00e9roport<\/b>\n                          <\/td>\n<\/tr>\n<tr>\n<td style=\"width: 50%;\"><span>B&amp;B L&rsquo;Artista, \u00e0<\/span> <i><span>10 min de l&rsquo;a\u00e9roport \u20ac<\/span><\/i><\/td>\n<td style=\"width: 50%;\"><span>Cascina Garaita,<\/span><i><span> 8 min de l&rsquo;a\u00e9roport \u20ac<\/span><\/i><\/td>\n<\/tr>\n<tr>\n<td style=\"width: 50%;\"><span>Ancienne Villa Coni,<\/span><i><span> 13 min de l&rsquo;a\u00e9roport \u20ac\u20ac<\/span><\/i><\/td>\n<td style=\"width: 50%;\"><span>H\u00f4tel Dama,<\/span><i><span> 10 min de l&rsquo;a\u00e9roport \u20ac\u20ac\u20ac<\/span><\/i><\/td>\n<\/tr>\n<tr>\n<td style=\"width: 50%;\"><span>B&amp;B Torre dei Frati,<\/span><i><span> 15 min de l&rsquo;a\u00e9roport \u20ac\u20ac<\/span><\/i><\/td>\n<td style=\"width: 50%;\"><span>Appartement Loft Le Palme,<\/span><i><span> 12 min de l&rsquo;a\u00e9roport \u20ac\u20ac<\/span><\/i><\/td>\n<\/tr>\n<tr>\n<td style=\"width: 50%;\"><span>Le Bambuseto,<\/span><i><span> 15 min de l&rsquo;a\u00e9roport \u20ac\u20ac<\/span><\/i><\/td>\n<td style=\"width: 50%;\"><span>H\u00f4tel Romanisio,<\/span><i><span> 13 min de l&rsquo;a\u00e9roport \u20ac\u20ac\u20ac<\/span><\/i><\/td>\n<\/tr>\n<tr>\n<td style=\"width: 50%;\"><span>Cascina La Barona,<\/span><i><span> 16 min de l&rsquo;a\u00e9roport \u20ac\u20ac<\/span><\/i><\/td>\n<td style=\"width: 50%;\"><span>Couronn\u00e9 22,<\/span><i><span> 14 min de l&rsquo;a\u00e9roport \u20ac\u20ac<\/span><\/i><\/td>\n<\/tr>\n<tr>\n<td style=\"width: 50%;\"><span>La maison des contes de f\u00e9es,<\/span><i><span> 16 min de l&rsquo;a\u00e9roport \u20ac\u20ac<\/span><\/i><\/td>\n<td style=\"width: 50%;\"><span>El Garbin,<\/span><i><span> 16 min de l&rsquo;a\u00e9roport \u20ac\u20ac<\/span><\/i><\/td>\n<\/tr>\n<tr>\n<td style=\"width: 50%;\"><span>B&amp;B Cascina Belmonte,<\/span><i><span> 16 min de l&rsquo;a\u00e9roport \u20ac\u20ac<\/span><\/i><\/td>\n<td style=\"width: 50%;\"><span>Appartements Il Borgo Orchidea,<\/span><i><span> 16 min de l&rsquo;a\u00e9roport \u20ac\u20ac\u20ac<\/span><\/i><\/td>\n<\/tr>\n<tr>\n<td style=\"width: 50%;\"><span>H\u00f4tel,<\/span><i><span> 17 min de l&rsquo;a\u00e9roport \u20ac\u20ac<\/span><\/i><\/td>\n<td style=\"width: 50%;\"><span>Ferme de fleurs de courgettes,<\/span><i><span> 20 min de l&rsquo;a\u00e9roport \u20ac\u20ac\u20ac<\/span><\/i><\/td>\n<\/tr>\n<tr>\n<td style=\"width: 50%;\"><span>Ch\u00e2teau rouge,<\/span><i><span> 17 min de l&rsquo;a\u00e9roport \u20ac\u20ac\u20ac\u20ac<\/span><\/i><\/td>\n<td style=\"width: 50%;\"><span>H\u00f4tel Ceretto,<\/span><i><span> 20 min de l&rsquo;a\u00e9roport \u20ac\u20ac<\/span><\/i><\/td>\n<\/tr>\n<tr>\n<td style=\"width: 50%;\">\n                            <span>Dimora Castello dei Conti, <i><span>21 min de l&rsquo;a\u00e9roport \u20ac\u20ac<\/span><\/i><br \/><\/span>\n                          <\/td>\n<td style=\"width: 50%;\"><span>B&amp;B Villa Antilia,<\/span><i><span> 21 min de l&rsquo;a\u00e9roport \u20ac\u20ac\u20ac<\/span><\/i><\/td>\n<\/tr>\n<tr>\n<td style=\"width: 50%;\">\n                            <span>San francesco Guest House, <i><span>18 min de l&rsquo;a\u00e9roport \u20ac\u20ac<\/span><\/i><br \/><\/span>\n                          <\/td>\n<td style=\"width: 50%;\"><\/td>\n<\/tr>\n<\/tbody>\n<\/table>\n<p>                  [\/et_pb_accordion_item]<br \/>\n                [\/et_pb_accordion]<br \/>\n              [\/et_pb_column]<br \/>\n            [\/et_pb_row]<br \/>\n            [et_pb_row column_structure=\u00a0\u00bb1_2,1_2&Prime; _builder_version=\u00a0\u00bb4.14.3&Prime; _module_preset=\u00a0\u00bbdefault\u00a0\u00bb width=\u00a0\u00bb90%\u00a0\u00bb global_colors_info=\u00a0\u00bb{}\u00a0\u00bb]<br \/>\n              [et_pb_column type=\u00a0\u00bb1_2&Prime; _builder_version=\u00a0\u00bb4.9.10&Prime; _module_preset=\u00a0\u00bbdefault\u00a0\u00bb global_colors_info=\u00a0\u00bb{}\u00a0\u00bb]<br \/>\n                [et_pb_accordion closed_toggle_text_color=\u00a0\u00bb#173eb2&Prime; icon_color=\u00a0\u00bb#173eb2&Prime; use_icon_font_size=\u00a0\u00bbon\u00a0\u00bb icon_font_size=\u00a0\u00bb19px\u00a0\u00bb _builder_version=\u00a0\u00bb4.9.10&Prime; _module_preset=\u00a0\u00bbdefault\u00a0\u00bb global_colors_info=\u00a0\u00bb{}\u00a0\u00bb]<br \/>\n                  [et_pb_accordion_item title=\u00a0\u00bbVoulez-vous de la neige?\u00a0\u00bb open_toggle_text_color=\u00a0\u00bb#173eb2&Prime; open_toggle_background_color=\u00a0\u00bbRGBA(0,0,0,0)\u00a0\u00bb closed_toggle_background_color=\u00a0\u00bbRGBA(0,0,0,0)\u00a0\u00bb _builder_version=\u00a0\u00bb4.9.10&Prime; _module_preset=\u00a0\u00bbdefault\u00a0\u00bb body_font=\u00a0\u00bbRubik|300|||||||\u00a0\u00bb body_text_color=\u00a0\u00bb#000000&Prime; body_font_size=\u00a0\u00bb16px\u00a0\u00bb border_radii=\u00a0\u00bbon|6px|6px|6px|6px\u00a0\u00bb border_color_all=\u00a0\u00bb#173eb2&Prime; global_colors_info=\u00a0\u00bb{}\u00a0\u00bb toggle_font=\u00a0\u00bbPoppins|700|||||||\u00a0\u00bb toggle_font_size=\u00a0\u00bb18px\u00a0\u00bb closed_toggle_font=\u00a0\u00bbPoppins|700|||||||\u00a0\u00bb closed_toggle_font_size=\u00a0\u00bb18px\u00a0\u00bb open=\u00a0\u00bbon\u00a0\u00bb]<\/p>\n<p><span style=\"font-weight: 400;\">Artesina, Frabosa Soprana et Prato Nevoso sont toutes les stations de ski qui composent la r\u00e9gion<\/span><a href=\"http:\/\/www.mondole.it\/home.asp\" target=\"_blank\" rel=\"noopener\"><b> Mondol\u00e8 ski<\/b><\/a><span style=\"font-weight: 400;\"> .<\/span><\/p>\n<p>\n                      <span style=\"font-weight: 400;\">Situ\u00e9 au c\u0153ur des Alpes pi\u00e9montaises dans la province de Cuneo, il offre plus de 130 km de pistes bien entretenues, des remont\u00e9es m\u00e9caniques de premier ordre, de l&rsquo;enneigement artificiel, des \u00e9coles de ski dipl\u00f4m\u00e9es et des clubs de ski sp\u00e9cialis\u00e9s pour tous les amoureux de la neige.<\/span>\n                    <\/p>\n<p>\n                      <span style=\"font-weight: 400;\">On y trouve \u00e9galement de nombreux \u00e9quipements tels que des h\u00f4tels, r\u00e9sidences et appartements qui offrent plus de 4000 lits, sans oublier tous les restaurants, clubs typiques, pubs, refuges, refuges d&rsquo;altitude et activit\u00e9s commerciales qui font du domaine skiable de Mondol\u00e8 un endroit \u00e0 faire r\u00eaver. touristes de tous \u00e2ges.<\/span>\n                    <\/p>\n<p>\n                      <span style=\"font-weight: 400;\">Pour plus d&rsquo;informations voir :<\/span>\n                    <\/p>\n<p>\n                      <a href=\"http:\/\/www.pratonevoso.com\/\" target=\"_blank\" rel=\"noopener\"><br \/>\n                        <span style=\"font-weight: 400;\">www.pratonevoso.com <\/span><br \/>\n                      <\/a>\n                    <\/p>\n<p>\n                      <span style=\"font-weight: 400;\"><br \/>\n                        <a href=\"http:\/\/www.mondole.it\" target=\"_blank\" rel=\"noopener\">www.mondole.it<\/a><br \/>\n                        <a href=\"http:\/\/www.mondole.it\/\" target=\"_blank\" rel=\"noopener\"><\/a><br \/>\n                      <\/span>\n                    <\/p>\n<p>\n                      <span style=\"font-weight: 400;\"><\/span>\n                    <\/p>\n<p><span style=\"font-weight: 400;\">Les \u00ab\u00a0<\/span><a href=\"https:\/\/riservabianca.it\/\" target=\"_blank\" rel=\"noopener\"><b> R\u00e9serve blanche<\/b><\/a><span style=\"font-weight: 400;\"> \u00ab A Limone Piemonte, situ\u00e9 dans la province de Cuneo, offre aux touristes des neiges 80 kilom\u00e8tres de pistes, 16 remont\u00e9es m\u00e9caniques dont 1 t\u00e9l\u00e9ph\u00e9rique et 11 t\u00e9l\u00e9si\u00e8ges, un magnifique bassin qui relie trois vall\u00e9es.<\/span><\/p>\n<p>\n                      <span style=\"font-weight: 400;\">Limone Piemonte r\u00e9pond aux besoins de tous les touristes, des plus petits aux plus exp\u00e9riment\u00e9s : il existe en effet des oasis de tranquillit\u00e9 comme les Kinder Parks, o\u00f9 les enfants peuvent vivre en toute s\u00e9curit\u00e9 leur premier impact avec la neige, et des coins de paradis pour tous. -boarders, comme le snow-park \u00e9quip\u00e9 de sauts et de rampes pour tous les amoureux de ce sport.<\/span>\n                    <\/p>\n<p>\n                      <span style=\"font-weight: 400;\">De plus, la Riserva Bianca propose 10 splendides cabanes o\u00f9 vous pourrez vous arr\u00eater et d\u00e9guster la bonne cuisine pi\u00e9montaise en haute altitude.<\/span>\n                    <\/p>\n<p><span style=\"font-weight: 400;\">Pour plus d&rsquo;informations, visitez le site Web:<\/span><a href=\"http:\/\/www.riservabianca.it\/\" target=\"_blank\" rel=\"noopener\"><span style=\"font-weight: 400;\"> www.riservabianca.it<\/span><\/a><\/p>\n<p>                  [\/et_pb_accordion_item]<br \/>\n                  [et_pb_accordion_item title=\u00a0\u00bbAmateur de randonn\u00e9e ?\u00a0\u00bb open_toggle_text_color=\u00a0\u00bb#173eb2&Prime; open_toggle_background_color=\u00a0\u00bbRGBA(0,0,0,0)\u00a0\u00bb closed_toggle_background_color=\u00a0\u00bbRGBA(0,0,0,0)\u00a0\u00bb _builder_version=\u00a0\u00bb4.9.10&Prime; _module_preset=\u00a0\u00bbdefault\u00a0\u00bb body_font=\u00a0\u00bbRubik|300|||||||\u00a0\u00bb body_text_color=\u00a0\u00bb#000000&Prime; body_font_size=\u00a0\u00bb16px\u00a0\u00bb border_radii=\u00a0\u00bbon|6px|6px|6px|6px\u00a0\u00bb border_color_all=\u00a0\u00bb#173eb2&Prime; global_colors_info=\u00a0\u00bb{}\u00a0\u00bb toggle_font=\u00a0\u00bbPoppins|700|||||||\u00a0\u00bb toggle_font_size=\u00a0\u00bb18px\u00a0\u00bb closed_toggle_font=\u00a0\u00bbPoppins|700|||||||\u00a0\u00bb closed_toggle_font_size=\u00a0\u00bb18px\u00a0\u00bb open=\u00a0\u00bboff\u00a0\u00bb]<\/p>\n<p>\n                      <span style=\"font-weight: 400;\">Randonn\u00e9es, Sentiers, Refuges, Bivouacs et bien d&rsquo;autres informations sur :<a href=\"http:\/\/www.alpicuneesi.it\" target=\"_blank\" rel=\"noopener\"> www.alpicuneesi.it<\/a> <\/span>\n                    <\/p>\n<p><span style=\"font-weight: 400;\">Plus de 500 excursions dans les vall\u00e9es de Cuneo sur<\/span><strong><a href=\"https:\/\/cuneotrekking.com\/\" target=\"_blank\" rel=\"noopener\"> Cuneo Trekking<\/a> ,<\/strong><span style=\"color: #000000;\"> \u00e9galement disponible en version application !<\/span><\/p>\n<p><span style=\"font-weight: 400;\">Informations sur les Vall\u00e9es de Cuneo sur<\/span><span style=\"font-weight: 400;\"><span style=\"font-weight: 400;\"><a href=\"http:\/\/www.turismocn.com\" target=\"_blank\" rel=\"noopener\"> www.turismocn.com<\/a> Et<a href=\"http:\/\/www.cuneoholiday.it\" target=\"_blank\" rel=\"noopener\"> www.cuneoholiday.com<\/a><\/span><\/span><\/p>\n<p>\n                      <span style=\"font-weight: 400;\"> <\/span>\n                    <\/p>\n<p>                  [\/et_pb_accordion_item]<br \/>\n                  [et_pb_accordion_item title=\u00a0\u00bbExp\u00e9riences en plein air\u00a0\u00bb open=\u00a0\u00bboff\u00a0\u00bb open_toggle_text_color=\u00a0\u00bb#173eb2&Prime; open_toggle_background_color=\u00a0\u00bbRGBA(0,0,0,0)\u00a0\u00bb closed_toggle_background_color=\u00a0\u00bbRGBA(0,0,0,0)\u00a0\u00bb _builder_version=\u00a0\u00bb4.9.10&Prime; _module_preset=\u00a0\u00bbdefault\u00a0\u00bb body_font=\u00a0\u00bbRubik|300|||||||\u00a0\u00bb body_text_color=\u00a0\u00bb#000000&Prime; body_font_size=\u00a0\u00bb16px\u00a0\u00bb border_radii=\u00a0\u00bbon|6px|6px|6px|6px\u00a0\u00bb border_color_all=\u00a0\u00bb#173eb2&Prime; global_colors_info=\u00a0\u00bb{}\u00a0\u00bb toggle_font=\u00a0\u00bbPoppins|700|||||||\u00a0\u00bb toggle_font_size=\u00a0\u00bb18px\u00a0\u00bb closed_toggle_font=\u00a0\u00bbPoppins|700|||||||\u00a0\u00bb closed_toggle_font_size=\u00a0\u00bb18px\u00a0\u00bb]<\/p>\n<p><span style=\"font-weight: 400;\">D\u00e9couvrez le tourisme de plein air dans les Alpes, les Langhe, le Monferrato et le Roero :<\/span><a href=\"https:\/\/wowoutdoor.it\/\" target=\"_blank\" rel=\"noopener\"> www.wowoutdoor.it<\/a><\/p>\n<p>\n                      <b><br \/>\n                        <img loading=\"lazy\" decoding=\"async\" src=\"https:\/\/cuneoairport.com\/wp-content\/uploads\/2021\/08\/Wonderful-Outdoor-World-logo-150-1.png\" width=\"150\" height=\"115\" alt=\"\" class=\"wp-image-3666 alignnone size-full\" style=\"float: left;\"><br \/>\n                      <\/b>\n                    <\/p>\n<p>                  [\/et_pb_accordion_item]<br \/>\n                [\/et_pb_accordion]<br \/>\n              [\/et_pb_column]<br \/>\n              [et_pb_column type=\u00a0\u00bb1_2&Prime; _builder_version=\u00a0\u00bb4.14.3&Prime; _module_preset=\u00a0\u00bbdefault\u00a0\u00bb global_colors_info=\u00a0\u00bb{}\u00a0\u00bb]<br \/>\n                [et_pb_accordion closed_toggle_text_color=\u00a0\u00bb#173eb2&Prime; icon_color=\u00a0\u00bb#173eb2&Prime; use_icon_font_size=\u00a0\u00bbon\u00a0\u00bb icon_font_size=\u00a0\u00bb19px\u00a0\u00bb _builder_version=\u00a0\u00bb4.14.3&Prime; _module_preset=\u00a0\u00bbdefault\u00a0\u00bb global_colors_info=\u00a0\u00bb{}\u00a0\u00bb]<br \/>\n                  [et_pb_accordion_item title=\u00a0\u00bbEnvie de mer ?\u00a0\u00bb open=\u00a0\u00bbon\u00a0\u00bb open_toggle_text_color=\u00a0\u00bb#173eb2&Prime; open_toggle_background_color=\u00a0\u00bbRGBA(0,0,0,0)\u00a0\u00bb closed_toggle_background_color=\u00a0\u00bbRGBA(0,0,0,0)\u00a0\u00bb _builder_version=\u00a0\u00bb4.9.10&Prime; _module_preset=\u00a0\u00bbdefault\u00a0\u00bb body_font=\u00a0\u00bbRubik|300|||||||\u00a0\u00bb body_text_color=\u00a0\u00bb#000000&Prime; body_font_size=\u00a0\u00bb16px\u00a0\u00bb border_radii=\u00a0\u00bbon|6px|6px|6px|6px\u00a0\u00bb border_color_all=\u00a0\u00bb#173eb2&Prime; global_colors_info=\u00a0\u00bb{}\u00a0\u00bb toggle_font=\u00a0\u00bbPoppins|700|||||||\u00a0\u00bb toggle_font_size=\u00a0\u00bb18px\u00a0\u00bb closed_toggle_font=\u00a0\u00bbPoppins|700|||||||\u00a0\u00bb closed_toggle_font_size=\u00a0\u00bb18px\u00a0\u00bb]<\/p>\n<p><span style=\"font-weight: 400;\">Depuis l&rsquo;a\u00e9roport de Cuneo, vous pouvez facilement rejoindre les belles c\u00f4tes liguriennes en seulement 1,20 h en voiture, d\u00e9couvrez ce qu&rsquo;il ne faut pas manquer dans la r\u00e9gion de<\/span><a href=\"https:\/\/visitsavona.com\/it\/%20\" target=\"_blank\" rel=\"noopener\"><b> Savone<\/b><\/a><span style=\"font-weight: 400;\"> !<\/span> <\/p>\n<p>                  [\/et_pb_accordion_item]<br \/>\n                  [et_pb_accordion_item title=\u00a0\u00bbPassionn\u00e9 d&rsquo;escalade ?\u00a0\u00bb open_toggle_text_color=\u00a0\u00bb#173eb2&Prime; open_toggle_background_color=\u00a0\u00bbRGBA(0,0,0,0)\u00a0\u00bb closed_toggle_background_color=\u00a0\u00bbRGBA(0,0,0,0)\u00a0\u00bb _builder_version=\u00a0\u00bb4.9.10&Prime; _module_preset=\u00a0\u00bbdefault\u00a0\u00bb body_font=\u00a0\u00bbRubik|300|||||||\u00a0\u00bb body_text_color=\u00a0\u00bb#000000&Prime; body_font_size=\u00a0\u00bb16px\u00a0\u00bb border_radii=\u00a0\u00bbon|6px|6px|6px|6px\u00a0\u00bb border_color_all=\u00a0\u00bb#173eb2&Prime; global_colors_info=\u00a0\u00bb{}\u00a0\u00bb toggle_font=\u00a0\u00bbPoppins|700|||||||\u00a0\u00bb toggle_font_size=\u00a0\u00bb18px\u00a0\u00bb closed_toggle_font=\u00a0\u00bbPoppins|700|||||||\u00a0\u00bb closed_toggle_font_size=\u00a0\u00bb18px\u00a0\u00bb open=\u00a0\u00bboff\u00a0\u00bb]<\/p>\n<p>Notre r\u00e9gion offre de nombreuses alternatives aux amateurs d&rsquo;escalade !<\/p>\n<p>Voici quelques sites o\u00f9 vous pouvez en savoir plus :<\/p>\n<p>\n                      <a href=\"https:\/\/www.climbook.com\/regioni\/37-italia-piemonte\" target=\"_blank\" rel=\"noopener\">https:\/\/www.climbook.com\/regioni\/37-italia-piemonte<\/a>\n                    <\/p>\n<p>\n                      <a href=\"https:\/\/www.cuneoholiday.com\/attivita-outdoor\/arrampicata\/\" target=\"_blank\" rel=\"noopener\">https:\/\/www.cuneoholiday.com\/attivita-outdoor\/arrampicata\/<\/a>\n                    <\/p>\n<p>\n                      <a href=\"https:\/\/www.falesia.it\/it\/section\/36\/piemonte.html\" target=\"_blank\" rel=\"noopener\">https:\/\/www.falesia.it\/it\/section\/36\/piemonte.html<\/a>\n                    <\/p>\n<p>\n                      <span style=\"font-weight: 400;\"> <\/span>\n                    <\/p>\n<p>                  [\/et_pb_accordion_item]<br \/>\n                  [et_pb_accordion_item title=\u00a0\u00bbO\u00f9 s\u00e9journer dans le Pi\u00e9mont ?\u00a0\u00bb open_toggle_text_color=\u00a0\u00bb#173eb2&Prime; open_toggle_background_color=\u00a0\u00bbRGBA(0,0,0,0)\u00a0\u00bb closed_toggle_background_color=\u00a0\u00bbRGBA(0,0,0,0)\u00a0\u00bb _builder_version=\u00a0\u00bb4.9.10&Prime; _module_preset=\u00a0\u00bbdefault\u00a0\u00bb body_font=\u00a0\u00bbRubik|300|||||||\u00a0\u00bb body_text_color=\u00a0\u00bb#000000&Prime; body_font_size=\u00a0\u00bb16px\u00a0\u00bb border_radii=\u00a0\u00bbon|6px|6px|6px|6px\u00a0\u00bb border_color_all=\u00a0\u00bb#173eb2&Prime; global_colors_info=\u00a0\u00bb{}\u00a0\u00bb toggle_font=\u00a0\u00bbPoppins|700|||||||\u00a0\u00bb toggle_font_size=\u00a0\u00bb18px\u00a0\u00bb closed_toggle_font=\u00a0\u00bbPoppins|700|||||||\u00a0\u00bb closed_toggle_font_size=\u00a0\u00bb18px\u00a0\u00bb open=\u00a0\u00bboff\u00a0\u00bb]<\/p>\n<p><a href=\"http:\/\/www.bookingpiemonte.it\/\" target=\"_blank\" rel=\"noopener\"><b>R\u00e9servation Pi\u00e9mont<\/b><\/a><span style=\"font-weight: 400;\"> offre la possibilit\u00e9 de r\u00e9server des chambres et propose des packages touristiques qui peuvent \u00eatre conditionn\u00e9s de mani\u00e8re pr\u00e9configur\u00e9e ou dynamique selon diff\u00e9rents types de produits, la saisonnalit\u00e9 ou en relation avec des \u00e9v\u00e9nements de grand attrait.<\/span><\/p>\n<p>\n                      <a href=\"https:\/\/booking.bookingpiemonte.it\/index.cfm\/it\/\" target=\"_blank\" rel=\"noopener\"><br \/>\n                        <span style=\"font-weight: 400;\">V\u00e9rifiez la disponibilit\u00e9 pour la nuit maintenant!<\/span><br \/>\n                      <\/a>\n                    <\/p>\n<p>\n                      <span style=\"font-weight: 400;\"><br \/>\n                        <img loading=\"lazy\" decoding=\"async\" src=\"https:\/\/cuneoairport.com\/wp-content\/uploads\/2021\/08\/Booking-piemonte-Hospitality-LOGO-1024x602-1-300x176.jpeg\" width=\"300\" height=\"176\" alt=\"\" class=\"wp-image-3668 alignnone size-medium\" style=\"float: left;\"><br \/>\n                      <\/span>\n                    <\/p>\n<p>                  [\/et_pb_accordion_item]<br \/>\n                  [et_pb_accordion_item title=\u00a0\u00bbS\u00e9jours touristiques dans le Pi\u00e9mont\u00a0\u00bb open_toggle_text_color=\u00a0\u00bb#173eb2&Prime; open_toggle_background_color=\u00a0\u00bbRGBA(0,0,0,0)\u00a0\u00bb closed_toggle_background_color=\u00a0\u00bbRGBA(0,0,0,0)\u00a0\u00bb _builder_version=\u00a0\u00bb4.14.3&Prime; _module_preset=\u00a0\u00bbdefault\u00a0\u00bb body_font=\u00a0\u00bbRubik|300|||||||\u00a0\u00bb body_text_color=\u00a0\u00bb#000000&Prime; body_font_size=\u00a0\u00bb16px\u00a0\u00bb border_radii=\u00a0\u00bbon|6px|6px|6px|6px\u00a0\u00bb border_color_all=\u00a0\u00bb#173eb2&Prime; global_colors_info=\u00a0\u00bb{}\u00a0\u00bb toggle_font=\u00a0\u00bbPoppins|700|||||||\u00a0\u00bb toggle_font_size=\u00a0\u00bb18px\u00a0\u00bb closed_toggle_font=\u00a0\u00bbPoppins|700|||||||\u00a0\u00bb closed_toggle_font_size=\u00a0\u00bb18px\u00a0\u00bb open=\u00a0\u00bboff\u00a0\u00bb]<\/p>\n<p><a href=\"https:\/\/www.tortugaviaggi.it\/\" target=\"_blank\" rel=\"noopener\">TORTUGA TRAVEL<\/a><span> e <\/span><a href=\"https:\/\/www.lookingaround.it\/\" target=\"_blank\" rel=\"noopener\">Regarder autour de soi<\/a><span> organiser des forfaits touristiques pour d\u00e9couvrir la beaut\u00e9 du Pi\u00e9mont sur des vols en provenance de l&rsquo;a\u00e9roport de Cuneo.<\/span><\/p>\n<p>\n                      <a href=\"https:\/\/cuneoairport.com\/pacchetti-turistici-piemonte\/\">D\u00e9couvrez les forfaits de voyage &gt;&gt;<\/a>\n                    <\/p>\n<\/p>\n<p>\n                      <strong>Pour des informations et des contacts ou des formules sur mesure :<\/strong>\n                    <\/p>\n<p> <a href=\"https:\/\/www.tortugaviaggi.it\/\" target=\"_blank\" rel=\"noopener\">TORTUGA VIAGGI<\/a><span> <\/span>Fossano 0172636112<\/p>\n<p>Nicoletta 3396712758 &#8211; e-mail : <a href=\"mailto:info@tortugaviaggi.it\">info@tortugaviaggi.it<\/a><\/p>\n<p> <a href=\"https:\/\/www.lookingaround.it\/\" target=\"_blank\" rel=\"noopener\">Regarder autour de<\/a><span> <\/span>&#8211; Luca Giraudo<\/p>\n<p>Whatsapp 333 6678359 &#8211; e-mail : <a href=\"mailto:lucagira64@gmail.com\">lucagira64@gmail.com<\/a><\/p>\n<p>                  [\/et_pb_accordion_item]<br \/>\n                [\/et_pb_accordion]<br \/>\n                [et_pb_gallery gallery_ids=\u00a0\u00bb9280,9289,9277,9271,9265,9268,9274,9283,9292,9286&Prime; fullwidth=\u00a0\u00bbon\u00a0\u00bb _builder_version=\u00a0\u00bb4.14.3&Prime; _module_preset=\u00a0\u00bbdefault\u00a0\u00bb background_layout=\u00a0\u00bbdark\u00a0\u00bb width=\u00a0\u00bb100%\u00a0\u00bb min_height=\u00a0\u00bb277.5px\u00a0\u00bb custom_margin=\u00a0\u00bb24px|||||\u00a0\u00bb custom_padding=\u00a0\u00bb1px||2px|||\u00a0\u00bb animation_style=\u00a0\u00bbfade\u00a0\u00bb auto=\u00a0\u00bbon\u00a0\u00bb auto_speed=\u00a0\u00bb5000&Prime; global_colors_info=\u00a0\u00bb{}\u00a0\u00bb][\/et_pb_gallery]<br \/>\n              [\/et_pb_column]<br \/>\n            [\/et_pb_row]<br \/>\n          [\/et_pb_section]<\/p>\n","protected":false},"excerpt":{"rendered":"<p>TOURISME Pi\u00e9mont. L&rsquo;exp\u00e9rience \u00e0 laquelle vous ne vous attendez pas. L&rsquo;a\u00e9roport de Cuneo est situ\u00e9 dans une position territoriale strat\u00e9gique : \u00e0 une courte distance des Alpes, des Langhe et de la mer, ce n&rsquo;est pas par hasard qu&rsquo;il est surnomm\u00e9 \u00a0\u00bb A\u00e9roport des Langhe et Alpi del Mare\u00a0\u00bb. Situ\u00e9 le long de la route [&hellip;]<\/p>\n","protected":false},"author":3,"featured_media":0,"parent":0,"menu_order":0,"comment_status":"closed","ping_status":"closed","template":"","meta":{"_acf_changed":false,"_et_pb_use_builder":"on","_et_pb_old_content":"","_et_gb_content_width":"","footnotes":""},"class_list":["post-3922","page","type-page","status-publish","hentry"],"acf":[],"_links":{"self":[{"href":"https:\/\/cuneoairport.com\/fr\/wp-json\/wp\/v2\/pages\/3922","targetHints":{"allow":["GET"]}}],"collection":[{"href":"https:\/\/cuneoairport.com\/fr\/wp-json\/wp\/v2\/pages"}],"about":[{"href":"https:\/\/cuneoairport.com\/fr\/wp-json\/wp\/v2\/types\/page"}],"author":[{"embeddable":true,"href":"https:\/\/cuneoairport.com\/fr\/wp-json\/wp\/v2\/users\/3"}],"replies":[{"embeddable":true,"href":"https:\/\/cuneoairport.com\/fr\/wp-json\/wp\/v2\/comments?post=3922"}],"version-history":[{"count":1,"href":"https:\/\/cuneoairport.com\/fr\/wp-json\/wp\/v2\/pages\/3922\/revisions"}],"predecessor-version":[{"id":15460,"href":"https:\/\/cuneoairport.com\/fr\/wp-json\/wp\/v2\/pages\/3922\/revisions\/15460"}],"wp:attachment":[{"href":"https:\/\/cuneoairport.com\/fr\/wp-json\/wp\/v2\/media?parent=3922"}],"curies":[{"name":"wp","href":"https:\/\/api.w.org\/{rel}","templated":true}]}}