{"id":3898,"date":"2021-08-30T16:08:44","date_gmt":"2021-08-30T14:08:44","guid":{"rendered":"https:\/\/cuneoairport.com\/nuovosito\/cuf-aeroport-de-coni\/travaille-avec-nous\/"},"modified":"2025-05-14T17:25:58","modified_gmt":"2025-05-14T15:25:58","slug":"travaille-avec-nous","status":"publish","type":"page","link":"https:\/\/cuneoairport.com\/fr\/cuf-aeroport-de-coni\/travaille-avec-nous\/","title":{"rendered":"Travaille avec nous"},"content":{"rendered":"<p>[et_pb_section fb_built=\u00a0\u00bb1&Prime; _builder_version=\u00a0\u00bb4.16&Prime; _module_preset=\u00a0\u00bbdefault\u00a0\u00bb custom_padding=\u00a0\u00bb3px||6px|||\u00a0\u00bb global_colors_info=\u00a0\u00bb{}\u00a0\u00bb][et_pb_row _builder_version=\u00a0\u00bb4.16&Prime; _module_preset=\u00a0\u00bbdefault\u00a0\u00bb width=\u00a0\u00bb90%\u00a0\u00bb global_colors_info=\u00a0\u00bb{}\u00a0\u00bb][et_pb_column type=\u00a0\u00bb4_4&Prime; _builder_version=\u00a0\u00bb4.16&Prime; _module_preset=\u00a0\u00bbdefault\u00a0\u00bb global_colors_info=\u00a0\u00bb{}\u00a0\u00bb][et_pb_image src=\u00a0\u00bbhttps:\/\/cuneoairport.com\/wp-content\/uploads\/2021\/09\/iStock-919763570-980&#215;364-5-1.jpg\u00a0\u00bb title_text=\u00a0\u00bbiStock-919763570-980&#215;364 (5)\u00a0\u00bb align=\u00a0\u00bbcenter\u00a0\u00bb force_fullwidth=\u00a0\u00bbon\u00a0\u00bb _builder_version=\u00a0\u00bb4.16&Prime; _module_preset=\u00a0\u00bbdefault\u00a0\u00bb border_radii=\u00a0\u00bbon|6px|6px|6px|6px\u00a0\u00bb global_colors_info=\u00a0\u00bb{}\u00a0\u00bb][\/et_pb_image][\/et_pb_column][\/et_pb_row][\/et_pb_section][et_pb_section fb_built=\u00a0\u00bb1&Prime; _builder_version=\u00a0\u00bb4.16&Prime; _module_preset=\u00a0\u00bbdefault\u00a0\u00bb custom_margin=\u00a0\u00bb-79px||||false|false\u00a0\u00bb custom_padding=\u00a0\u00bb||27px||false|false\u00a0\u00bb global_colors_info=\u00a0\u00bb{}\u00a0\u00bb][et_pb_row _builder_version=\u00a0\u00bb4.16&Prime; _module_preset=\u00a0\u00bbdefault\u00a0\u00bb width=\u00a0\u00bb90%\u00a0\u00bb custom_padding=\u00a0\u00bb||11px|||\u00a0\u00bb global_colors_info=\u00a0\u00bb{}\u00a0\u00bb][et_pb_column type=\u00a0\u00bb4_4&Prime; _builder_version=\u00a0\u00bb4.16&Prime; _module_preset=\u00a0\u00bbdefault\u00a0\u00bb custom_padding=\u00a0\u00bb|20px|||false|false\u00a0\u00bb border_style_all=\u00a0\u00bbdashed\u00a0\u00bb border_width_right=\u00a0\u00bb1px\u00a0\u00bb global_colors_info=\u00a0\u00bb{}\u00a0\u00bb][et_pb_text _builder_version=\u00a0\u00bb4.16&Prime; _module_preset=\u00a0\u00bbdefault\u00a0\u00bb header_2_font=\u00a0\u00bbArchivo|||on|||||\u00a0\u00bb header_2_font_size=\u00a0\u00bb13px\u00a0\u00bb header_2_letter_spacing=\u00a0\u00bb10px\u00a0\u00bb custom_margin=\u00a0\u00bb7px||5px|||\u00a0\u00bb global_colors_info=\u00a0\u00bb{}\u00a0\u00bb]                  <\/p>\n<h2>CUF A\u00c9ROPORT DE CUNEO<\/h2>\n<p>[\/et_pb_text][et_pb_text _builder_version=\u00a0\u00bb4.16&Prime; _module_preset=\u00a0\u00bbdefault\u00a0\u00bb header_font=\u00a0\u00bbAbel||||||||\u00a0\u00bb header_text_color=\u00a0\u00bb#3b444f\u00a0\u00bb header_2_font=\u00a0\u00bbPoppins|800|||||||\u00a0\u00bb header_2_text_align=\u00a0\u00bbleft\u00a0\u00bb header_2_text_color=\u00a0\u00bb#173eb2&Prime; header_2_font_size=\u00a0\u00bb37px\u00a0\u00bb custom_margin=\u00a0\u00bb||10px||false|false\u00a0\u00bb custom_padding=\u00a0\u00bb0px|||||\u00a0\u00bb global_colors_info=\u00a0\u00bb{}\u00a0\u00bb]                  <\/p>\n<h2>Travaille avec nous<\/h2>\n<p>[\/et_pb_text][et_pb_text _builder_version=\u00a0\u00bb4.27.2&Prime; _module_preset=\u00a0\u00bbdefault\u00a0\u00bb text_font=\u00a0\u00bbBarlow|300|||||||\u00a0\u00bb text_text_color=\u00a0\u00bb#000000&Prime; text_font_size=\u00a0\u00bb16px\u00a0\u00bb custom_margin=\u00a0\u00bb||19px|||\u00a0\u00bb hover_enabled=\u00a0\u00bb0&Prime; global_colors_info=\u00a0\u00bb{}\u00a0\u00bb sticky_enabled=\u00a0\u00bb0&Prime;]<\/p>\n<p>Pour envoyer votre curriculum vitae \u00e0 <strong>soci\u00e9t\u00e9 de gestion de l&rsquo;a\u00e9roport GEAC SPA<\/strong>, veuillez \u00e9crire \u00e0 <a class=\"cursor-pointer\" rel=\"noopener\" data-start=\"312\" data-end=\"331\">hr@cuneoairport.com<\/a>.<\/p>\n<p>Pour les postes de<strong>manutentionnaires<\/strong>, veuillez vous r\u00e9f\u00e9rer \u00e0 la rubrique <a href=\"https:\/\/www.as-airport.it\/en\" target=\"_blank\" rel=\"noopener\">Services a\u00e9ronautiques<\/a>.<\/p>\n<p>Pour les postes concernant la <strong>s\u00e9curit\u00e9 des a\u00e9roports<\/strong>, veuillez vous r\u00e9f\u00e9rer \u00e0 <a href=\"https:\/\/it.i-sec.com\/it\/\" target=\"_blank\" rel=\"noopener\">I-SEC Italie<\/a>.<\/p>\n<p>[\/et_pb_text][\/et_pb_column][\/et_pb_row][\/et_pb_section]<\/p>\n","protected":false},"excerpt":{"rendered":"<p>CUF A\u00c9ROPORT DE CUNEO Travaille avec nousPour envoyer votre curriculum vitae \u00e0 soci\u00e9t\u00e9 de gestion de l&rsquo;a\u00e9roport GEAC SPA, veuillez \u00e9crire \u00e0 hr@cuneoairport.com. Pour les postes demanutentionnaires, veuillez vous r\u00e9f\u00e9rer \u00e0 la rubrique Services a\u00e9ronautiques. Pour les postes concernant la s\u00e9curit\u00e9 des a\u00e9roports, veuillez vous r\u00e9f\u00e9rer \u00e0 I-SEC Italie.<\/p>\n","protected":false},"author":3,"featured_media":0,"parent":3873,"menu_order":0,"comment_status":"closed","ping_status":"closed","template":"","meta":{"_acf_changed":false,"_et_pb_use_builder":"on","_et_pb_old_content":"","_et_gb_content_width":"","footnotes":""},"class_list":["post-3898","page","type-page","status-publish","hentry"],"acf":[],"_links":{"self":[{"href":"https:\/\/cuneoairport.com\/fr\/wp-json\/wp\/v2\/pages\/3898","targetHints":{"allow":["GET"]}}],"collection":[{"href":"https:\/\/cuneoairport.com\/fr\/wp-json\/wp\/v2\/pages"}],"about":[{"href":"https:\/\/cuneoairport.com\/fr\/wp-json\/wp\/v2\/types\/page"}],"author":[{"embeddable":true,"href":"https:\/\/cuneoairport.com\/fr\/wp-json\/wp\/v2\/users\/3"}],"replies":[{"embeddable":true,"href":"https:\/\/cuneoairport.com\/fr\/wp-json\/wp\/v2\/comments?post=3898"}],"version-history":[{"count":4,"href":"https:\/\/cuneoairport.com\/fr\/wp-json\/wp\/v2\/pages\/3898\/revisions"}],"predecessor-version":[{"id":18249,"href":"https:\/\/cuneoairport.com\/fr\/wp-json\/wp\/v2\/pages\/3898\/revisions\/18249"}],"up":[{"embeddable":true,"href":"https:\/\/cuneoairport.com\/fr\/wp-json\/wp\/v2\/pages\/3873"}],"wp:attachment":[{"href":"https:\/\/cuneoairport.com\/fr\/wp-json\/wp\/v2\/media?parent=3898"}],"curies":[{"name":"wp","href":"https:\/\/api.w.org\/{rel}","templated":true}]}}