{"id":3887,"date":"2021-08-30T16:08:39","date_gmt":"2021-08-30T14:08:39","guid":{"rendered":"https:\/\/cuneoairport.com\/nuovosito\/faq\/"},"modified":"2023-10-25T12:27:22","modified_gmt":"2023-10-25T10:27:22","slug":"faq","status":"publish","type":"page","link":"https:\/\/cuneoairport.com\/fr\/faq\/","title":{"rendered":"FAQ"},"content":{"rendered":"<p>          [et_pb_section fb_built=\u00a0\u00bb1&Prime; _builder_version=\u00a0\u00bb4.9.10&Prime; _module_preset=\u00a0\u00bbdefault\u00a0\u00bb custom_padding=\u00a0\u00bb3px||6px|||\u00a0\u00bb global_colors_info=\u00a0\u00bb{}\u00a0\u00bb]<br \/>\n            [et_pb_row _builder_version=\u00a0\u00bb4.9.10&Prime; _module_preset=\u00a0\u00bbdefault\u00a0\u00bb width=\u00a0\u00bb90%\u00a0\u00bb global_colors_info=\u00a0\u00bb{}\u00a0\u00bb]<br \/>\n              [et_pb_column type=\u00a0\u00bb4_4&Prime; _builder_version=\u00a0\u00bb4.9.10&Prime; _module_preset=\u00a0\u00bbdefault\u00a0\u00bb global_colors_info=\u00a0\u00bb{}\u00a0\u00bb][\/et_pb_column]<br \/>\n            [\/et_pb_row]<br \/>\n          [\/et_pb_section]<br \/>\n          [et_pb_section fb_built=\u00a0\u00bb1&Prime; _builder_version=\u00a0\u00bb4.9.10&Prime; _module_preset=\u00a0\u00bbdefault\u00a0\u00bb custom_margin=\u00a0\u00bb-67px||||false|false\u00a0\u00bb custom_margin_tablet=\u00a0\u00bb-86px||||false|false\u00a0\u00bb custom_margin_phone=\u00a0\u00bb-5px||||false|false\u00a0\u00bb custom_padding_phone=\u00a0\u00bb83px||||false|false\u00a0\u00bb global_colors_info=\u00a0\u00bb{}\u00a0\u00bb]<br \/>\n            [et_pb_row _builder_version=\u00a0\u00bb4.9.9&Prime; _module_preset=\u00a0\u00bbdefault\u00a0\u00bb width=\u00a0\u00bb90%\u00a0\u00bb custom_margin_tablet=\u00a0\u00bb\u00a0\u00bb custom_margin_phone=\u00a0\u00bb-84px||||false|false\u00a0\u00bb custom_margin_last_edited=\u00a0\u00bbon|phone\u00a0\u00bb global_colors_info=\u00a0\u00bb{}\u00a0\u00bb]<br \/>\n              [et_pb_column type=\u00a0\u00bb4_4&Prime; _builder_version=\u00a0\u00bb4.9.9&Prime; _module_preset=\u00a0\u00bbdefault\u00a0\u00bb custom_padding=\u00a0\u00bb|30px|||false|false\u00a0\u00bb border_width_right=\u00a0\u00bb1px\u00a0\u00bb border_color_right=\u00a0\u00bb#173eb2&Prime; border_style_right=\u00a0\u00bbdashed\u00a0\u00bb global_colors_info=\u00a0\u00bb{}\u00a0\u00bb]<br \/>\n                [et_pb_text _builder_version=\u00a0\u00bb4.9.10&Prime; _module_preset=\u00a0\u00bbdefault\u00a0\u00bb header_2_font=\u00a0\u00bbArchivo|||on|||||\u00a0\u00bb header_2_font_size=\u00a0\u00bb13px\u00a0\u00bb header_2_letter_spacing=\u00a0\u00bb10px\u00a0\u00bb custom_margin=\u00a0\u00bb2px||5px|||\u00a0\u00bb custom_margin_tablet=\u00a0\u00bb\u00a0\u00bb custom_margin_phone=\u00a0\u00bb0px||5px||false|false\u00a0\u00bb custom_margin_last_edited=\u00a0\u00bbon|phone\u00a0\u00bb global_colors_info=\u00a0\u00bb{}\u00a0\u00bb]<\/p>\n<h2>les doutes? consulter le <\/h2>\n<p>                [\/et_pb_text]<br \/>\n                [et_pb_text _builder_version=\u00a0\u00bb4.9.10&Prime; _module_preset=\u00a0\u00bbdefault\u00a0\u00bb header_font=\u00a0\u00bbAbel||||||||\u00a0\u00bb header_text_color=\u00a0\u00bb#3b444f\u00a0\u00bb header_2_font=\u00a0\u00bbPoppins|800|||||||\u00a0\u00bb header_2_text_align=\u00a0\u00bbleft\u00a0\u00bb header_2_text_color=\u00a0\u00bb#173eb2&Prime; header_2_font_size=\u00a0\u00bb37px\u00a0\u00bb custom_margin=\u00a0\u00bb||10px||false|false\u00a0\u00bb global_colors_info=\u00a0\u00bb{}\u00a0\u00bb]<\/p>\n<h2>Questions &#8211; FAQ<\/h2>\n<p>                [\/et_pb_text]<br \/>\n              [\/et_pb_column]<br \/>\n            [\/et_pb_row]<br \/>\n            [et_pb_row _builder_version=\u00a0\u00bb4.9.10&Prime; _module_preset=\u00a0\u00bbdefault\u00a0\u00bb global_colors_info=\u00a0\u00bb{}\u00a0\u00bb]<br \/>\n              [et_pb_column type=\u00a0\u00bb4_4&Prime; _builder_version=\u00a0\u00bb4.9.10&Prime; _module_preset=\u00a0\u00bbdefault\u00a0\u00bb global_colors_info=\u00a0\u00bb{}\u00a0\u00bb]<br \/>\n                [ba_advanced_divider active_element=\u00a0\u00bbtext\u00a0\u00bb title=\u00a0\u00bbInformazioni di Viaggio\u00a0\u00bb border_style_classic=\u00a0\u00bbsolid\u00a0\u00bb border_gap=\u00a0\u00bb26px\u00a0\u00bb border_color=\u00a0\u00bb#173eb2&Prime; border_weight=\u00a0\u00bb4.2px\u00a0\u00bb _builder_version=\u00a0\u00bb4.14.3&Prime; _module_preset=\u00a0\u00bbdefault\u00a0\u00bb global_colors_info=\u00a0\u00bb{}\u00a0\u00bb][\/ba_advanced_divider]<br \/>\n              [\/et_pb_column]<br \/>\n            [\/et_pb_row]<br \/>\n            [et_pb_row _builder_version=\u00a0\u00bb4.9.9&Prime; _module_preset=\u00a0\u00bbdefault\u00a0\u00bb width=\u00a0\u00bb90%\u00a0\u00bb custom_padding=\u00a0\u00bb14px|||||\u00a0\u00bb global_colors_info=\u00a0\u00bb{}\u00a0\u00bb]<br \/>\n              [et_pb_column type=\u00a0\u00bb4_4&Prime; _builder_version=\u00a0\u00bb4.9.9&Prime; _module_preset=\u00a0\u00bbdefault\u00a0\u00bb global_colors_info=\u00a0\u00bb{}\u00a0\u00bb]<br \/>\n                [et_pb_accordion closed_toggle_text_color=\u00a0\u00bb#173eb2&Prime; icon_color=\u00a0\u00bb#173eb2&Prime; use_icon_font_size=\u00a0\u00bbon\u00a0\u00bb icon_font_size=\u00a0\u00bb19px\u00a0\u00bb _builder_version=\u00a0\u00bb4.14.3&Prime; _module_preset=\u00a0\u00bbdefault\u00a0\u00bb hover_enabled=\u00a0\u00bb0&Prime; global_colors_info=\u00a0\u00bb{}\u00a0\u00bb sticky_enabled=\u00a0\u00bb0&Prime;]<br \/>\n                  [et_pb_accordion_item title=\u00a0\u00bbSi j&rsquo;ai besoin d&rsquo;une assistance particuli\u00e8re, qui dois-je contacter ?\u00a0\u00bb open_toggle_text_color=\u00a0\u00bb#173eb2&Prime; open_toggle_background_color=\u00a0\u00bbRGBA(0,0,0,0)\u00a0\u00bb closed_toggle_background_color=\u00a0\u00bbRGBA(0,0,0,0)\u00a0\u00bb _builder_version=\u00a0\u00bb4.14.3&Prime; _module_preset=\u00a0\u00bbdefault\u00a0\u00bb body_font=\u00a0\u00bbRubik|300|||||||\u00a0\u00bb body_text_color=\u00a0\u00bb#000000&Prime; body_font_size=\u00a0\u00bb16px\u00a0\u00bb border_radii=\u00a0\u00bbon|6px|6px|6px|6px\u00a0\u00bb border_color_all=\u00a0\u00bb#173eb2&Prime; global_colors_info=\u00a0\u00bb{}\u00a0\u00bb toggle_font=\u00a0\u00bbPoppins|700|||||||\u00a0\u00bb toggle_font_size=\u00a0\u00bb18px\u00a0\u00bb closed_toggle_font=\u00a0\u00bbPoppins|700|||||||\u00a0\u00bb closed_toggle_font_size=\u00a0\u00bb18px\u00a0\u00bb open=\u00a0\u00bboff\u00a0\u00bb]<\/p>\n<p>\n                      <span style=\"font-weight: 400;\">L&rsquo;a\u00e9roport de Cuneo garantit aux personnes handicap\u00e9es ou \u00e0 mobilit\u00e9 r\u00e9duite tous les services d&rsquo;assistance en transit et \u00e0 l&rsquo;arriv\u00e9e. Toutes les informations sont disponibles sur notre page : <\/span><br \/>\n                      <a href=\"https:\/\/cuneoairport.com\/assistenze-speciali-prm\/\" target=\"_blank\" rel=\"noopener\"><br \/>\n                        <b>Assistances sp\u00e9ciales (PMR)<\/b><br \/>\n                      <\/a>\n                    <\/p>\n<p>                  [\/et_pb_accordion_item]<br \/>\n                  [et_pb_accordion_item title=\u00a0\u00bbQue signifie surr\u00e9servation ?\u00a0\u00bb open_toggle_text_color=\u00a0\u00bb#173eb2&Prime; open_toggle_background_color=\u00a0\u00bbRGBA(0,0,0,0)\u00a0\u00bb closed_toggle_background_color=\u00a0\u00bbRGBA(0,0,0,0)\u00a0\u00bb _builder_version=\u00a0\u00bb4.14.3&Prime; _module_preset=\u00a0\u00bbdefault\u00a0\u00bb body_font=\u00a0\u00bbRubik|300|||||||\u00a0\u00bb body_text_color=\u00a0\u00bb#000000&Prime; body_font_size=\u00a0\u00bb16px\u00a0\u00bb border_radii=\u00a0\u00bbon|6px|6px|6px|6px\u00a0\u00bb border_color_all=\u00a0\u00bb#173eb2&Prime; global_colors_info=\u00a0\u00bb{}\u00a0\u00bb toggle_font=\u00a0\u00bbPoppins|700|||||||\u00a0\u00bb toggle_font_size=\u00a0\u00bb18px\u00a0\u00bb closed_toggle_font=\u00a0\u00bbPoppins|700|||||||\u00a0\u00bb closed_toggle_font_size=\u00a0\u00bb18px\u00a0\u00bb open=\u00a0\u00bboff\u00a0\u00bb]<\/p>\n<p>\n                      <span style=\"font-weight: 400;\">Un vol est surbook\u00e9 lorsque le nombre total de passagers r\u00e9serv\u00e9s est sup\u00e9rieur aux si\u00e8ges disponibles.<\/span><br \/>\n                      <span style=\"font-weight: 400;\"><br \/>\n                        <br \/>\n                      <\/span><br \/>\n                      <span style=\"font-weight: 400;\">Si un voyageur titulaire d&rsquo;un billet r\u00e9gulier ne peut pas partir en raison d&rsquo;une surr\u00e9servation op\u00e9r\u00e9e par la compagnie a\u00e9rienne, il a droit \u00e0 une indemnisation et au remboursement du co\u00fbt total du billet pour la partie du voyage non effectu\u00e9e ou \u00e0 un autre vol vers sa destination finale.<\/span>\n                    <\/p>\n<p><span style=\"font-weight: 400;\">Pour plus d&rsquo;informations, consultez notre page : <\/span><a href=\"https:\/\/cuneoairport.com\/overbooking-cancellazioni-ritardi-e-altri-reclami\" target=\"_blank\" rel=\"noopener\"><br \/>\n  <b>Surr\u00e9servation, annulations, retards et autres plaintes<\/b><br \/>\n<\/a><\/p>\n<p>                  [\/et_pb_accordion_item]<br \/>\n                [\/et_pb_accordion]<br \/>\n              [\/et_pb_column]<br \/>\n            [\/et_pb_row]<br \/>\n            [et_pb_row _builder_version=\u00a0\u00bb4.14.3&Prime; _module_preset=\u00a0\u00bbdefault\u00a0\u00bb width=\u00a0\u00bb90%\u00a0\u00bb global_colors_info=\u00a0\u00bb{}\u00a0\u00bb]<br \/>\n              [et_pb_column type=\u00a0\u00bb4_4&Prime; _builder_version=\u00a0\u00bb4.9.10&Prime; _module_preset=\u00a0\u00bbdefault\u00a0\u00bb global_colors_info=\u00a0\u00bb{}\u00a0\u00bb]<br \/>\n                [ba_advanced_divider active_element=\u00a0\u00bbtext\u00a0\u00bb title=\u00a0\u00bbInformations sur les bagages\u00a0\u00bb border_style_classic=\u00a0\u00bbsolid\u00a0\u00bb border_gap=\u00a0\u00bb26px\u00a0\u00bb border_color=\u00a0\u00bb#173eb2&Prime; border_weight=\u00a0\u00bb4.2px\u00a0\u00bb _builder_version=\u00a0\u00bb4.14.3&Prime; _module_preset=\u00a0\u00bbdefault\u00a0\u00bb global_colors_info=\u00a0\u00bb{}\u00a0\u00bb][\/ba_advanced_divider]<br \/>\n                [et_pb_accordion closed_toggle_text_color=\u00a0\u00bb#173eb2&Prime; icon_color=\u00a0\u00bb#173eb2&Prime; use_icon_font_size=\u00a0\u00bbon\u00a0\u00bb icon_font_size=\u00a0\u00bb19px\u00a0\u00bb _builder_version=\u00a0\u00bb4.14.3&Prime; _module_preset=\u00a0\u00bbdefault\u00a0\u00bb global_colors_info=\u00a0\u00bb{}\u00a0\u00bb]<br \/>\n                  [et_pb_accordion_item title=\u00a0\u00bbPuis-je \u00e9galement prendre le sac \u00e0 dos sur le chariot sur Ryanair ?\u00a0\u00bb open=\u00a0\u00bbon\u00a0\u00bb open_toggle_text_color=\u00a0\u00bb#173eb2&Prime; open_toggle_background_color=\u00a0\u00bbRGBA(0,0,0,0)\u00a0\u00bb closed_toggle_background_color=\u00a0\u00bbRGBA(0,0,0,0)\u00a0\u00bb _builder_version=\u00a0\u00bb4.14.3&Prime; _module_preset=\u00a0\u00bbdefault\u00a0\u00bb body_font=\u00a0\u00bbRubik|300|||||||\u00a0\u00bb body_text_color=\u00a0\u00bb#000000&Prime; body_font_size=\u00a0\u00bb16px\u00a0\u00bb border_radii=\u00a0\u00bbon|6px|6px|6px|6px\u00a0\u00bb border_color_all=\u00a0\u00bb#173eb2&Prime; global_colors_info=\u00a0\u00bb{}\u00a0\u00bb toggle_font=\u00a0\u00bbPoppins|700|||||||\u00a0\u00bb toggle_font_size=\u00a0\u00bb18px\u00a0\u00bb closed_toggle_font=\u00a0\u00bbPoppins|700|||||||\u00a0\u00bb closed_toggle_font_size=\u00a0\u00bb18px\u00a0\u00bb]<\/p>\n<p><span style=\"font-weight: 400;\">Un petit sac personnel de maximum<\/span> <b>40cm x 25cm x 20cm<\/b> <span style=\"font-weight: 400;\">il est inclus pour tous les tarifs pour tous les passagers. Ce sac doit tenir sous le si\u00e8ge devant vous.<\/span><\/p>\n<p><span style=\"font-weight: 400;\">Pour plus d&rsquo;informations, visitez ce qui suit<\/span><a href=\"https:\/\/help.ryanair.com\/hc\/it\/articles\/360017824658-Politica-Ryanair-sui-Bagagli\" target=\"_blank\" rel=\"noopener\"><b> relier<\/b><\/a><\/p>\n<p>                  [\/et_pb_accordion_item]<br \/>\n                  [et_pb_accordion_item title=\u00a0\u00bbDes doutes sur les bagages ?\u00a0\u00bb open_toggle_text_color=\u00a0\u00bb#173eb2&Prime; open_toggle_background_color=\u00a0\u00bbRGBA(0,0,0,0)\u00a0\u00bb closed_toggle_background_color=\u00a0\u00bbRGBA(0,0,0,0)\u00a0\u00bb _builder_version=\u00a0\u00bb4.14.3&Prime; _module_preset=\u00a0\u00bbdefault\u00a0\u00bb body_font=\u00a0\u00bbRubik|300|||||||\u00a0\u00bb body_text_color=\u00a0\u00bb#000000&Prime; body_font_size=\u00a0\u00bb16px\u00a0\u00bb border_radii=\u00a0\u00bbon|6px|6px|6px|6px\u00a0\u00bb border_color_all=\u00a0\u00bb#173eb2&Prime; global_colors_info=\u00a0\u00bb{}\u00a0\u00bb toggle_font=\u00a0\u00bbPoppins|700|||||||\u00a0\u00bb toggle_font_size=\u00a0\u00bb18px\u00a0\u00bb closed_toggle_font=\u00a0\u00bbPoppins|700|||||||\u00a0\u00bb closed_toggle_font_size=\u00a0\u00bb18px\u00a0\u00bb open=\u00a0\u00bboff\u00a0\u00bb]<\/p>\n<p><span style=\"font-weight: 400;\">Voir notre<\/span> <a href=\"https:\/\/cuneoairport.com\/\/informazioni-bagagli\/\" target=\"_blank\" rel=\"noopener\"><b>page d&rsquo;informations sur les bagages<\/b><\/a><\/p>\n<p>                  [\/et_pb_accordion_item]<br \/>\n                  [et_pb_accordion_item title=\u00a0\u00bbQuali sono gli articoli proibiti nel bagaglio a mano?\u00a0\u00bb open_toggle_text_color=\u00a0\u00bb#173eb2&Prime; open_toggle_background_color=\u00a0\u00bbRGBA(0,0,0,0)\u00a0\u00bb closed_toggle_background_color=\u00a0\u00bbRGBA(0,0,0,0)\u00a0\u00bb _builder_version=\u00a0\u00bb4.14.3&Prime; _module_preset=\u00a0\u00bbdefault\u00a0\u00bb body_font=\u00a0\u00bbRubik|300|||||||\u00a0\u00bb body_text_color=\u00a0\u00bb#000000&Prime; body_font_size=\u00a0\u00bb16px\u00a0\u00bb border_radii=\u00a0\u00bbon|6px|6px|6px|6px\u00a0\u00bb border_color_all=\u00a0\u00bb#173eb2&Prime; global_colors_info=\u00a0\u00bb{}\u00a0\u00bb toggle_font=\u00a0\u00bbPoppins|700|||||||\u00a0\u00bb toggle_font_size=\u00a0\u00bb18px\u00a0\u00bb closed_toggle_font=\u00a0\u00bbPoppins|700|||||||\u00a0\u00bb closed_toggle_font_size=\u00a0\u00bb18px\u00a0\u00bb open=\u00a0\u00bboff\u00a0\u00bb]<\/p>\n<p>\n                      <span style=\"font-weight: 400;\">Tous les objets jug\u00e9s dangereux pour la s\u00e9curit\u00e9 ne sont pas autoris\u00e9s \u00e0 bord. Voir la page sur <\/span><br \/>\n                      <a href=\"https:\/\/cuneoairport.com\/controlli-di-sicurezza\/\" target=\"_blank\" rel=\"noopener\"><br \/>\n                        <b>Contr\u00f4les de s\u00e9curit\u00e9<\/b><br \/>\n                      <\/a>\n                    <\/p>\n<p>                  [\/et_pb_accordion_item]<br \/>\n                  [et_pb_accordion_item title=\u00a0\u00bbQuels sont les articles interdits dans les bagages de soute ?\u00a0\u00bb open_toggle_text_color=\u00a0\u00bb#173eb2&Prime; open_toggle_background_color=\u00a0\u00bbRGBA(0,0,0,0)\u00a0\u00bb closed_toggle_background_color=\u00a0\u00bbRGBA(0,0,0,0)\u00a0\u00bb _builder_version=\u00a0\u00bb4.14.3&Prime; _module_preset=\u00a0\u00bbdefault\u00a0\u00bb body_font=\u00a0\u00bbRubik|300|||||||\u00a0\u00bb body_text_color=\u00a0\u00bb#000000&Prime; body_font_size=\u00a0\u00bb16px\u00a0\u00bb border_radii=\u00a0\u00bbon|6px|6px|6px|6px\u00a0\u00bb border_color_all=\u00a0\u00bb#173eb2&Prime; global_colors_info=\u00a0\u00bb{}\u00a0\u00bb toggle_font=\u00a0\u00bbPoppins|700|||||||\u00a0\u00bb toggle_font_size=\u00a0\u00bb18px\u00a0\u00bb closed_toggle_font=\u00a0\u00bbPoppins|700|||||||\u00a0\u00bb closed_toggle_font_size=\u00a0\u00bb18px\u00a0\u00bb open=\u00a0\u00bboff\u00a0\u00bb]<\/p>\n<p>\n                      <span style=\"font-weight: 400;\">Les substances et dispositifs explosifs et incendiaires ne sont pas autoris\u00e9s \u00e0 bord.<\/span>\n                    <\/p>\n<p><span style=\"font-weight: 400;\">La liste compl\u00e8te des articles interdits se trouve \u00e0 l&rsquo;adresse suivante<\/span><a href=\"https:\/\/www.enac.gov.it\/passeggeri\/cosa-portare-bordo\/articoli-vietati-in-stiva\" target=\"_blank\" rel=\"noopener\"><span style=\"font-weight: 400;\"> relier<\/span><\/a><span style=\"font-weight: 400;\"> .<\/span><\/p>\n<p>\n                      <span style=\"font-weight: 400;\">Les armes et munitions ne peuvent \u00eatre transport\u00e9es que si elles sont accompagn\u00e9es d&rsquo;un permis d\u00e9livr\u00e9 par les autorit\u00e9s comp\u00e9tentes. <\/span>\n                    <\/p>\n<p><span style=\"font-weight: 400;\">Voir la page sur<\/span><a href=\"https:\/\/cuneoairport.com\/controlli-di-sicurezza\/\" target=\"_blank\" rel=\"noopener\"><b> Contr\u00f4les de s\u00e9curit\u00e9<\/b><\/a><\/p>\n<\/p>\n<p>                  [\/et_pb_accordion_item]<br \/>\n                  [et_pb_accordion_item title=\u00a0\u00bbO\u00f9 puis-je payer les exc\u00e9dents de bagages ? \u00a0\u00bb open_toggle_text_color=\u00a0\u00bb#173eb2&Prime; open_toggle_background_color=\u00a0\u00bbRGBA(0,0,0,0)\u00a0\u00bb closed_toggle_background_color=\u00a0\u00bbRGBA(0,0,0,0)\u00a0\u00bb _builder_version=\u00a0\u00bb4.14.3&Prime; _module_preset=\u00a0\u00bbdefault\u00a0\u00bb body_font=\u00a0\u00bbRubik|300|||||||\u00a0\u00bb body_text_color=\u00a0\u00bb#000000&Prime; body_font_size=\u00a0\u00bb16px\u00a0\u00bb border_radii=\u00a0\u00bbon|6px|6px|6px|6px\u00a0\u00bb border_color_all=\u00a0\u00bb#173eb2&Prime; global_colors_info=\u00a0\u00bb{}\u00a0\u00bb toggle_font=\u00a0\u00bbPoppins|700|||||||\u00a0\u00bb toggle_font_size=\u00a0\u00bb18px\u00a0\u00bb closed_toggle_font=\u00a0\u00bbPoppins|700|||||||\u00a0\u00bb closed_toggle_font_size=\u00a0\u00bb18px\u00a0\u00bb open=\u00a0\u00bboff\u00a0\u00bb]<\/p>\n<p>\n                      <span style=\"font-weight: 400;\">Au comptoir d&rsquo;enregistrement dans la zone de d\u00e9part.<\/span>\n                    <\/p>\n<p><span style=\"font-weight: 400;\">Informations sur les bagages sur notre page <\/span><a href=\"https:\/\/cuneoairport.com\/informazioni-bagagli\/\" target=\"_blank\" rel=\"noopener\"><br \/>\n  <b>Informations sur les bagages<\/b><br \/>\n<\/a><\/p>\n<p>                  [\/et_pb_accordion_item]<br \/>\n                  [et_pb_accordion_item title=\u00a0\u00bbCombien dois-je payer pour les exc\u00e9dents de bagages ?\u00a0\u00bb open_toggle_text_color=\u00a0\u00bb#173eb2&Prime; open_toggle_background_color=\u00a0\u00bbRGBA(0,0,0,0)\u00a0\u00bb closed_toggle_background_color=\u00a0\u00bbRGBA(0,0,0,0)\u00a0\u00bb _builder_version=\u00a0\u00bb4.14.3&Prime; _module_preset=\u00a0\u00bbdefault\u00a0\u00bb body_font=\u00a0\u00bbRubik|300|||||||\u00a0\u00bb body_text_color=\u00a0\u00bb#000000&Prime; body_font_size=\u00a0\u00bb16px\u00a0\u00bb border_radii=\u00a0\u00bbon|6px|6px|6px|6px\u00a0\u00bb border_color_all=\u00a0\u00bb#173eb2&Prime; global_colors_info=\u00a0\u00bb{}\u00a0\u00bb toggle_font=\u00a0\u00bbPoppins|700|||||||\u00a0\u00bb toggle_font_size=\u00a0\u00bb18px\u00a0\u00bb closed_toggle_font=\u00a0\u00bbPoppins|700|||||||\u00a0\u00bb closed_toggle_font_size=\u00a0\u00bb18px\u00a0\u00bb open=\u00a0\u00bboff\u00a0\u00bb]<\/p>\n<p>\n                      <span style=\"font-weight: 400;\">Cela est d\u00e9termin\u00e9 par la compagnie a\u00e9rienne avec laquelle vous voyagez et varie d&rsquo;une compagnie \u00e0 l&rsquo;autre. <\/span><br \/>\n                      <span style=\"font-weight: 400;\">V\u00e9rifiez les restrictions de bagages sur le site Web de la compagnie a\u00e9rienne avec laquelle vous voyagez pour \u00e9viter tout impr\u00e9vu d\u00e9sagr\u00e9able. <\/span>\n                    <\/p>\n<p><span style=\"font-weight: 400;\">Informations sur les bagages sur notre page <\/span><a href=\"https:\/\/cuneoairport.com\/informazioni-bagagli\/\" target=\"_blank\" rel=\"noopener\"><br \/>\n  <b>Informations sur les bagages<\/b><br \/>\n<\/a><\/p>\n<p>\n                      <b>informations sur les bagages avec Air Arabia :<\/b>\n                    <\/p>\n<p>\n                      <a href=\"https:\/\/www.airarabia.com\/it\/baggage\" target=\"_blank\" rel=\"noopener\"><br \/>\n                        <b>https:\/\/www.airarabia.com\/it\/baggage<\/b><br \/>\n                      <\/a><br \/>\n                      <b> <\/b>\n                    <\/p>\n<p>\n                      <b>informations bagages avec Albastar :<\/b>\n                    <\/p>\n<p>\n                      <a href=\"https:\/\/www.albastar.es\/it\/bagagli\/\" target=\"_blank\" rel=\"noopener\"><br \/>\n                        <b>https:\/\/www.albastar.es\/it\/bagagli\/<\/b><br \/>\n                      <\/a><br \/>\n                      <b> <\/b>\n                    <\/p>\n<p>\n                      <b>informations sur les bagages avec Ryanair :<\/b>\n                    <\/p>\n<p>\n                      <a href=\"https:\/\/help.ryanair.com\/hc\/it\/articles\/360017824658-Politica-Ryanair-sui-Bagagli\" target=\"_blank\" rel=\"noopener\"><br \/>\n                        <b>https:\/\/help.ryanair.com\/hc\/it\/articles\/360017824658-Politica-Ryanair-sui-Bagagli<\/b><br \/>\n                      <\/a><br \/>\n                      <b> <\/b>\n                    <\/p>\n<\/p>\n<p>                  [\/et_pb_accordion_item]<br \/>\n                  [et_pb_accordion_item title=\u00a0\u00bbPuis-je emporter des m\u00e9dicaments \u00e0 bord ?\u00a0\u00bb open_toggle_text_color=\u00a0\u00bb#173eb2&Prime; open_toggle_background_color=\u00a0\u00bbRGBA(0,0,0,0)\u00a0\u00bb closed_toggle_background_color=\u00a0\u00bbRGBA(0,0,0,0)\u00a0\u00bb _builder_version=\u00a0\u00bb4.14.3&Prime; _module_preset=\u00a0\u00bbdefault\u00a0\u00bb body_font=\u00a0\u00bbRubik|300|||||||\u00a0\u00bb body_text_color=\u00a0\u00bb#000000&Prime; body_font_size=\u00a0\u00bb16px\u00a0\u00bb border_radii=\u00a0\u00bbon|6px|6px|6px|6px\u00a0\u00bb border_color_all=\u00a0\u00bb#173eb2&Prime; global_colors_info=\u00a0\u00bb{}\u00a0\u00bb toggle_font=\u00a0\u00bbPoppins|700|||||||\u00a0\u00bb toggle_font_size=\u00a0\u00bb18px\u00a0\u00bb closed_toggle_font=\u00a0\u00bbPoppins|700|||||||\u00a0\u00bb closed_toggle_font_size=\u00a0\u00bb18px\u00a0\u00bb open=\u00a0\u00bboff\u00a0\u00bb]<\/p>\n<p>\n                      <span style=\"font-weight: 400;\">Il est permis d&#8217;emporter des m\u00e9dicaments \u00e0 bord selon certains crit\u00e8res.<\/span>\n                    <\/p>\n<p><span style=\"font-weight: 400;\">Voir notre page<\/span><a href=\"https:\/\/cuneoairport.com\/medicinali-a-bordo\/\" target=\"_blank\" rel=\"noopener\"><b> M\u00e9dicaments \u00e0 bord<\/b><\/a><\/p>\n<p>                  [\/et_pb_accordion_item]<br \/>\n                  [et_pb_accordion_item title=\u00a0\u00bbSi je perds un bagage ou un objet, qui dois-je contacter ?\u00a0\u00bb open_toggle_text_color=\u00a0\u00bb#173eb2&Prime; open_toggle_background_color=\u00a0\u00bbRGBA(0,0,0,0)\u00a0\u00bb closed_toggle_background_color=\u00a0\u00bbRGBA(0,0,0,0)\u00a0\u00bb _builder_version=\u00a0\u00bb4.14.3&Prime; _module_preset=\u00a0\u00bbdefault\u00a0\u00bb body_font=\u00a0\u00bbRubik|300|||||||\u00a0\u00bb body_text_color=\u00a0\u00bb#000000&Prime; body_font_size=\u00a0\u00bb16px\u00a0\u00bb border_radii=\u00a0\u00bbon|6px|6px|6px|6px\u00a0\u00bb border_color_all=\u00a0\u00bb#173eb2&Prime; global_colors_info=\u00a0\u00bb{}\u00a0\u00bb toggle_font=\u00a0\u00bbPoppins|700|||||||\u00a0\u00bb toggle_font_size=\u00a0\u00bb18px\u00a0\u00bb closed_toggle_font=\u00a0\u00bbPoppins|700|||||||\u00a0\u00bb closed_toggle_font_size=\u00a0\u00bb18px\u00a0\u00bb open=\u00a0\u00bboff\u00a0\u00bb]<\/p>\n<p><span style=\"font-weight: 400;\">Si vous n&rsquo;avez pas re\u00e7u votre bagage et que vous avez perdu un objet pendant le vol ou \u00e0 l&rsquo;a\u00e9roport, contactez imm\u00e9diatement le personnel d&rsquo;<strong>assistance au sol d&rsquo;Aviation Service<\/strong> au num\u00e9ro <strong>+39 3429518464<\/strong> et\/ou remplissez le formulaire de contact<\/span><span style=\"font-weight: 400;\"> sur la page <\/span><a href=\"https:\/\/cuneoairport.com\/smarrimento-bagagli\/\" target=\"_blank\" rel=\"noopener\"><br \/>\n  <b>Perte de bagages<\/b><br \/>\n<\/a><\/p>\n<p>                  [\/et_pb_accordion_item]<br \/>\n                  [et_pb_accordion_item title=\u00a0\u00bbEsiste un deposito bagaglio in Aeroporto?\u00a0\u00bb open_toggle_text_color=\u00a0\u00bb#173eb2&Prime; open_toggle_background_color=\u00a0\u00bbRGBA(0,0,0,0)\u00a0\u00bb closed_toggle_background_color=\u00a0\u00bbRGBA(0,0,0,0)\u00a0\u00bb _builder_version=\u00a0\u00bb4.14.3&Prime; _module_preset=\u00a0\u00bbdefault\u00a0\u00bb body_font=\u00a0\u00bbRubik|300|||||||\u00a0\u00bb body_text_color=\u00a0\u00bb#000000&Prime; body_font_size=\u00a0\u00bb16px\u00a0\u00bb border_radii=\u00a0\u00bbon|6px|6px|6px|6px\u00a0\u00bb border_color_all=\u00a0\u00bb#173eb2&Prime; global_colors_info=\u00a0\u00bb{}\u00a0\u00bb toggle_font=\u00a0\u00bbPoppins|700|||||||\u00a0\u00bb toggle_font_size=\u00a0\u00bb18px\u00a0\u00bb closed_toggle_font=\u00a0\u00bbPoppins|700|||||||\u00a0\u00bb closed_toggle_font_size=\u00a0\u00bb18px\u00a0\u00bb open=\u00a0\u00bboff\u00a0\u00bb]<\/p>\n<p>\n                      <span style=\"font-weight: 400;\">Non et il est strictement interdit de laisser des bagages sans surveillance dans l&rsquo;enceinte de l&rsquo;a\u00e9roport.<\/span>\n                    <\/p>\n<p>                  [\/et_pb_accordion_item]<br \/>\n                  [et_pb_accordion_item title=\u00a0\u00bbY a-t-il des points d&#8217;emballage des bagages \u00e0 l&rsquo;a\u00e9roport?\u00a0\u00bb open_toggle_text_color=\u00a0\u00bb#173eb2&Prime; open_toggle_background_color=\u00a0\u00bbRGBA(0,0,0,0)\u00a0\u00bb closed_toggle_background_color=\u00a0\u00bbRGBA(0,0,0,0)\u00a0\u00bb _builder_version=\u00a0\u00bb4.14.3&Prime; _module_preset=\u00a0\u00bbdefault\u00a0\u00bb body_font=\u00a0\u00bbRubik|300|||||||\u00a0\u00bb body_text_color=\u00a0\u00bb#000000&Prime; body_font_size=\u00a0\u00bb16px\u00a0\u00bb border_radii=\u00a0\u00bbon|6px|6px|6px|6px\u00a0\u00bb border_color_all=\u00a0\u00bb#173eb2&Prime; global_colors_info=\u00a0\u00bb{}\u00a0\u00bb toggle_font=\u00a0\u00bbPoppins|700|||||||\u00a0\u00bb toggle_font_size=\u00a0\u00bb18px\u00a0\u00bb closed_toggle_font=\u00a0\u00bbPoppins|700|||||||\u00a0\u00bb closed_toggle_font_size=\u00a0\u00bb18px\u00a0\u00bb open=\u00a0\u00bboff\u00a0\u00bb]<\/p>\n<p>\n                      <span style=\"font-weight: 400;\">Oui, pr\u00e8s de l&rsquo;enregistrement. Plus d&rsquo;informations sur la page <a href=\"https:\/\/cuneoairport.com\/avvolgi-bagagli\/\" target=\"_blank\" rel=\"noopener\">Luggage Wrap <\/a>ou au +39 3478500957<\/span>\n                    <\/p>\n<p>                  [\/et_pb_accordion_item]<br \/>\n                  [et_pb_accordion_item title=\u00a0\u00bbY a-t-il un service de portage ?\u00a0\u00bb open_toggle_text_color=\u00a0\u00bb#173eb2&Prime; open_toggle_background_color=\u00a0\u00bbRGBA(0,0,0,0)\u00a0\u00bb closed_toggle_background_color=\u00a0\u00bbRGBA(0,0,0,0)\u00a0\u00bb _builder_version=\u00a0\u00bb4.14.3&Prime; _module_preset=\u00a0\u00bbdefault\u00a0\u00bb body_font=\u00a0\u00bbRubik|300|||||||\u00a0\u00bb body_text_color=\u00a0\u00bb#000000&Prime; body_font_size=\u00a0\u00bb16px\u00a0\u00bb border_radii=\u00a0\u00bbon|6px|6px|6px|6px\u00a0\u00bb border_color_all=\u00a0\u00bb#173eb2&Prime; global_colors_info=\u00a0\u00bb{}\u00a0\u00bb toggle_font=\u00a0\u00bbPoppins|700|||||||\u00a0\u00bb toggle_font_size=\u00a0\u00bb18px\u00a0\u00bb closed_toggle_font=\u00a0\u00bbPoppins|700|||||||\u00a0\u00bb closed_toggle_font_size=\u00a0\u00bb18px\u00a0\u00bb open=\u00a0\u00bboff\u00a0\u00bb]<\/p>\n<p>\n                      <span style=\"font-weight: 400;\">Non, sauf pour l&rsquo;assistance sp\u00e9ciale (PMR) voir page <a href=\"https:\/\/cuneoairport.com\/assistenze-speciali-prm\/\" target=\"_blank\" rel=\"noopener\"><br \/>\n  <b>Assistance sp\u00e9ciale (PMR) <\/b><br \/>\n<\/a> <\/span>\n                    <\/p>\n<p>                  [\/et_pb_accordion_item]<br \/>\n                [\/et_pb_accordion]<br \/>\n                [ba_advanced_divider active_element=\u00a0\u00bbtext\u00a0\u00bb title=\u00a0\u00bbTransport\u00a0\u00bb border_style_classic=\u00a0\u00bbsolid\u00a0\u00bb border_gap=\u00a0\u00bb26px\u00a0\u00bb border_color=\u00a0\u00bb#173eb2&Prime; border_weight=\u00a0\u00bb4.2px\u00a0\u00bb _builder_version=\u00a0\u00bb4.14.3&Prime; _module_preset=\u00a0\u00bbdefault\u00a0\u00bb global_colors_info=\u00a0\u00bb{}\u00a0\u00bb][\/ba_advanced_divider]<br \/>\n                [et_pb_accordion closed_toggle_text_color=\u00a0\u00bb#173eb2&Prime; icon_color=\u00a0\u00bb#173eb2&Prime; use_icon_font_size=\u00a0\u00bbon\u00a0\u00bb icon_font_size=\u00a0\u00bb19px\u00a0\u00bb _builder_version=\u00a0\u00bb4.14.3&Prime; _module_preset=\u00a0\u00bbdefault\u00a0\u00bb global_colors_info=\u00a0\u00bb{}\u00a0\u00bb]<br \/>\n                  [et_pb_accordion_item title=\u00a0\u00bbComment puis-je rejoindre l&rsquo;a\u00e9roport de Cuneo ?\u00a0\u00bb open=\u00a0\u00bbon\u00a0\u00bb open_toggle_text_color=\u00a0\u00bb#173eb2&Prime; open_toggle_background_color=\u00a0\u00bbRGBA(0,0,0,0)\u00a0\u00bb closed_toggle_background_color=\u00a0\u00bbRGBA(0,0,0,0)\u00a0\u00bb _builder_version=\u00a0\u00bb4.9.10&Prime; _module_preset=\u00a0\u00bbdefault\u00a0\u00bb body_font=\u00a0\u00bbRubik|300|||||||\u00a0\u00bb body_text_color=\u00a0\u00bb#000000&Prime; body_font_size=\u00a0\u00bb16px\u00a0\u00bb border_radii=\u00a0\u00bbon|6px|6px|6px|6px\u00a0\u00bb border_color_all=\u00a0\u00bb#173eb2&Prime; global_colors_info=\u00a0\u00bb{}\u00a0\u00bb toggle_font=\u00a0\u00bbPoppins|700|||||||\u00a0\u00bb toggle_font_size=\u00a0\u00bb18px\u00a0\u00bb closed_toggle_font=\u00a0\u00bbPoppins|700|||||||\u00a0\u00bb closed_toggle_font_size=\u00a0\u00bb18px\u00a0\u00bb]<\/p>\n<p>\n                      <span style=\"font-weight: 400;\">L&rsquo;a\u00e9roport de Cuneo est accessible en bus depuis plusieurs villes. Toutes les informations sur les liaisons disponibles vers et depuis l&rsquo;a\u00e9roport sur la page <\/span><br \/>\n                      <a href=\"https:\/\/cuneoairport.com\/trasporti\/\"><br \/>\n                        <b>Transport<\/b><br \/>\n                      <\/a>\n                    <\/p>\n<p>                  [\/et_pb_accordion_item]<br \/>\n                  [et_pb_accordion_item title=\u00a0\u00bbComment puis-je rejoindre la gare?\u00a0\u00bb open_toggle_text_color=\u00a0\u00bb#173eb2&Prime; open_toggle_background_color=\u00a0\u00bbRGBA(0,0,0,0)\u00a0\u00bb closed_toggle_background_color=\u00a0\u00bbRGBA(0,0,0,0)\u00a0\u00bb _builder_version=\u00a0\u00bb4.14.3&Prime; _module_preset=\u00a0\u00bbdefault\u00a0\u00bb body_font=\u00a0\u00bbRubik|300|||||||\u00a0\u00bb body_text_color=\u00a0\u00bb#000000&Prime; body_font_size=\u00a0\u00bb16px\u00a0\u00bb border_radii=\u00a0\u00bbon|6px|6px|6px|6px\u00a0\u00bb border_color_all=\u00a0\u00bb#173eb2&Prime; global_colors_info=\u00a0\u00bb{}\u00a0\u00bb toggle_font=\u00a0\u00bbPoppins|700|||||||\u00a0\u00bb toggle_font_size=\u00a0\u00bb18px\u00a0\u00bb closed_toggle_font=\u00a0\u00bbPoppins|700|||||||\u00a0\u00bb closed_toggle_font_size=\u00a0\u00bb18px\u00a0\u00bb open=\u00a0\u00bboff\u00a0\u00bb]<\/p>\n<p>\n                      <span style=\"font-weight: 400;\">La gare de Fossano est accessible par un bus qui part de l&rsquo;a\u00e9roport aux heures de vol.<\/span>\n                    <\/p>\n<p><span style=\"font-weight: 400;\">Plus d&rsquo;informations sur notre page<\/span><a href=\"https:\/\/cuneoairport.com\/trasporti\/\"><b> Transport<\/b><\/a><\/p>\n<p>                  [\/et_pb_accordion_item]<br \/>\n                  [et_pb_accordion_item title=\u00a0\u00bbO\u00f9 est la location de voiture?\u00a0\u00bb open_toggle_text_color=\u00a0\u00bb#173eb2&Prime; open_toggle_background_color=\u00a0\u00bbRGBA(0,0,0,0)\u00a0\u00bb closed_toggle_background_color=\u00a0\u00bbRGBA(0,0,0,0)\u00a0\u00bb _builder_version=\u00a0\u00bb4.14.3&Prime; _module_preset=\u00a0\u00bbdefault\u00a0\u00bb body_font=\u00a0\u00bbRubik|300|||||||\u00a0\u00bb body_text_color=\u00a0\u00bb#000000&Prime; body_font_size=\u00a0\u00bb16px\u00a0\u00bb border_radii=\u00a0\u00bbon|6px|6px|6px|6px\u00a0\u00bb border_color_all=\u00a0\u00bb#173eb2&Prime; global_colors_info=\u00a0\u00bb{}\u00a0\u00bb toggle_font=\u00a0\u00bbPoppins|700|||||||\u00a0\u00bb toggle_font_size=\u00a0\u00bb18px\u00a0\u00bb closed_toggle_font=\u00a0\u00bbPoppins|700|||||||\u00a0\u00bb closed_toggle_font_size=\u00a0\u00bb18px\u00a0\u00bb open=\u00a0\u00bboff\u00a0\u00bb]<\/p>\n<p>\n                      <span style=\"font-weight: 400;\">Les parkings de location de voitures sont situ\u00e9s \u00e0 c\u00f4t\u00e9 des parkings passagers et des arr\u00eats de bus.<\/span>\n                    <\/p>\n<p>\n                      <span style=\"font-weight: 400;\">Visitez notre page<a href=\"https:\/\/cuneoairport.com\/trasporti\/\"><b> Transport<\/b><\/a> pour la liste des soci\u00e9t\u00e9s de location de voitures op\u00e9rant \u00e0 l&rsquo;a\u00e9roport de Cuneo.<\/span>\n                    <\/p>\n<p>                  [\/et_pb_accordion_item]<br \/>\n                  [et_pb_accordion_item title=\u00a0\u00bbY a-t-il un service de taxi depuis l&rsquo;a\u00e9roport ?\u00a0\u00bb open_toggle_text_color=\u00a0\u00bb#173eb2&Prime; open_toggle_background_color=\u00a0\u00bbRGBA(0,0,0,0)\u00a0\u00bb closed_toggle_background_color=\u00a0\u00bbRGBA(0,0,0,0)\u00a0\u00bb _builder_version=\u00a0\u00bb4.14.3&Prime; _module_preset=\u00a0\u00bbdefault\u00a0\u00bb body_font=\u00a0\u00bbRubik|300|||||||\u00a0\u00bb body_text_color=\u00a0\u00bb#000000&Prime; body_font_size=\u00a0\u00bb16px\u00a0\u00bb border_radii=\u00a0\u00bbon|6px|6px|6px|6px\u00a0\u00bb border_color_all=\u00a0\u00bb#173eb2&Prime; global_colors_info=\u00a0\u00bb{}\u00a0\u00bb toggle_font=\u00a0\u00bbPoppins|700|||||||\u00a0\u00bb toggle_font_size=\u00a0\u00bb18px\u00a0\u00bb closed_toggle_font=\u00a0\u00bbPoppins|700|||||||\u00a0\u00bb closed_toggle_font_size=\u00a0\u00bb18px\u00a0\u00bb open=\u00a0\u00bboff\u00a0\u00bb]<\/p>\n<p><span style=\"font-weight: 400;\">Il existe de nombreux taxis et CCN depuis et vers l&rsquo;a\u00e9roport de Cuneo. Voir la section r\u00e9serv\u00e9e aux <\/span><a href=\"https:\/\/cuneoairport.com\/trasporti\/\"><b>TAXI ET CCN<\/b><\/a><span style=\"font-weight: 400;\"> sur notre page<strong><a href=\"https:\/\/cuneoairport.com\/trasporti\/\"> Transport<\/a><\/strong> pour plus d&rsquo;informations.<\/span><\/p>\n<p>                  [\/et_pb_accordion_item]<br \/>\n                [\/et_pb_accordion]<br \/>\n                [ba_advanced_divider active_element=\u00a0\u00bbtext\u00a0\u00bb title=\u00a0\u00bbParking\u00a0\u00bb border_style_classic=\u00a0\u00bbsolid\u00a0\u00bb border_gap=\u00a0\u00bb26px\u00a0\u00bb border_color=\u00a0\u00bb#173eb2&Prime; border_weight=\u00a0\u00bb4.2px\u00a0\u00bb _builder_version=\u00a0\u00bb4.14.3&Prime; _module_preset=\u00a0\u00bbdefault\u00a0\u00bb global_colors_info=\u00a0\u00bb{}\u00a0\u00bb][\/ba_advanced_divider]<br \/>\n                [et_pb_accordion closed_toggle_text_color=\u00a0\u00bb#173eb2&Prime; icon_color=\u00a0\u00bb#173eb2&Prime; use_icon_font_size=\u00a0\u00bbon\u00a0\u00bb icon_font_size=\u00a0\u00bb19px\u00a0\u00bb _builder_version=\u00a0\u00bb4.14.3&Prime; _module_preset=\u00a0\u00bbdefault\u00a0\u00bb global_colors_info=\u00a0\u00bb{}\u00a0\u00bb]<br \/>\n                  [et_pb_accordion_item title=\u00a0\u00bbO\u00f9 puis-je stationner?\u00a0\u00bb open=\u00a0\u00bbon\u00a0\u00bb open_toggle_text_color=\u00a0\u00bb#173eb2&Prime; open_toggle_background_color=\u00a0\u00bbRGBA(0,0,0,0)\u00a0\u00bb closed_toggle_background_color=\u00a0\u00bbRGBA(0,0,0,0)\u00a0\u00bb _builder_version=\u00a0\u00bb4.9.10&Prime; _module_preset=\u00a0\u00bbdefault\u00a0\u00bb body_font=\u00a0\u00bbRubik|300|||||||\u00a0\u00bb body_text_color=\u00a0\u00bb#000000&Prime; body_font_size=\u00a0\u00bb16px\u00a0\u00bb border_radii=\u00a0\u00bbon|6px|6px|6px|6px\u00a0\u00bb border_color_all=\u00a0\u00bb#173eb2&Prime; global_colors_info=\u00a0\u00bb{}\u00a0\u00bb toggle_font=\u00a0\u00bbPoppins|700|||||||\u00a0\u00bb toggle_font_size=\u00a0\u00bb18px\u00a0\u00bb closed_toggle_font=\u00a0\u00bbPoppins|700|||||||\u00a0\u00bb closed_toggle_font_size=\u00a0\u00bb18px\u00a0\u00bb]<\/p>\n<p>\n                      <span style=\"font-weight: 400;\">Les parkings de l&rsquo;a\u00e9roport de Cuneo sont situ\u00e9s juste en face du terminal. Ils sont \u00e9galement disponibles pour les clients <\/span><br \/>\n                      <span style=\"font-weight: 400;\">400 places de parking non couvertes et 6 places de parking handicap\u00e9s.<\/span>\n                    <\/p>\n<p><span style=\"font-weight: 400;\">Aucune r\u00e9servation requise, disponibilit\u00e9 garantie.<\/span><span style=\"font-weight: 400;\"> Pour plus d&rsquo;informations visitez notre page<\/span><a href=\"https:\/\/cuneoairport.com\/parcheggio\/\"><b> Parking<\/b><\/a><\/p>\n<p>                  [\/et_pb_accordion_item]<br \/>\n                  [et_pb_accordion_item title=\u00a0\u00bbCombien co\u00fbte le stationnement ?\u00a0\u00bb open_toggle_text_color=\u00a0\u00bb#173eb2&Prime; open_toggle_background_color=\u00a0\u00bbRGBA(0,0,0,0)\u00a0\u00bb closed_toggle_background_color=\u00a0\u00bbRGBA(0,0,0,0)\u00a0\u00bb _builder_version=\u00a0\u00bb4.14.3&Prime; _module_preset=\u00a0\u00bbdefault\u00a0\u00bb body_font=\u00a0\u00bbRubik|300|||||||\u00a0\u00bb body_text_color=\u00a0\u00bb#000000&Prime; body_font_size=\u00a0\u00bb16px\u00a0\u00bb border_radii=\u00a0\u00bbon|6px|6px|6px|6px\u00a0\u00bb border_color_all=\u00a0\u00bb#173eb2&Prime; global_colors_info=\u00a0\u00bb{}\u00a0\u00bb toggle_font=\u00a0\u00bbPoppins|700|||||||\u00a0\u00bb toggle_font_size=\u00a0\u00bb18px\u00a0\u00bb closed_toggle_font=\u00a0\u00bbPoppins|700|||||||\u00a0\u00bb closed_toggle_font_size=\u00a0\u00bb18px\u00a0\u00bb open=\u00a0\u00bboff\u00a0\u00bb]<\/p>\n<p><span style=\"font-weight: 400;\">Retrouvez tous les tarifs et<\/span><span style=\"font-weight: 400;\"> informations sur notre page<\/span><a href=\"https:\/\/cuneoairport.com\/parcheggio\/\"><b> Parking<\/b><\/a><\/p>\n<p>                  [\/et_pb_accordion_item]<br \/>\n                  [et_pb_accordion_item title=\u00a0\u00bbComment puis-je payer pour le stationnement?\u00a0\u00bb open_toggle_text_color=\u00a0\u00bb#173eb2&Prime; open_toggle_background_color=\u00a0\u00bbRGBA(0,0,0,0)\u00a0\u00bb closed_toggle_background_color=\u00a0\u00bbRGBA(0,0,0,0)\u00a0\u00bb _builder_version=\u00a0\u00bb4.14.3&Prime; _module_preset=\u00a0\u00bbdefault\u00a0\u00bb body_font=\u00a0\u00bbRubik|300|||||||\u00a0\u00bb body_text_color=\u00a0\u00bb#000000&Prime; body_font_size=\u00a0\u00bb16px\u00a0\u00bb border_radii=\u00a0\u00bbon|6px|6px|6px|6px\u00a0\u00bb border_color_all=\u00a0\u00bb#173eb2&Prime; global_colors_info=\u00a0\u00bb{}\u00a0\u00bb toggle_font=\u00a0\u00bbPoppins|700|||||||\u00a0\u00bb toggle_font_size=\u00a0\u00bb18px\u00a0\u00bb closed_toggle_font=\u00a0\u00bbPoppins|700|||||||\u00a0\u00bb closed_toggle_font_size=\u00a0\u00bb18px\u00a0\u00bb open=\u00a0\u00bboff\u00a0\u00bb]<\/p>\n<p>\n                      <span style=\"font-weight: 400;\">Le paiement du stationnement doit \u00eatre effectu\u00e9 aux bornes automatiques situ\u00e9es \u00e0 l&rsquo;entr\u00e9e du parking, en esp\u00e8ces ou par carte.<\/span>\n                    <\/p>\n<p><span style=\"font-weight: 400;\">Pour plus d&rsquo;informations, visitez le site <\/span><a href=\"https:\/\/cuneoairport.com\/parcheggio\/\"><b>Parking<\/b><\/a><\/p>\n<p>                  [\/et_pb_accordion_item]<br \/>\n                [\/et_pb_accordion]<br \/>\n                [ba_advanced_divider active_element=\u00a0\u00bbtext\u00a0\u00bb title=\u00a0\u00bbInformations sur l&rsquo;a\u00e9roport\u00a0\u00bb border_style_classic=\u00a0\u00bbsolid\u00a0\u00bb border_gap=\u00a0\u00bb26px\u00a0\u00bb border_color=\u00a0\u00bb#173eb2&Prime; border_weight=\u00a0\u00bb4.2px\u00a0\u00bb _builder_version=\u00a0\u00bb4.14.3&Prime; _module_preset=\u00a0\u00bbdefault\u00a0\u00bb global_colors_info=\u00a0\u00bb{}\u00a0\u00bb][\/ba_advanced_divider]<br \/>\n                [et_pb_accordion closed_toggle_text_color=\u00a0\u00bb#173eb2&Prime; icon_color=\u00a0\u00bb#173eb2&Prime; use_icon_font_size=\u00a0\u00bbon\u00a0\u00bb icon_font_size=\u00a0\u00bb19px\u00a0\u00bb _builder_version=\u00a0\u00bb4.14.3&Prime; _module_preset=\u00a0\u00bbdefault\u00a0\u00bb global_colors_info=\u00a0\u00bb{}\u00a0\u00bb]<br \/>\n                  [et_pb_accordion_item title=\u00a0\u00bbY a-t-il un guichet automatique \u00e0 l&rsquo;int\u00e9rieur de l&rsquo;a\u00e9roport ?\u00a0\u00bb open=\u00a0\u00bbon\u00a0\u00bb open_toggle_text_color=\u00a0\u00bb#173eb2&Prime; open_toggle_background_color=\u00a0\u00bbRGBA(0,0,0,0)\u00a0\u00bb closed_toggle_background_color=\u00a0\u00bbRGBA(0,0,0,0)\u00a0\u00bb _builder_version=\u00a0\u00bb4.14.3&Prime; _module_preset=\u00a0\u00bbdefault\u00a0\u00bb body_font=\u00a0\u00bbRubik|300|||||||\u00a0\u00bb body_text_color=\u00a0\u00bb#000000&Prime; body_font_size=\u00a0\u00bb16px\u00a0\u00bb border_radii=\u00a0\u00bbon|6px|6px|6px|6px\u00a0\u00bb border_color_all=\u00a0\u00bb#173eb2&Prime; global_colors_info=\u00a0\u00bb{}\u00a0\u00bb toggle_font=\u00a0\u00bbPoppins|700|||||||\u00a0\u00bb toggle_font_size=\u00a0\u00bb18px\u00a0\u00bb closed_toggle_font=\u00a0\u00bbPoppins|700|||||||\u00a0\u00bb closed_toggle_font_size=\u00a0\u00bb18px\u00a0\u00bb]<\/p>\n<p>\n                      <span style=\"font-weight: 400;\">Oui, il n&rsquo;y a qu&rsquo;un seul distributeur de billets dans le hall d&rsquo;entr\u00e9e, en face du bureau des permis.<\/span>\n                    <\/p>\n<p>                  [\/et_pb_accordion_item]<br \/>\n                  [et_pb_accordion_item title=\u00a0\u00bbY a-t-il un bureau de change \u00e0 l&rsquo;int\u00e9rieur de l&rsquo;a\u00e9roport ?\u00a0\u00bb open_toggle_text_color=\u00a0\u00bb#173eb2&Prime; open_toggle_background_color=\u00a0\u00bbRGBA(0,0,0,0)\u00a0\u00bb closed_toggle_background_color=\u00a0\u00bbRGBA(0,0,0,0)\u00a0\u00bb _builder_version=\u00a0\u00bb4.9.10&Prime; _module_preset=\u00a0\u00bbdefault\u00a0\u00bb body_font=\u00a0\u00bbRubik|300|||||||\u00a0\u00bb body_text_color=\u00a0\u00bb#000000&Prime; body_font_size=\u00a0\u00bb16px\u00a0\u00bb border_radii=\u00a0\u00bbon|6px|6px|6px|6px\u00a0\u00bb border_color_all=\u00a0\u00bb#173eb2&Prime; global_colors_info=\u00a0\u00bb{}\u00a0\u00bb toggle_font=\u00a0\u00bbPoppins|700|||||||\u00a0\u00bb toggle_font_size=\u00a0\u00bb18px\u00a0\u00bb closed_toggle_font=\u00a0\u00bbPoppins|700|||||||\u00a0\u00bb closed_toggle_font_size=\u00a0\u00bb18px\u00a0\u00bb open=\u00a0\u00bboff\u00a0\u00bb]<\/p>\n<p>\n                      <span style=\"font-weight: 400;\">Non.<\/span>\n                    <\/p>\n<p>                  [\/et_pb_accordion_item]<br \/>\n                  [et_pb_accordion_item title=\u00a0\u00bbY a-t-il du wifi \u00e0 l&rsquo;int\u00e9rieur de l&rsquo;a\u00e9roport ?\u00a0\u00bb open_toggle_text_color=\u00a0\u00bb#173eb2&Prime; open_toggle_background_color=\u00a0\u00bbRGBA(0,0,0,0)\u00a0\u00bb closed_toggle_background_color=\u00a0\u00bbRGBA(0,0,0,0)\u00a0\u00bb _builder_version=\u00a0\u00bb4.9.10&Prime; _module_preset=\u00a0\u00bbdefault\u00a0\u00bb body_font=\u00a0\u00bbRubik|300|||||||\u00a0\u00bb body_text_color=\u00a0\u00bb#000000&Prime; body_font_size=\u00a0\u00bb16px\u00a0\u00bb border_radii=\u00a0\u00bbon|6px|6px|6px|6px\u00a0\u00bb border_color_all=\u00a0\u00bb#173eb2&Prime; global_colors_info=\u00a0\u00bb{}\u00a0\u00bb toggle_font=\u00a0\u00bbPoppins|700|||||||\u00a0\u00bb toggle_font_size=\u00a0\u00bb18px\u00a0\u00bb closed_toggle_font=\u00a0\u00bbPoppins|700|||||||\u00a0\u00bb closed_toggle_font_size=\u00a0\u00bb18px\u00a0\u00bb open=\u00a0\u00bboff\u00a0\u00bb]<\/p>\n<p>\n                      <span style=\"font-weight: 400;\">Oui, il existe un r\u00e9seau hotspot accessible gratuitement en s&rsquo;inscrivant en suivant la proc\u00e9dure guid\u00e9e.<\/span>\n                    <\/p>\n<p>                  [\/et_pb_accordion_item]<br \/>\n                  [et_pb_accordion_item title=\u00a0\u00bbY a-t-il un kiosque \u00e0 journaux ?\u00a0\u00bb open_toggle_text_color=\u00a0\u00bb#173eb2&Prime; open_toggle_background_color=\u00a0\u00bbRGBA(0,0,0,0)\u00a0\u00bb closed_toggle_background_color=\u00a0\u00bbRGBA(0,0,0,0)\u00a0\u00bb _builder_version=\u00a0\u00bb4.9.10&Prime; _module_preset=\u00a0\u00bbdefault\u00a0\u00bb body_font=\u00a0\u00bbRubik|300|||||||\u00a0\u00bb body_text_color=\u00a0\u00bb#000000&Prime; body_font_size=\u00a0\u00bb16px\u00a0\u00bb border_radii=\u00a0\u00bbon|6px|6px|6px|6px\u00a0\u00bb border_color_all=\u00a0\u00bb#173eb2&Prime; global_colors_info=\u00a0\u00bb{}\u00a0\u00bb toggle_font=\u00a0\u00bbPoppins|700|||||||\u00a0\u00bb toggle_font_size=\u00a0\u00bb18px\u00a0\u00bb closed_toggle_font=\u00a0\u00bbPoppins|700|||||||\u00a0\u00bb closed_toggle_font_size=\u00a0\u00bb18px\u00a0\u00bb open=\u00a0\u00bboff\u00a0\u00bb]<\/p>\n<p>\n                      <span style=\"font-weight: 400;\"> Il y a un point de vente de journaux au bar-restaurant avant le contr\u00f4le de s\u00e9curit\u00e9 au premier \u00e9tage et un autre apr\u00e8s le contr\u00f4le de s\u00e9curit\u00e9 au bar pr\u00e8s des portes au premier \u00e9tage.<\/span>\n                    <\/p>\n<p>                  [\/et_pb_accordion_item]<br \/>\n                  [et_pb_accordion_item title=\u00a0\u00bbY a-t-il un point de vente de cigarettes \u00e0 l&rsquo;a\u00e9roport ?\u00a0\u00bb open_toggle_text_color=\u00a0\u00bb#173eb2&Prime; open_toggle_background_color=\u00a0\u00bbRGBA(0,0,0,0)\u00a0\u00bb closed_toggle_background_color=\u00a0\u00bbRGBA(0,0,0,0)\u00a0\u00bb _builder_version=\u00a0\u00bb4.14.3&Prime; _module_preset=\u00a0\u00bbdefault\u00a0\u00bb body_font=\u00a0\u00bbRubik|300|||||||\u00a0\u00bb body_text_color=\u00a0\u00bb#000000&Prime; body_font_size=\u00a0\u00bb16px\u00a0\u00bb border_radii=\u00a0\u00bbon|6px|6px|6px|6px\u00a0\u00bb border_color_all=\u00a0\u00bb#173eb2&Prime; global_colors_info=\u00a0\u00bb{}\u00a0\u00bb toggle_font=\u00a0\u00bbPoppins|700|||||||\u00a0\u00bb toggle_font_size=\u00a0\u00bb18px\u00a0\u00bb closed_toggle_font=\u00a0\u00bbPoppins|700|||||||\u00a0\u00bb closed_toggle_font_size=\u00a0\u00bb18px\u00a0\u00bb open=\u00a0\u00bboff\u00a0\u00bb]<\/p>\n<p>\n                      <span style=\"font-weight: 400;\">Non. <\/span>\n                    <\/p>\n<p>                  [\/et_pb_accordion_item]<br \/>\n                [\/et_pb_accordion]<br \/>\n                [ba_advanced_divider active_element=\u00a0\u00bbtext\u00a0\u00bb title=\u00a0\u00bbPlaintes\u00a0\u00bb border_style_classic=\u00a0\u00bbsolid\u00a0\u00bb border_gap=\u00a0\u00bb26px\u00a0\u00bb border_color=\u00a0\u00bb#173eb2&Prime; border_weight=\u00a0\u00bb4.2px\u00a0\u00bb _builder_version=\u00a0\u00bb4.14.3&Prime; _module_preset=\u00a0\u00bbdefault\u00a0\u00bb global_colors_info=\u00a0\u00bb{}\u00a0\u00bb][\/ba_advanced_divider]<br \/>\n                [et_pb_accordion closed_toggle_text_color=\u00a0\u00bb#173eb2&Prime; icon_color=\u00a0\u00bb#173eb2&Prime; use_icon_font_size=\u00a0\u00bbon\u00a0\u00bb icon_font_size=\u00a0\u00bb19px\u00a0\u00bb _builder_version=\u00a0\u00bb4.9.10&Prime; _module_preset=\u00a0\u00bbdefault\u00a0\u00bb global_colors_info=\u00a0\u00bb{}\u00a0\u00bb]<br \/>\n                  [et_pb_accordion_item title=\u00a0\u00bbJe souhaite d\u00e9noncer un dysfonctionnement. J&rsquo;ai une plainte\/suggestion \u00e0 formuler.\u00a0\u00bb open=\u00a0\u00bbon\u00a0\u00bb open_toggle_text_color=\u00a0\u00bb#173eb2&Prime; open_toggle_background_color=\u00a0\u00bbRGBA(0,0,0,0)\u00a0\u00bb closed_toggle_background_color=\u00a0\u00bbRGBA(0,0,0,0)\u00a0\u00bb _builder_version=\u00a0\u00bb4.9.10&Prime; _module_preset=\u00a0\u00bbdefault\u00a0\u00bb body_font=\u00a0\u00bbRubik|300|||||||\u00a0\u00bb body_text_color=\u00a0\u00bb#000000&Prime; body_font_size=\u00a0\u00bb16px\u00a0\u00bb border_radii=\u00a0\u00bbon|6px|6px|6px|6px\u00a0\u00bb border_color_all=\u00a0\u00bb#173eb2&Prime; global_colors_info=\u00a0\u00bb{}\u00a0\u00bb toggle_font=\u00a0\u00bbPoppins|700|||||||\u00a0\u00bb toggle_font_size=\u00a0\u00bb18px\u00a0\u00bb closed_toggle_font=\u00a0\u00bbPoppins|700|||||||\u00a0\u00bb closed_toggle_font_size=\u00a0\u00bb18px\u00a0\u00bb]<\/p>\n<p>\n                      <span style=\"font-weight: 400;\">Si vous souhaitez signaler une perturbation de l&rsquo;a\u00e9roport ou avez une r\u00e9clamation ou une suggestion concernant les services a\u00e9roportuaires, reportez-vous \u00e0 la page<b><a href=\"https:\/\/cuneoairport.com\/home\/reclami-e-suggerimenti\/\"> Suggestions et r\u00e9clamations<\/a><\/b><\/span>\n                    <\/p>\n<p>\n                      <span style=\"font-weight: 400;\">Souvent, la plainte a \u00e0 voir avec des probl\u00e8mes de compagnies a\u00e9riennes, nous rappelons \u00e0 nos aimables voyageurs que l&rsquo;A\u00e9roport n&rsquo;est pas responsable des retards ou annulations de vols par les compagnies a\u00e9riennes et que tous les services qui s&rsquo;y rapportent doivent \u00eatre contest\u00e9s aupr\u00e8s de la client\u00e8le relative. Consultez le site internet et les r\u00e9f\u00e9rences de la compagnie a\u00e9rienne avec laquelle vous voyagez.<\/span>\n                    <\/p>\n<p><span style=\"font-weight: 400;\">Tu vois<\/span><a href=\"https:\/\/cuneoairport.com\/numeri-utili\/\"><b> Num\u00e9ros utiles<\/b><\/a><span style=\"font-weight: 400;\">pour tout contact ou visitez notre page<a href=\"https:\/\/cuneoairport.com\/\/overbooking-cancellazioni-ed-altri-reclami\/\"><b> Surr\u00e9servation, annulations, retards et autres r\u00e9clamations<\/b><\/a><\/span><\/p>\n<p>                  [\/et_pb_accordion_item]<br \/>\n                  [et_pb_accordion_item title=\u00a0\u00bbR\u00e9clamations concernant l&rsquo;A\u00e9roport \/ Terminal.\u00a0\u00bb open_toggle_text_color=\u00a0\u00bb#173eb2&Prime; open_toggle_background_color=\u00a0\u00bbRGBA(0,0,0,0)\u00a0\u00bb closed_toggle_background_color=\u00a0\u00bbRGBA(0,0,0,0)\u00a0\u00bb _builder_version=\u00a0\u00bb4.9.10&Prime; _module_preset=\u00a0\u00bbdefault\u00a0\u00bb body_font=\u00a0\u00bbRubik|300|||||||\u00a0\u00bb body_text_color=\u00a0\u00bb#000000&Prime; body_font_size=\u00a0\u00bb16px\u00a0\u00bb border_radii=\u00a0\u00bbon|6px|6px|6px|6px\u00a0\u00bb border_color_all=\u00a0\u00bb#173eb2&Prime; global_colors_info=\u00a0\u00bb{}\u00a0\u00bb toggle_font=\u00a0\u00bbPoppins|700|||||||\u00a0\u00bb toggle_font_size=\u00a0\u00bb18px\u00a0\u00bb closed_toggle_font=\u00a0\u00bbPoppins|700|||||||\u00a0\u00bb closed_toggle_font_size=\u00a0\u00bb18px\u00a0\u00bb open=\u00a0\u00bboff\u00a0\u00bb]<\/p>\n<p><span style=\"font-weight: 400;\">\u00c9crivez-nous votre rapport dans la section<\/span><b><a href=\"https:\/\/cuneoairport.com\/home\/reclami-e-suggerimenti\/\"> Suggestions et r\u00e9clamations<\/a><\/b><\/p>\n<p>                  [\/et_pb_accordion_item]<br \/>\n                  [et_pb_accordion_item title=\u00a0\u00bb R\u00e9clamations pour les comptoirs d&rsquo;enregistrement tardif ou concernant le nombre r\u00e9duit de comptoirs d&rsquo;enregistrement \u00e0 l&rsquo;a\u00e9roport\u00a0\u00bb open_toggle_text_color=\u00a0\u00bb#173eb2&Prime; open_toggle_background_color=\u00a0\u00bbRGBA(0,0,0,0)\u00a0\u00bb closed_toggle_background_color=\u00a0\u00bbRGBA(0,0,0,0)\u00a0\u00bb _builder_version=\u00a0\u00bb4.9.10&Prime; _module_preset=\u00a0\u00bbdefault\u00a0\u00bb body_font=\u00a0\u00bbRubik|300|||||||\u00a0\u00bb body_text_color=\u00a0\u00bb#000000&Prime; body_font_size=\u00a0\u00bb16px\u00a0\u00bb border_radii=\u00a0\u00bbon|6px|6px|6px|6px\u00a0\u00bb border_color_all=\u00a0\u00bb#173eb2&Prime; global_colors_info=\u00a0\u00bb{}\u00a0\u00bb toggle_font=\u00a0\u00bbPoppins|700|||||||\u00a0\u00bb toggle_font_size=\u00a0\u00bb18px\u00a0\u00bb closed_toggle_font=\u00a0\u00bbPoppins|700|||||||\u00a0\u00bb closed_toggle_font_size=\u00a0\u00bb18px\u00a0\u00bb open=\u00a0\u00bboff\u00a0\u00bb]<\/p>\n<p>\n                      <span style=\"font-weight: 400;\">L&rsquo;ouverture du comptoir d&rsquo;enregistrement d\u00e9pend du type de vol et de la compagnie a\u00e9rienne. Le nombre r\u00e9duit de comptoirs d&rsquo;enregistrement d\u00e9pend du contrat \u00e9tabli entre la compagnie a\u00e9rienne et le gestionnaire, dans lequel diff\u00e9rents services sont d\u00e9cid\u00e9s, y compris le nombre de comptoirs disponibles pour l&rsquo;enregistrement. L&rsquo;a\u00e9roport ne fournit que des comptoirs d&rsquo;enregistrement. Vous devez donc adresser votre plainte \u00e0 la compagnie a\u00e9rienne avec laquelle vous voyagez.<\/span>\n                    <\/p>\n<p>\n                      <span style=\"font-weight: 400;\">Visitez la page <a href=\"https:\/\/cuneoairport.com\/numeri-utili\/\"><b>Num\u00e9ros utiles<\/b><\/a><\/span>\n                    <\/p>\n<p>                  [\/et_pb_accordion_item]<br \/>\n                [\/et_pb_accordion]<br \/>\n                [ba_advanced_divider active_element=\u00a0\u00bbtext\u00a0\u00bb title=\u00a0\u00bbDemandes\u00a0\u00bb border_style_classic=\u00a0\u00bbsolid\u00a0\u00bb border_gap=\u00a0\u00bb26px\u00a0\u00bb border_color=\u00a0\u00bb#173eb2&Prime; border_weight=\u00a0\u00bb4.2px\u00a0\u00bb _builder_version=\u00a0\u00bb4.14.3&Prime; _module_preset=\u00a0\u00bbdefault\u00a0\u00bb global_colors_info=\u00a0\u00bb{}\u00a0\u00bb][\/ba_advanced_divider]<br \/>\n                [et_pb_accordion closed_toggle_text_color=\u00a0\u00bb#173eb2&Prime; icon_color=\u00a0\u00bb#173eb2&Prime; use_icon_font_size=\u00a0\u00bbon\u00a0\u00bb icon_font_size=\u00a0\u00bb19px\u00a0\u00bb _builder_version=\u00a0\u00bb4.14.3&Prime; _module_preset=\u00a0\u00bbdefault\u00a0\u00bb global_colors_info=\u00a0\u00bb{}\u00a0\u00bb]<br \/>\n                  [et_pb_accordion_item title=\u00a0\u00bbDemandes d&rsquo;espace publicitaire \u00e0 l&rsquo;a\u00e9roport\u00a0\u00bb open=\u00a0\u00bbon\u00a0\u00bb open_toggle_text_color=\u00a0\u00bb#173eb2&Prime; open_toggle_background_color=\u00a0\u00bbRGBA(0,0,0,0)\u00a0\u00bb closed_toggle_background_color=\u00a0\u00bbRGBA(0,0,0,0)\u00a0\u00bb _builder_version=\u00a0\u00bb4.14.3&Prime; _module_preset=\u00a0\u00bbdefault\u00a0\u00bb body_font=\u00a0\u00bbRubik|300|||||||\u00a0\u00bb body_text_color=\u00a0\u00bb#000000&Prime; body_font_size=\u00a0\u00bb16px\u00a0\u00bb border_radii=\u00a0\u00bbon|6px|6px|6px|6px\u00a0\u00bb border_color_all=\u00a0\u00bb#173eb2&Prime; global_colors_info=\u00a0\u00bb{}\u00a0\u00bb toggle_font=\u00a0\u00bbPoppins|700|||||||\u00a0\u00bb toggle_font_size=\u00a0\u00bb18px\u00a0\u00bb closed_toggle_font=\u00a0\u00bbPoppins|700|||||||\u00a0\u00bb closed_toggle_font_size=\u00a0\u00bb18px\u00a0\u00bb]<\/p>\n<p>Voir la page <strong><br \/>\n  <a href=\"https:\/\/cuneoairport.com\/spazi-pubblicitari\/\" target=\"_blank\" rel=\"noopener\">Espaces publicitaires<\/a><br \/>\n<\/strong><\/p>\n<p>                  [\/et_pb_accordion_item]<br \/>\n                [\/et_pb_accordion]<br \/>\n                [ba_advanced_divider active_element=\u00a0\u00bbtext\u00a0\u00bb title=\u00a0\u00bbInformations touristiques\u00a0\u00bb border_style_classic=\u00a0\u00bbsolid\u00a0\u00bb border_gap=\u00a0\u00bb26px\u00a0\u00bb border_color=\u00a0\u00bb#173eb2&Prime; border_weight=\u00a0\u00bb4.2px\u00a0\u00bb _builder_version=\u00a0\u00bb4.14.3&Prime; _module_preset=\u00a0\u00bbdefault\u00a0\u00bb global_colors_info=\u00a0\u00bb{}\u00a0\u00bb][\/ba_advanced_divider]<br \/>\n                [et_pb_accordion closed_toggle_text_color=\u00a0\u00bb#173eb2&Prime; icon_color=\u00a0\u00bb#173eb2&Prime; use_icon_font_size=\u00a0\u00bbon\u00a0\u00bb icon_font_size=\u00a0\u00bb19px\u00a0\u00bb _builder_version=\u00a0\u00bb4.14.3&Prime; _module_preset=\u00a0\u00bbdefault\u00a0\u00bb global_colors_info=\u00a0\u00bb{}\u00a0\u00bb]<br \/>\n                  [et_pb_accordion_item title=\u00a0\u00bbO\u00f9 dormir dans le quartier de l&rsquo;a\u00e9roport ?\u00a0\u00bb open=\u00a0\u00bbon\u00a0\u00bb open_toggle_text_color=\u00a0\u00bb#173eb2&Prime; open_toggle_background_color=\u00a0\u00bbRGBA(0,0,0,0)\u00a0\u00bb closed_toggle_background_color=\u00a0\u00bbRGBA(0,0,0,0)\u00a0\u00bb _builder_version=\u00a0\u00bb4.14.3&Prime; _module_preset=\u00a0\u00bbdefault\u00a0\u00bb body_font=\u00a0\u00bbRubik|300|||||||\u00a0\u00bb body_text_color=\u00a0\u00bb#000000&Prime; body_font_size=\u00a0\u00bb16px\u00a0\u00bb border_radii=\u00a0\u00bbon|6px|6px|6px|6px\u00a0\u00bb border_color_all=\u00a0\u00bb#173eb2&Prime; global_colors_info=\u00a0\u00bb{}\u00a0\u00bb toggle_font=\u00a0\u00bbPoppins|700|||||||\u00a0\u00bb toggle_font_size=\u00a0\u00bb18px\u00a0\u00bb closed_toggle_font=\u00a0\u00bbPoppins|700|||||||\u00a0\u00bb closed_toggle_font_size=\u00a0\u00bb18px\u00a0\u00bb]<\/p>\n<p><span style=\"font-weight: 400;\">Voir la page<\/span><a href=\"https:\/\/cuneoairport.com\/turismo\/\" target=\"_blank\" rel=\"noopener\"><b> Tourisme<\/b><\/a> <span style=\"font-weight: 400;\">pour toutes informations concernant la nuit\u00e9e. Veuillez noter que vous ne pouvez pas dormir \u00e0 l&rsquo;a\u00e9roport. L&rsquo;a\u00e9roport ouvre \u00e0 7h00 et ferme \u00e0 21h00 sauf les jours avec des vols de nuit.<\/span><\/p>\n<p>\n                      <b><\/b>\n                    <\/p>\n<p>                  [\/et_pb_accordion_item]<br \/>\n                  [et_pb_accordion_item title=\u00a0\u00bbQuels sont les principaux points d&rsquo;int\u00e9r\u00eat autour de l&rsquo;a\u00e9roport de Coni ?\u00a0\u00bb open_toggle_text_color=\u00a0\u00bb#173eb2&Prime; open_toggle_background_color=\u00a0\u00bbRGBA(0,0,0,0)\u00a0\u00bb closed_toggle_background_color=\u00a0\u00bbRGBA(0,0,0,0)\u00a0\u00bb _builder_version=\u00a0\u00bb4.14.3&Prime; _module_preset=\u00a0\u00bbdefault\u00a0\u00bb body_font=\u00a0\u00bbRubik|300|||||||\u00a0\u00bb body_text_color=\u00a0\u00bb#000000&Prime; body_font_size=\u00a0\u00bb16px\u00a0\u00bb border_radii=\u00a0\u00bbon|6px|6px|6px|6px\u00a0\u00bb border_color_all=\u00a0\u00bb#173eb2&Prime; global_colors_info=\u00a0\u00bb{}\u00a0\u00bb toggle_font=\u00a0\u00bbPoppins|700|||||||\u00a0\u00bb toggle_font_size=\u00a0\u00bb18px\u00a0\u00bb closed_toggle_font=\u00a0\u00bbPoppins|700|||||||\u00a0\u00bb closed_toggle_font_size=\u00a0\u00bb18px\u00a0\u00bb open=\u00a0\u00bboff\u00a0\u00bb]<\/p>\n<p><span style=\"font-weight: 400;\">Voir la page<\/span> <a href=\"https:\/\/cuneoairport.com\/turismo\/\" target=\"_blank\" rel=\"noopener\">Tourisme<\/a> <span style=\"font-weight: 400;\">pour toutes les informations touristiques concernant les lieux \u00e0 visiter et les activit\u00e9s \u00e0 r\u00e9aliser dans notre r\u00e9gion !<\/span><\/p>\n<p>                  [\/et_pb_accordion_item]<br \/>\n                [\/et_pb_accordion]<br \/>\n              [\/et_pb_column]<br \/>\n            [\/et_pb_row]<br \/>\n          [\/et_pb_section]<\/p>\n","protected":false},"excerpt":{"rendered":"<p>les doutes? consulter le Questions &#8211; FAQ <div class=\"et_pb_with_border et_pb_module ba_advanced_divider ba_advanced_divider_0\">\n\t\t\t\t\n\t\t\t\t\n\t\t\t\t\n\t\t\t\t\n\t\t\t\t\n\t\t\t\t\n\t\t\t\t<div class=\"et_pb_module_inner\">\n\t\t\t\t\t<div class=\"dtq-module dtq-divider\">\n                <div class=\"dtq-divider__border dtq-divider__border-start\"><\/div>\n                <h1 class=\"dtq-divider__element dtq-divider__text\"><span>Informazioni di Viaggio<\/span><\/h1>\n                <div class=\"dtq-divider__border dtq-divider__border-end\"><\/div>\n                \n            <\/div>\n\t\t\t\t<\/div>\n\t\t\t<\/div> L&rsquo;a\u00e9roport de Cuneo garantit aux personnes handicap\u00e9es ou \u00e0 mobilit\u00e9 r\u00e9duite tous les services d&rsquo;assistance en transit et \u00e0 l&rsquo;arriv\u00e9e. Toutes les informations sont disponibles sur notre page : Assistances sp\u00e9ciales (PMR) Un vol est surbook\u00e9 [&hellip;]<\/p>\n","protected":false},"author":3,"featured_media":0,"parent":0,"menu_order":0,"comment_status":"closed","ping_status":"closed","template":"","meta":{"_acf_changed":false,"_et_pb_use_builder":"on","_et_pb_old_content":"","_et_gb_content_width":"","footnotes":""},"class_list":["post-3887","page","type-page","status-publish","hentry"],"acf":[],"_links":{"self":[{"href":"https:\/\/cuneoairport.com\/fr\/wp-json\/wp\/v2\/pages\/3887","targetHints":{"allow":["GET"]}}],"collection":[{"href":"https:\/\/cuneoairport.com\/fr\/wp-json\/wp\/v2\/pages"}],"about":[{"href":"https:\/\/cuneoairport.com\/fr\/wp-json\/wp\/v2\/types\/page"}],"author":[{"embeddable":true,"href":"https:\/\/cuneoairport.com\/fr\/wp-json\/wp\/v2\/users\/3"}],"replies":[{"embeddable":true,"href":"https:\/\/cuneoairport.com\/fr\/wp-json\/wp\/v2\/comments?post=3887"}],"version-history":[{"count":1,"href":"https:\/\/cuneoairport.com\/fr\/wp-json\/wp\/v2\/pages\/3887\/revisions"}],"predecessor-version":[{"id":15419,"href":"https:\/\/cuneoairport.com\/fr\/wp-json\/wp\/v2\/pages\/3887\/revisions\/15419"}],"wp:attachment":[{"href":"https:\/\/cuneoairport.com\/fr\/wp-json\/wp\/v2\/media?parent=3887"}],"curies":[{"name":"wp","href":"https:\/\/api.w.org\/{rel}","templated":true}]}}