{"id":3867,"date":"2021-08-30T16:08:28","date_gmt":"2021-08-30T14:08:28","guid":{"rendered":"https:\/\/cuneoairport.com\/nuovosito\/communiques-de-presse\/"},"modified":"2022-08-17T13:03:06","modified_gmt":"2022-08-17T11:03:06","slug":"communiques-de-presse","status":"publish","type":"page","link":"https:\/\/cuneoairport.com\/fr\/communiques-de-presse\/","title":{"rendered":"Communiqu\u00e9s de Presse"},"content":{"rendered":"<p>[et_pb_section fb_built=\u00a0\u00bb1&Prime; _builder_version=\u00a0\u00bb4.9.9&Prime; _module_preset=\u00a0\u00bbdefault\u00a0\u00bb custom_padding=\u00a0\u00bb11px||17px|||\u00a0\u00bb global_colors_info=\u00a0\u00bb{}\u00a0\u00bb][et_pb_row _builder_version=\u00a0\u00bb4.9.9&Prime; _module_preset=\u00a0\u00bbdefault\u00a0\u00bb width=\u00a0\u00bb90%\u00a0\u00bb custom_margin=\u00a0\u00bb|auto|26px|auto||\u00a0\u00bb custom_padding=\u00a0\u00bb3px||5px|||\u00a0\u00bb global_colors_info=\u00a0\u00bb{}\u00a0\u00bb][et_pb_column type=\u00a0\u00bb4_4&Prime; _builder_version=\u00a0\u00bb4.9.9&Prime; _module_preset=\u00a0\u00bbdefault\u00a0\u00bb global_colors_info=\u00a0\u00bb{}\u00a0\u00bb][et_pb_text _builder_version=\u00a0\u00bb4.9.10&Prime; _module_preset=\u00a0\u00bbdefault\u00a0\u00bb header_2_font=\u00a0\u00bbArchivo|||on|||||\u00a0\u00bb header_2_text_align=\u00a0\u00bbcenter\u00a0\u00bb header_2_font_size=\u00a0\u00bb13px\u00a0\u00bb header_2_letter_spacing=\u00a0\u00bb10px\u00a0\u00bb custom_margin=\u00a0\u00bb7px||5px|||\u00a0\u00bb global_colors_info=\u00a0\u00bb{}\u00a0\u00bb]<\/p>\n<h2>dernier<\/h2>\n<p>[\/et_pb_text][et_pb_text _builder_version=\u00a0\u00bb4.9.10&Prime; _module_preset=\u00a0\u00bbdefault\u00a0\u00bb header_font=\u00a0\u00bbAbel||||||||\u00a0\u00bb header_text_color=\u00a0\u00bb#3b444f\u00a0\u00bb header_2_font=\u00a0\u00bbPoppins|800|||||||\u00a0\u00bb header_2_text_align=\u00a0\u00bbcenter\u00a0\u00bb header_2_text_color=\u00a0\u00bb#173eb2&Prime; header_2_font_size=\u00a0\u00bb37px\u00a0\u00bb custom_margin=\u00a0\u00bb||1px||false|false\u00a0\u00bb global_colors_info=\u00a0\u00bb{}\u00a0\u00bb]<\/p>\n<h2>communiqu\u00e9s de presse<\/h2>\n<p>[\/et_pb_text][brbl_post_grid include_categories=\u00a0\u00bb71&Prime; order=\u00a0\u00bbDESC\u00a0\u00bb date_format=\u00a0\u00bbd M Y\u00a0\u00bb title_spacing_top=\u00a0\u00bb0px\u00a0\u00bb title_spacing_bottom=\u00a0\u00bb0px\u00a0\u00bb show_avatar=\u00a0\u00bboff\u00a0\u00bb show_categories=\u00a0\u00bbon\u00a0\u00bb show_author=\u00a0\u00bboff\u00a0\u00bb pagination_type=\u00a0\u00bbloadmore\u00a0\u00bb column_count_tablet=\u00a0\u00bb2&Prime; column_count_phone=\u00a0\u00bb1&Prime; column_count_last_edited=\u00a0\u00bbon|phone\u00a0\u00bb _builder_version=\u00a0\u00bb4.14.3&Prime; _module_preset=\u00a0\u00bbdefault\u00a0\u00bb title_font=\u00a0\u00bbPoppins||||||||\u00a0\u00bb title_font_size=\u00a0\u00bb20px\u00a0\u00bb excerpt_font=\u00a0\u00bbRubik|300|||||||\u00a0\u00bb custom_margin=\u00a0\u00bb31px||||false|false\u00a0\u00bb hover_enabled=\u00a0\u00bb0&Prime; border_radii_post=\u00a0\u00bbon|6px|6px|6px|6px\u00a0\u00bb border_radii_content=\u00a0\u00bbon||||\u00a0\u00bb global_colors_info=\u00a0\u00bb{}\u00a0\u00bb show_first_category=\u00a0\u00bbon\u00a0\u00bb sticky_enabled=\u00a0\u00bb0&Prime;][\/brbl_post_grid][\/et_pb_column][\/et_pb_row][\/et_pb_section]<\/p>\n","protected":false},"excerpt":{"rendered":"<p>derniercommuniqu\u00e9s de presse<div class=\"et_pb_module brbl_post_grid brbl_post_grid_0\">\n\t\t\t\t\n\t\t\t\t\n\t\t\t\t\n\t\t\t\t\n\t\t\t\t\n\t\t\t\t\n\t\t\t\t<div class=\"et_pb_module_inner\">\n\t\t\t\t\t<div class=\"brbl-module brbl-post-grid equal-height-on brbl-postgrid-infinite\" data-options=\"{&quot;layout&quot;:&quot;layout4&quot;,&quot;blog_order&quot;:0,&quot;pagination_type&quot;:&quot;loadmore&quot;,&quot;loadmore_type&quot;:&quot;scroll&quot;}\" >\r\n                <div id=\"brbl-blog-wrapper\" class=\"brbl-blog brbl-blog-scroll-0\"><div class=\"brbl-blog-item  brbl-blog-item-layout4-0\">\r\n        <article class=\"brbl-post-card brbl-post-card-4\">\r\n\t\t\t<figure class=\"brbl-post-thumb\">\r\n\t\t\t\t<a href=\"https:\/\/cuneoairport.com\/fr\/nouvelle-route-cuneo-cagliari-avec-aeroitalia\/\">\r\n\t\t\t\t\t<div class=\"brbl-overlay\" data-icon=\"\"><\/div>\r\n\t\t\t\t\t<img width=\"1262\" height=\"841\" src=\"https:\/\/cuneoairport.com\/wp-content\/uploads\/2024\/06\/737_700_2.png\" class=\"attachment-full size-full wp-post-image\" alt=\"\" decoding=\"async\" loading=\"lazy\" srcset=\"https:\/\/cuneoairport.com\/wp-content\/uploads\/2024\/06\/737_700_2.png 1262w, https:\/\/cuneoairport.com\/wp-content\/uploads\/2024\/06\/737_700_2-980x653.png 980w, https:\/\/cuneoairport.com\/wp-content\/uploads\/2024\/06\/737_700_2-480x320.png 480w\" sizes=\"auto, (min-width: 0px) and (max-width: 480px) 480px, (min-width: 481px) and (max-width: 980px) 980px, (min-width: 981px) 1262px, 100vw\" \/>\r\n\t\t\t\t<\/a>\r\n\t\t\t\t<div class=\"brbl-post-categories\" xyx=\"71\"><a rel=\"tag\" href=\"https:\/\/cuneoairport.com\/fr\/category\/communiques-de-presse\/\">Communiqu\u00e9s de Presse<\/a><\/div>\r\n\t\t\t<\/figure>\r\n\t\t\t<div class=\"brbl-author-avatar\"><img decoding=\"async\" src=\"https:\/\/secure.gravatar.com\/avatar\/2b85e31fcf38eac619e9777a6bf04fe67338d1c3b6bb903bfb900901c5a31cad?s=96&#038;d=mm&#038;r=g\"><\/div>\r\n            <div class=\"brbl-blog-content\">\r\n\t\t\t\t<h4 class=\"brbl-post-title\">\r\n                <a href=\"https:\/\/cuneoairport.com\/fr\/nouvelle-route-cuneo-cagliari-avec-aeroitalia\/\">NOUVELLE ROUTE CUNEO-CAGLIARI AVEC AEROITALIA<\/a>\r\n            <\/h4>\r\n\t\t\t\t<div class=\"brbl-post-excerpt\">18 NOVEMBRE 2025 - A\u00c9ROPORT DE CUNE AEROITALIA RELIE LA SARDAIGNE AU PI\u00c9MONT : LA NOUVELLE LIGNE CUNEO-CAGLIARI SERA EXPLOIT\u00c9E \u00c0 PARTIR DU 19...<\/div>\r\n                <div class=\"brbl-blog-meta\">\r\n                    \r\n                    <div class=\"brbl-post-date\">\r\n            <svg enable-background=\"new 0 0 443.294 443.294\" viewBox=\"0 0 443.29 443.29\" xmlns=\"http:\/\/www.w3.org\/2000\/svg\"><path d=\"m221.65 0c-122.21 0-221.65 99.433-221.65 221.65s99.433 221.65 221.65 221.65 221.65-99.433 221.65-221.65-99.433-221.65-221.65-221.65zm0 415.59c-106.94 0-193.94-87-193.94-193.94s87-193.94 193.94-193.94 193.94 87 193.94 193.94-87 193.94-193.94 193.94z\"\/><path d=\"m235.5 83.118h-27.706v144.26l87.176 87.176 19.589-19.589-79.059-79.059z\"\/>\r\n    <\/svg>\r\n            18 Nov 2025\r\n        <\/div>\r\n                <\/div>\r\n            <\/div>\r\n        <\/article>\r\n    <\/div><div class=\"brbl-blog-item  brbl-blog-item-layout4-0\">\r\n        <article class=\"brbl-post-card brbl-post-card-4\">\r\n\t\t\t<figure class=\"brbl-post-thumb\">\r\n\t\t\t\t<a href=\"https:\/\/cuneoairport.com\/fr\/connect-2024\/\">\r\n\t\t\t\t\t<div class=\"brbl-overlay\" data-icon=\"\"><\/div>\r\n\t\t\t\t\t<img width=\"828\" height=\"551\" src=\"https:\/\/cuneoairport.com\/wp-content\/uploads\/2023\/02\/4135627c-49fd-4bdc-81ee-565683d98f07.jpeg\" class=\"attachment-full size-full wp-post-image\" alt=\"\" decoding=\"async\" loading=\"lazy\" srcset=\"https:\/\/cuneoairport.com\/wp-content\/uploads\/2023\/02\/4135627c-49fd-4bdc-81ee-565683d98f07.jpeg 828w, https:\/\/cuneoairport.com\/wp-content\/uploads\/2023\/02\/4135627c-49fd-4bdc-81ee-565683d98f07-480x319.jpeg 480w\" sizes=\"auto, (min-width: 0px) and (max-width: 480px) 480px, (min-width: 481px) 828px, 100vw\" \/>\r\n\t\t\t\t<\/a>\r\n\t\t\t\t<div class=\"brbl-post-categories\" xyx=\"71\"><a rel=\"tag\" href=\"https:\/\/cuneoairport.com\/fr\/category\/communiques-de-presse\/\">Communiqu\u00e9s de Presse<\/a><\/div>\r\n\t\t\t<\/figure>\r\n\t\t\t<div class=\"brbl-author-avatar\"><img decoding=\"async\" src=\"https:\/\/secure.gravatar.com\/avatar\/2b85e31fcf38eac619e9777a6bf04fe67338d1c3b6bb903bfb900901c5a31cad?s=96&#038;d=mm&#038;r=g\"><\/div>\r\n            <div class=\"brbl-blog-content\">\r\n\t\t\t\t<h4 class=\"brbl-post-title\">\r\n                <a href=\"https:\/\/cuneoairport.com\/fr\/connect-2024\/\">CONNECT 2024<\/a>\r\n            <\/h4>\r\n\t\t\t\t<div class=\"brbl-post-excerpt\">24 F\u00c9VRIER 2023 - A\u00c9ROPORT DE CUNEO &nbsp; TORINO ACCUEILLERA CONNECT, LE FORUM MONDIAL DE L'AVIATION CIVILE, EN FEVRIER 2024 Le conseiller...<\/div>\r\n                <div class=\"brbl-blog-meta\">\r\n                    \r\n                    <div class=\"brbl-post-date\">\r\n            <svg enable-background=\"new 0 0 443.294 443.294\" viewBox=\"0 0 443.29 443.29\" xmlns=\"http:\/\/www.w3.org\/2000\/svg\"><path d=\"m221.65 0c-122.21 0-221.65 99.433-221.65 221.65s99.433 221.65 221.65 221.65 221.65-99.433 221.65-221.65-99.433-221.65-221.65-221.65zm0 415.59c-106.94 0-193.94-87-193.94-193.94s87-193.94 193.94-193.94 193.94 87 193.94 193.94-87 193.94-193.94 193.94z\"\/><path d=\"m235.5 83.118h-27.706v144.26l87.176 87.176 19.589-19.589-79.059-79.059z\"\/>\r\n    <\/svg>\r\n            01 Ao\u00fbt 2023\r\n        <\/div>\r\n                <\/div>\r\n            <\/div>\r\n        <\/article>\r\n    <\/div><div class=\"brbl-blog-item  brbl-blog-item-layout4-0\">\r\n        <article class=\"brbl-post-card brbl-post-card-4\">\r\n\t\t\t<figure class=\"brbl-post-thumb\">\r\n\t\t\t\t<a href=\"https:\/\/cuneoairport.com\/fr\/la-collaboration-entre-moeves-et-laeroport-de-cuneo-se-poursuit\/\">\r\n\t\t\t\t\t<div class=\"brbl-overlay\" data-icon=\"\"><\/div>\r\n\t\t\t\t\t<img width=\"980\" height=\"364\" src=\"https:\/\/cuneoairport.com\/wp-content\/uploads\/2022\/10\/Progetto-senza-titolo-1.jpg\" class=\"attachment-full size-full wp-post-image\" alt=\"\" decoding=\"async\" loading=\"lazy\" srcset=\"https:\/\/cuneoairport.com\/wp-content\/uploads\/2022\/10\/Progetto-senza-titolo-1.jpg 980w, https:\/\/cuneoairport.com\/wp-content\/uploads\/2022\/10\/Progetto-senza-titolo-1-480x178.jpg 480w\" sizes=\"auto, (min-width: 0px) and (max-width: 480px) 480px, (min-width: 481px) 980px, 100vw\" \/>\r\n\t\t\t\t<\/a>\r\n\t\t\t\t<div class=\"brbl-post-categories\" xyx=\"71\"><a rel=\"tag\" href=\"https:\/\/cuneoairport.com\/fr\/category\/communiques-de-presse\/\">Communiqu\u00e9s de Presse<\/a><\/div>\r\n\t\t\t<\/figure>\r\n\t\t\t<div class=\"brbl-author-avatar\"><img decoding=\"async\" src=\"https:\/\/secure.gravatar.com\/avatar\/2b85e31fcf38eac619e9777a6bf04fe67338d1c3b6bb903bfb900901c5a31cad?s=96&#038;d=mm&#038;r=g\"><\/div>\r\n            <div class=\"brbl-blog-content\">\r\n\t\t\t\t<h4 class=\"brbl-post-title\">\r\n                <a href=\"https:\/\/cuneoairport.com\/fr\/la-collaboration-entre-moeves-et-laeroport-de-cuneo-se-poursuit\/\">La collaboration entre Moeves et l&rsquo;a\u00e9roport de Cuneo se poursuit<\/a>\r\n            <\/h4>\r\n\t\t\t\t<div class=\"brbl-post-excerpt\">La collaboration entre Moeves et l&rsquo;a\u00e9roport de Cuneo se poursuit<\/div>\r\n                <div class=\"brbl-blog-meta\">\r\n                    \r\n                    <div class=\"brbl-post-date\">\r\n            <svg enable-background=\"new 0 0 443.294 443.294\" viewBox=\"0 0 443.29 443.29\" xmlns=\"http:\/\/www.w3.org\/2000\/svg\"><path d=\"m221.65 0c-122.21 0-221.65 99.433-221.65 221.65s99.433 221.65 221.65 221.65 221.65-99.433 221.65-221.65-99.433-221.65-221.65-221.65zm0 415.59c-106.94 0-193.94-87-193.94-193.94s87-193.94 193.94-193.94 193.94 87 193.94 193.94-87 193.94-193.94 193.94z\"\/><path d=\"m235.5 83.118h-27.706v144.26l87.176 87.176 19.589-19.589-79.059-79.059z\"\/>\r\n    <\/svg>\r\n            01 Ao\u00fbt 2023\r\n        <\/div>\r\n                <\/div>\r\n            <\/div>\r\n        <\/article>\r\n    <\/div><div class=\"brbl-blog-item  brbl-blog-item-layout4-0\">\r\n        <article class=\"brbl-post-card brbl-post-card-4\">\r\n\t\t\t<figure class=\"brbl-post-thumb brbl-empty-thumb\">\r\n\t\t\t\t<a href=\"https:\/\/cuneoairport.com\/fr\/air-dolomiti-reliera-laeroport-de-cuneo-a-munich\/\">\r\n\t\t\t\t\t<div class=\"brbl-overlay\" data-icon=\"\"><\/div>\r\n\t\t\t\t<\/a>\r\n\t\t\t\t<div class=\"brbl-post-categories\" xyx=\"71\"><a rel=\"tag\" href=\"https:\/\/cuneoairport.com\/fr\/category\/communiques-de-presse\/\">Communiqu\u00e9s de Presse<\/a><\/div>\r\n\t\t\t<\/figure>\r\n\t\t\t<div class=\"brbl-author-avatar\"><img decoding=\"async\" src=\"https:\/\/secure.gravatar.com\/avatar\/f3d25b9a6220ec79194c2d1a44ac88c22c6485e356648f4fe539c321bdc5b74f?s=96&#038;d=mm&#038;r=g\"><\/div>\r\n            <div class=\"brbl-blog-content\">\r\n\t\t\t\t<h4 class=\"brbl-post-title\">\r\n                <a href=\"https:\/\/cuneoairport.com\/fr\/air-dolomiti-reliera-laeroport-de-cuneo-a-munich\/\">Air Dolomiti reliera l&rsquo;a\u00e9roport de Cuneo \u00e0 Munich<\/a>\r\n            <\/h4>\r\n\t\t\t\t<div class=\"brbl-post-excerpt\">25 AOT 2020 \u2022 A\u00c9ROPORT DE CUNEO Air Dolomiti reliera l'a\u00e9roport de Cuneo \u00e0 Munich A partir de novembre prochain, la compagnie a\u00e9rienne italienne du...<\/div>\r\n                <div class=\"brbl-blog-meta\">\r\n                    \r\n                    <div class=\"brbl-post-date\">\r\n            <svg enable-background=\"new 0 0 443.294 443.294\" viewBox=\"0 0 443.29 443.29\" xmlns=\"http:\/\/www.w3.org\/2000\/svg\"><path d=\"m221.65 0c-122.21 0-221.65 99.433-221.65 221.65s99.433 221.65 221.65 221.65 221.65-99.433 221.65-221.65-99.433-221.65-221.65-221.65zm0 415.59c-106.94 0-193.94-87-193.94-193.94s87-193.94 193.94-193.94 193.94 87 193.94 193.94-87 193.94-193.94 193.94z\"\/><path d=\"m235.5 83.118h-27.706v144.26l87.176 87.176 19.589-19.589-79.059-79.059z\"\/>\r\n    <\/svg>\r\n            30 Ao\u00fbt 2021\r\n        <\/div>\r\n                <\/div>\r\n            <\/div>\r\n        <\/article>\r\n    <\/div><div class=\"brbl-blog-item  brbl-blog-item-layout4-0\">\r\n        <article class=\"brbl-post-card brbl-post-card-4\">\r\n\t\t\t<figure class=\"brbl-post-thumb brbl-empty-thumb\">\r\n\t\t\t\t<a href=\"https:\/\/cuneoairport.com\/fr\/ryanair-annonce-lextension-de-la-liaison-cuneo-bari-pour-lhiver-2020\/\">\r\n\t\t\t\t\t<div class=\"brbl-overlay\" data-icon=\"\"><\/div>\r\n\t\t\t\t<\/a>\r\n\t\t\t\t<div class=\"brbl-post-categories\" xyx=\"71\"><a rel=\"tag\" href=\"https:\/\/cuneoairport.com\/fr\/category\/communiques-de-presse\/\">Communiqu\u00e9s de Presse<\/a><\/div>\r\n\t\t\t<\/figure>\r\n\t\t\t<div class=\"brbl-author-avatar\"><img decoding=\"async\" src=\"https:\/\/secure.gravatar.com\/avatar\/f3d25b9a6220ec79194c2d1a44ac88c22c6485e356648f4fe539c321bdc5b74f?s=96&#038;d=mm&#038;r=g\"><\/div>\r\n            <div class=\"brbl-blog-content\">\r\n\t\t\t\t<h4 class=\"brbl-post-title\">\r\n                <a href=\"https:\/\/cuneoairport.com\/fr\/ryanair-annonce-lextension-de-la-liaison-cuneo-bari-pour-lhiver-2020\/\">Ryanair annonce l&rsquo;extension de la liaison Cuneo-Bari pour l&rsquo;hiver 2020<\/a>\r\n            <\/h4>\r\n\t\t\t\t<div class=\"brbl-post-excerpt\">27 JUILLET 2020 \u2022 A\u00c9ROPORT DE CUNEO Ryanair annonce l'extension de la liaison Cuneo-Bari pour l'hiver 2020 Ryanair a annonc\u00e9 l'extension de la...<\/div>\r\n                <div class=\"brbl-blog-meta\">\r\n                    \r\n                    <div class=\"brbl-post-date\">\r\n            <svg enable-background=\"new 0 0 443.294 443.294\" viewBox=\"0 0 443.29 443.29\" xmlns=\"http:\/\/www.w3.org\/2000\/svg\"><path d=\"m221.65 0c-122.21 0-221.65 99.433-221.65 221.65s99.433 221.65 221.65 221.65 221.65-99.433 221.65-221.65-99.433-221.65-221.65-221.65zm0 415.59c-106.94 0-193.94-87-193.94-193.94s87-193.94 193.94-193.94 193.94 87 193.94 193.94-87 193.94-193.94 193.94z\"\/><path d=\"m235.5 83.118h-27.706v144.26l87.176 87.176 19.589-19.589-79.059-79.059z\"\/>\r\n    <\/svg>\r\n            30 Ao\u00fbt 2021\r\n        <\/div>\r\n                <\/div>\r\n            <\/div>\r\n        <\/article>\r\n    <\/div><div class=\"brbl-blog-item  brbl-blog-item-layout4-0\">\r\n        <article class=\"brbl-post-card brbl-post-card-4\">\r\n\t\t\t<figure class=\"brbl-post-thumb\">\r\n\t\t\t\t<a href=\"https:\/\/cuneoairport.com\/fr\/avec-nole-bus-company-lance-la-location-de-voitures-hybrides-fourgonnettes-velos-et-scooters-electriques\/\">\r\n\t\t\t\t\t<div class=\"brbl-overlay\" data-icon=\"\"><\/div>\r\n\t\t\t\t\t<img width=\"1280\" height=\"640\" src=\"https:\/\/cuneoairport.com\/wp-content\/uploads\/2021\/06\/Nole.webp\" class=\"attachment-full size-full wp-post-image\" alt=\"\" decoding=\"async\" loading=\"lazy\" srcset=\"https:\/\/cuneoairport.com\/wp-content\/uploads\/2021\/06\/Nole.webp 1280w, https:\/\/cuneoairport.com\/wp-content\/uploads\/2021\/06\/Nole-980x490.webp 980w, https:\/\/cuneoairport.com\/wp-content\/uploads\/2021\/06\/Nole-480x240.webp 480w\" sizes=\"auto, (min-width: 0px) and (max-width: 480px) 480px, (min-width: 481px) and (max-width: 980px) 980px, (min-width: 981px) 1280px, 100vw\" \/>\r\n\t\t\t\t<\/a>\r\n\t\t\t\t<div class=\"brbl-post-categories\" xyx=\"71\"><a rel=\"tag\" href=\"https:\/\/cuneoairport.com\/fr\/category\/communiques-de-presse\/\">Communiqu\u00e9s de Presse<\/a><\/div>\r\n\t\t\t<\/figure>\r\n\t\t\t<div class=\"brbl-author-avatar\"><img decoding=\"async\" src=\"https:\/\/secure.gravatar.com\/avatar\/f3d25b9a6220ec79194c2d1a44ac88c22c6485e356648f4fe539c321bdc5b74f?s=96&#038;d=mm&#038;r=g\"><\/div>\r\n            <div class=\"brbl-blog-content\">\r\n\t\t\t\t<h4 class=\"brbl-post-title\">\r\n                <a href=\"https:\/\/cuneoairport.com\/fr\/avec-nole-bus-company-lance-la-location-de-voitures-hybrides-fourgonnettes-velos-et-scooters-electriques\/\">\u00ab Nol\u00e8 \u00bb aussi \u00e0 l&rsquo;A\u00e9roport, le service de location de voiture pratique et rapide<\/a>\r\n            <\/h4>\r\n\t\t\t\t<div class=\"brbl-post-excerpt\">28 JUIN 2021 \u2022 COMPAGNIE D'AUTOBUS Avec \u00ab Nol\u00e8 \u00bb Bus Company lance la location de voitures hybrides, fourgonnettes, v\u00e9los et scooters \u00e9lectriques A...<\/div>\r\n                <div class=\"brbl-blog-meta\">\r\n                    \r\n                    <div class=\"brbl-post-date\">\r\n            <svg enable-background=\"new 0 0 443.294 443.294\" viewBox=\"0 0 443.29 443.29\" xmlns=\"http:\/\/www.w3.org\/2000\/svg\"><path d=\"m221.65 0c-122.21 0-221.65 99.433-221.65 221.65s99.433 221.65 221.65 221.65 221.65-99.433 221.65-221.65-99.433-221.65-221.65-221.65zm0 415.59c-106.94 0-193.94-87-193.94-193.94s87-193.94 193.94-193.94 193.94 87 193.94 193.94-87 193.94-193.94 193.94z\"\/><path d=\"m235.5 83.118h-27.706v144.26l87.176 87.176 19.589-19.589-79.059-79.059z\"\/>\r\n    <\/svg>\r\n            30 Ao\u00fbt 2021\r\n        <\/div>\r\n                <\/div>\r\n            <\/div>\r\n        <\/article>\r\n    <\/div><\/div><nav class=\"brbl-pagination\" role=\"navigation\" aria-label=\"Pagination\"><div class=\"brbl-page-load-status brbl-page-load-status-0\" style=\"display: none;\">\r\n\t\t\t\t<div class=\"loader-ellips infinite-scroll-request\">\r\n\t\t\t\t\t<span class=\"loader-ellips__dot\"><\/span>\r\n\t\t\t\t\t<span class=\"loader-ellips__dot\"><\/span>\r\n\t\t\t\t\t<span class=\"loader-ellips__dot\"><\/span>\r\n\t\t\t\t\t<span class=\"loader-ellips__dot\"><\/span>\r\n\t\t\t\t<\/div>\r\n\t\t\t<\/div><div class=\"pagination clearfix\">\r\n\t<div class=\"alignleft\"><a href=\"https:\/\/cuneoairport.com\/fr\/wp-json\/wp\/v2\/pages\/3867\/page\/2\/\" >&laquo; Entr\u00e9es pr\u00e9c\u00e9dentes<\/a><\/div>\r\n\t<div class=\"alignright\"><\/div>\r\n<\/div><\/nav>\r\n            <\/div>\n\t\t\t\t<\/div>\n\t\t\t<\/div><\/p>\n","protected":false},"author":3,"featured_media":0,"parent":0,"menu_order":0,"comment_status":"closed","ping_status":"closed","template":"","meta":{"_acf_changed":false,"_et_pb_use_builder":"on","_et_pb_old_content":"","_et_gb_content_width":"","footnotes":""},"class_list":["post-3867","page","type-page","status-publish","hentry"],"acf":[],"_links":{"self":[{"href":"https:\/\/cuneoairport.com\/fr\/wp-json\/wp\/v2\/pages\/3867","targetHints":{"allow":["GET"]}}],"collection":[{"href":"https:\/\/cuneoairport.com\/fr\/wp-json\/wp\/v2\/pages"}],"about":[{"href":"https:\/\/cuneoairport.com\/fr\/wp-json\/wp\/v2\/types\/page"}],"author":[{"embeddable":true,"href":"https:\/\/cuneoairport.com\/fr\/wp-json\/wp\/v2\/users\/3"}],"replies":[{"embeddable":true,"href":"https:\/\/cuneoairport.com\/fr\/wp-json\/wp\/v2\/comments?post=3867"}],"version-history":[{"count":0,"href":"https:\/\/cuneoairport.com\/fr\/wp-json\/wp\/v2\/pages\/3867\/revisions"}],"wp:attachment":[{"href":"https:\/\/cuneoairport.com\/fr\/wp-json\/wp\/v2\/media?parent=3867"}],"curies":[{"name":"wp","href":"https:\/\/api.w.org\/{rel}","templated":true}]}}