{"id":3828,"date":"2021-08-30T16:07:38","date_gmt":"2021-08-30T14:07:38","guid":{"rendered":"https:\/\/cuneoairport.com\/nuovosito\/charte-des-droits-des-passagers\/"},"modified":"2022-08-16T11:34:13","modified_gmt":"2022-08-16T09:34:13","slug":"charte-des-droits-des-passagers","status":"publish","type":"page","link":"https:\/\/cuneoairport.com\/fr\/charte-des-droits-des-passagers\/","title":{"rendered":"Charte des droits des passagers"},"content":{"rendered":"<p>[et_pb_section fb_built=\u00a0\u00bb1&Prime; _builder_version=\u00a0\u00bb4.9.10&Prime; _module_preset=\u00a0\u00bbdefault\u00a0\u00bb custom_padding=\u00a0\u00bb3px||6px|||\u00a0\u00bb][et_pb_row _builder_version=\u00a0\u00bb4.9.10&Prime; _module_preset=\u00a0\u00bbdefault\u00a0\u00bb width=\u00a0\u00bb90%\u00a0\u00bb][et_pb_column type=\u00a0\u00bb4_4&Prime; _builder_version=\u00a0\u00bb4.9.10&Prime; _module_preset=\u00a0\u00bbdefault\u00a0\u00bb][et_pb_image src=\u00a0\u00bbhttps:\/\/cuneoairport.com\/wp-content\/uploads\/2021\/09\/cartadirittipasseggero-banner.jpg\u00a0\u00bb title_text=\u00a0\u00bbbanni\u00e8re cartadirittipasseggero\u00a0\u00bb _builder_version=\u00a0\u00bb4.9.10&Prime; _module_preset=\u00a0\u00bbdefault\u00a0\u00bb hover_enabled=\u00a0\u00bb0&Prime; border_radii=\u00a0\u00bbon|6px|6px|6px|6px\u00a0\u00bb align=\u00a0\u00bbcenter\u00a0\u00bb force_fullwidth=\u00a0\u00bbon\u00a0\u00bb sticky_enabled=\u00a0\u00bb0&Prime;][\/et_pb_image][\/et_pb_column][\/et_pb_row][\/et_pb_section][et_pb_section fb_built=\u00a0\u00bb1&Prime; _builder_version=\u00a0\u00bb4.9.10&Prime; _module_preset=\u00a0\u00bbdefault\u00a0\u00bb custom_padding=\u00a0\u00bb0px||0px|||\u00a0\u00bb][et_pb_row _builder_version=\u00a0\u00bb4.9.10&Prime; _module_preset=\u00a0\u00bbdefault\u00a0\u00bb][et_pb_column type=\u00a0\u00bb4_4&Prime; _builder_version=\u00a0\u00bb4.9.10&Prime; _module_preset=\u00a0\u00bbdefault\u00a0\u00bb][et_pb_text _builder_version=\u00a0\u00bb4.9.10&Prime; _module_preset=\u00a0\u00bbdefault\u00a0\u00bb header_2_font=\u00a0\u00bbArchivo|||on|||||\u00a0\u00bb header_2_font_size=\u00a0\u00bb13px\u00a0\u00bb header_2_letter_spacing=\u00a0\u00bb10px\u00a0\u00bb custom_margin=\u00a0\u00bb2px||5px|||\u00a0\u00bb custom_margin_tablet=\u00a0\u00bb\u00a0\u00bb custom_margin_phone=\u00a0\u00bb0px||5px||false|false\u00a0\u00bb custom_margin_last_edited=\u00a0\u00bbon|phone\u00a0\u00bb]<\/p>\n<h2>Voir le<\/h2>\n<p>[\/et_pb_text][et_pb_text _builder_version=\u00a0\u00bb4.9.10&Prime; _module_preset=\u00a0\u00bbdefault\u00a0\u00bb header_font=\u00a0\u00bbAbel||||||||\u00a0\u00bb header_text_color=\u00a0\u00bb#3b444f\u00a0\u00bb header_2_font=\u00a0\u00bbPoppins|800|||||||\u00a0\u00bb header_2_text_align=\u00a0\u00bbleft\u00a0\u00bb header_2_text_color=\u00a0\u00bb#173eb2&Prime; header_2_font_size=\u00a0\u00bb37px\u00a0\u00bb custom_margin=\u00a0\u00bb||10px||false|false\u00a0\u00bb]<\/p>\n<h2>Charte des droits des passagers<\/h2>\n<p>[\/et_pb_text][et_pb_text _builder_version=\u00a0\u00bb4.9.10&Prime; _module_preset=\u00a0\u00bbdefault\u00a0\u00bb text_font=\u00a0\u00bbBarlow||||||||\u00a0\u00bb text_text_color=\u00a0\u00bb#000000&Prime; text_font_size=\u00a0\u00bb16px\u00a0\u00bb]<\/p>\n<p><span style=\"font-weight: 400;\">L\u00e0<\/span><a href=\"https:\/\/drive.google.com\/drive\/u\/0\/folders\/1ufsn5CiocMaolSNioII27C0EsoCVrJ2E\"><span style=\"font-weight: 400;\"> Charte des droits des passagers de l&rsquo;Enac<\/span><\/a><span style=\"font-weight: 400;\"> (Agence Nationale de l&rsquo;Aviation Civile) est le document guide de r\u00e9f\u00e9rence de la l\u00e9gislation sur le transport a\u00e9rien.<\/span><\/p>\n<p><span style=\"font-weight: 400;\">Il vise \u00e0 r\u00e9pondre \u00e0 de nombreuses questions en se proposant comme un outil pratique d&rsquo;information et de mise \u00e0 jour sur les principaux droits et protections accord\u00e9s aux voyageurs en cas de perturbation du transport a\u00e9rien.<\/span><\/p>\n<p>[\/et_pb_text][et_pb_button button_url=\u00a0\u00bbhttps:\/\/cuneoairport.com\/wp-content\/uploads\/2021\/07\/Carta-dei-diritti-del-passeggero.pdf\u00a0\u00bb url_new_window=\u00a0\u00bbon\u00a0\u00bb button_text=\u00a0\u00bbCharte des droits des passagers\u00a0\u00bb _builder_version=\u00a0\u00bb4.9.10&Prime; _module_preset=\u00a0\u00bbdefault\u00a0\u00bb][\/et_pb_button][\/et_pb_column][\/et_pb_row][\/et_pb_section]<\/p>\n","protected":false},"excerpt":{"rendered":"<p>Voir leCharte des droits des passagersL\u00e0 Charte des droits des passagers de l&rsquo;Enac (Agence Nationale de l&rsquo;Aviation Civile) est le document guide de r\u00e9f\u00e9rence de la l\u00e9gislation sur le transport a\u00e9rien. Il vise \u00e0 r\u00e9pondre \u00e0 de nombreuses questions en se proposant comme un outil pratique d&rsquo;information et de mise \u00e0 jour sur les principaux [&hellip;]<\/p>\n","protected":false},"author":3,"featured_media":0,"parent":0,"menu_order":0,"comment_status":"closed","ping_status":"closed","template":"","meta":{"_acf_changed":false,"_et_pb_use_builder":"on","_et_pb_old_content":"","_et_gb_content_width":"","footnotes":""},"class_list":["post-3828","page","type-page","status-publish","hentry"],"acf":[],"_links":{"self":[{"href":"https:\/\/cuneoairport.com\/fr\/wp-json\/wp\/v2\/pages\/3828","targetHints":{"allow":["GET"]}}],"collection":[{"href":"https:\/\/cuneoairport.com\/fr\/wp-json\/wp\/v2\/pages"}],"about":[{"href":"https:\/\/cuneoairport.com\/fr\/wp-json\/wp\/v2\/types\/page"}],"author":[{"embeddable":true,"href":"https:\/\/cuneoairport.com\/fr\/wp-json\/wp\/v2\/users\/3"}],"replies":[{"embeddable":true,"href":"https:\/\/cuneoairport.com\/fr\/wp-json\/wp\/v2\/comments?post=3828"}],"version-history":[{"count":0,"href":"https:\/\/cuneoairport.com\/fr\/wp-json\/wp\/v2\/pages\/3828\/revisions"}],"wp:attachment":[{"href":"https:\/\/cuneoairport.com\/fr\/wp-json\/wp\/v2\/media?parent=3828"}],"curies":[{"name":"wp","href":"https:\/\/api.w.org\/{rel}","templated":true}]}}