{"id":16294,"date":"2024-06-13T15:27:46","date_gmt":"2024-06-13T13:27:46","guid":{"rendered":"https:\/\/cuneoairport.com\/modele-dorganisation-231\/"},"modified":"2024-06-13T15:36:38","modified_gmt":"2024-06-13T13:36:38","slug":"modele-dorganisation-231","status":"publish","type":"page","link":"https:\/\/cuneoairport.com\/fr\/cuf-aeroport-de-coni\/modele-dorganisation-231\/","title":{"rendered":"Mod\u00e8le d&rsquo;organisation 231"},"content":{"rendered":"<p>          [et_pb_section fb_built=\u00a0\u00bb1&Prime; _builder_version=\u00a0\u00bb4.9.10&Prime; _module_preset=\u00a0\u00bbdefault\u00a0\u00bb custom_padding=\u00a0\u00bb3px||6px|||\u00a0\u00bb global_colors_info=\u00a0\u00bb{}\u00a0\u00bb][\/et_pb_section]<br \/>\n          [et_pb_section fb_built=\u00a0\u00bb1&Prime; _builder_version=\u00a0\u00bb4.9.10&Prime; _module_preset=\u00a0\u00bbdefault\u00a0\u00bb custom_margin=\u00a0\u00bb-79px||||false|false\u00a0\u00bb custom_padding=\u00a0\u00bb4px||27px||false|false\u00a0\u00bb global_colors_info=\u00a0\u00bb{}\u00a0\u00bb]<br \/>\n            [et_pb_row use_custom_gutter=\u00a0\u00bbon\u00a0\u00bb gutter_width=\u00a0\u00bb2&Prime; _builder_version=\u00a0\u00bb4.9.10&Prime; _module_preset=\u00a0\u00bbdefault\u00a0\u00bb width=\u00a0\u00bb90%\u00a0\u00bb custom_margin=\u00a0\u00bb16px|auto||auto||\u00a0\u00bb custom_padding=\u00a0\u00bb18px||3px|||\u00a0\u00bb global_colors_info=\u00a0\u00bb{}\u00a0\u00bb]<br \/>\n              [et_pb_column type=\u00a0\u00bb4_4&Prime; _builder_version=\u00a0\u00bb4.9.10&Prime; _module_preset=\u00a0\u00bbdefault\u00a0\u00bb custom_padding=\u00a0\u00bb|30px|||false|false\u00a0\u00bb border_width_right=\u00a0\u00bb1px\u00a0\u00bb border_color_right=\u00a0\u00bb#000000&Prime; border_style_right=\u00a0\u00bbdashed\u00a0\u00bb global_colors_info=\u00a0\u00bb{}\u00a0\u00bb]<br \/>\n                [et_pb_text _builder_version=\u00a0\u00bb4.14.3&Prime; _module_preset=\u00a0\u00bbdefault\u00a0\u00bb header_2_font=\u00a0\u00bbArchivo|||on|||||\u00a0\u00bb header_2_font_size=\u00a0\u00bb13px\u00a0\u00bb header_2_letter_spacing=\u00a0\u00bb10px\u00a0\u00bb custom_margin=\u00a0\u00bb2px||5px|||\u00a0\u00bb custom_margin_tablet=\u00a0\u00bb\u00a0\u00bb custom_margin_phone=\u00a0\u00bb0px||5px||false|false\u00a0\u00bb custom_margin_last_edited=\u00a0\u00bbon|phone\u00a0\u00bb hover_enabled=\u00a0\u00bb0&Prime; global_colors_info=\u00a0\u00bb{}\u00a0\u00bb sticky_enabled=\u00a0\u00bb0&Prime;]<\/p>\n<h2>d\u00e9couvrez ce qu&rsquo;est le<\/h2>\n<p>                [\/et_pb_text]<br \/>\n                [et_pb_text _builder_version=\u00a0\u00bb4.14.3&Prime; _module_preset=\u00a0\u00bbdefault\u00a0\u00bb header_font=\u00a0\u00bbAbel||||||||\u00a0\u00bb header_text_color=\u00a0\u00bb#3b444f\u00a0\u00bb header_2_font=\u00a0\u00bbPoppins|800|||||||\u00a0\u00bb header_2_text_align=\u00a0\u00bbleft\u00a0\u00bb header_2_text_color=\u00a0\u00bb#173eb2&Prime; header_2_font_size=\u00a0\u00bb37px\u00a0\u00bb custom_margin=\u00a0\u00bb||10px||false|false\u00a0\u00bb hover_enabled=\u00a0\u00bb0&Prime; global_colors_info=\u00a0\u00bb{}\u00a0\u00bb sticky_enabled=\u00a0\u00bb0&Prime;]<\/p>\n<h2>Mod\u00e8le d&rsquo;organisation 231<\/h2>\n<p>                [\/et_pb_text]<br \/>\n                [et_pb_text _builder_version=\u00a0\u00bb4.14.3&Prime; _module_preset=\u00a0\u00bbdefault\u00a0\u00bb text_font=\u00a0\u00bbBarlow|300|||||||\u00a0\u00bb text_text_color=\u00a0\u00bb#000000&Prime; text_font_size=\u00a0\u00bb16px\u00a0\u00bb custom_margin=\u00a0\u00bb||-3px|||\u00a0\u00bb custom_padding=\u00a0\u00bb||25px|||\u00a0\u00bb hover_enabled=\u00a0\u00bb0&Prime; global_colors_info=\u00a0\u00bb{}\u00a0\u00bb sticky_enabled=\u00a0\u00bb0&Prime;]<\/p>\n<p>Afin d&rsquo;\u00e9viter d&rsquo;\u00eatre tenues responsables de certaines infractions commises par leurs employ\u00e9s, les entreprises peuvent se doter d&rsquo;un mod\u00e8le 231. Il s&rsquo;agit d&rsquo;un document d\u00e9crivant la mani\u00e8re dont l&rsquo;entreprise s&rsquo;organise et contr\u00f4le ses activit\u00e9s, en particulier celles qui sont les plus expos\u00e9es au risque de commettre des infractions. Son but est donc de pr\u00e9venir la commission d&rsquo;infractions et d&rsquo;attester du s\u00e9rieux et de la transparence de l&rsquo;entreprise.<\/p>\n<p>Le mod\u00e8le 231 d\u00e9coule du d\u00e9cret l\u00e9gislatif 231\/2001, qui pr\u00e9voit que les entreprises peuvent \u00eatre sanctionn\u00e9es pour des infractions commises par.. :<\/p>\n<ul>\n<li>les personnes exer\u00e7ant des fonctions de repr\u00e9sentation, d&rsquo;administration et de gestion ;<\/li>\n<li>des unit\u00e9s organisationnelles autonomes ;<\/li>\n<li>les personnes soumises \u00e0 la gestion et \u00e0 la supervision, telles que les employ\u00e9s.<\/li>\n<\/ul>\n<p>Les infractions couvertes par le d\u00e9cret sont nombreuses et concernent tous les domaines d&rsquo;activit\u00e9 d&rsquo;une entreprise :<\/p>\n<ul>\n<li>les infractions contre la sant\u00e9 et la s\u00e9curit\u00e9 au travail ;<\/li>\n<li>les d\u00e9lits contre l&rsquo;administration publique ;<\/li>\n<li>les infractions commises par les entreprises ;<\/li>\n<li>les atteintes \u00e0 la personnalit\u00e9 ;<\/li>\n<li>les infractions \u00e0 des fins de terrorisme ou de subversion de l&rsquo;ordre d\u00e9mocratique ;<\/li>\n<li>la criminalit\u00e9 transnationale (trafic de migrants, blanchiment d&rsquo;argent) ;<\/li>\n<li>infractions environnementales ; criminalit\u00e9 informatique ;<\/li>\n<li>les manipulations de march\u00e9 et les d\u00e9lits d&rsquo;initi\u00e9s.<\/li>\n<\/ul>\n<p>Le d\u00e9cret, entr\u00e9 en vigueur en 2001, a introduit la possibilit\u00e9 de tenir les soci\u00e9t\u00e9s p\u00e9nalement responsables des infractions commises par leurs membres dans le cadre de leurs fonctions.<\/p>\n<p>Les cons\u00e9quences pour les entreprises impliqu\u00e9es peuvent \u00eatre graves, tant en termes d&rsquo;image qu&rsquo;en termes de sanctions administratives et p\u00e9nales : les amendes vont de 25 000 euros \u00e0 1,5 million d&rsquo;euros, et peuvent aller jusqu&rsquo;\u00e0 l&rsquo;interdiction d&rsquo;exercer une activit\u00e9 commerciale avec confiscation des b\u00e9n\u00e9fices.<\/p>\n<p>C&rsquo;est pourquoi, \u00e0 partir de 2024, nous avons d\u00e9cid\u00e9 d&rsquo;adopter le mod\u00e8le 231, un syst\u00e8me pr\u00e9ventif \u00e9labor\u00e9 par l&rsquo;entreprise, par lequel le comportement de chaque composante est orient\u00e9 vers le respect des r\u00e8gles en mati\u00e8re de responsabilit\u00e9 d&rsquo;entreprise.<\/p>\n<p>La documentation publique de notre certification peut \u00eatre consult\u00e9e ci-dessous.<\/p>\n<p>                [\/et_pb_text]<br \/>\n                [et_pb_button button_url=\u00a0\u00bbhttps:\/\/cuneoairport.com\/wp-content\/uploads\/2024\/06\/Parte-Generale.pdf\u00a0\u00bb url_new_window=\u00a0\u00bbon\u00a0\u00bb button_text=\u00a0\u00bbParte generale\u00a0\u00bb button_alignment=\u00a0\u00bbleft\u00a0\u00bb _builder_version=\u00a0\u00bb4.14.3&Prime; _module_preset=\u00a0\u00bbdefault\u00a0\u00bb custom_button=\u00a0\u00bbon\u00a0\u00bb button_text_size=\u00a0\u00bb16px\u00a0\u00bb button_text_color=\u00a0\u00bb#173eb2&Prime; button_border_width=\u00a0\u00bb0px\u00a0\u00bb button_border_radius=\u00a0\u00bb1px\u00a0\u00bb button_font=\u00a0\u00bbArchivo|600|||on||||\u00a0\u00bb button_icon=\u00a0\u00bb5||divi||400&Prime; button_on_hover=\u00a0\u00bboff\u00a0\u00bb custom_margin=\u00a0\u00bb||60px|||\u00a0\u00bb custom_padding=\u00a0\u00bb0px||0px|0px|false|false\u00a0\u00bb hover_enabled=\u00a0\u00bb0&Prime; global_colors_info=\u00a0\u00bb{}\u00a0\u00bb sticky_enabled=\u00a0\u00bb0&Prime;][\/et_pb_button]<br \/>\n                [et_pb_button button_url=\u00a0\u00bbhttps:\/\/cuneoairport.com\/wp-content\/uploads\/2024\/06\/Codice-Etico.pdf\u00a0\u00bb url_new_window=\u00a0\u00bbon\u00a0\u00bb button_text=\u00a0\u00bbCodice Etico\u00a0\u00bb button_alignment=\u00a0\u00bbleft\u00a0\u00bb _builder_version=\u00a0\u00bb4.14.3&Prime; _module_preset=\u00a0\u00bbdefault\u00a0\u00bb custom_button=\u00a0\u00bbon\u00a0\u00bb button_text_size=\u00a0\u00bb16px\u00a0\u00bb button_text_color=\u00a0\u00bb#173eb2&Prime; button_border_width=\u00a0\u00bb0px\u00a0\u00bb button_border_radius=\u00a0\u00bb1px\u00a0\u00bb button_font=\u00a0\u00bbArchivo|600|||on||||\u00a0\u00bb button_icon=\u00a0\u00bb5||divi||400&Prime; button_on_hover=\u00a0\u00bboff\u00a0\u00bb custom_margin=\u00a0\u00bb||60px|||\u00a0\u00bb custom_padding=\u00a0\u00bb0px||0px|0px|false|false\u00a0\u00bb hover_enabled=\u00a0\u00bb0&Prime; global_colors_info=\u00a0\u00bb{}\u00a0\u00bb sticky_enabled=\u00a0\u00bb0&Prime;][\/et_pb_button]<br \/>\n              [\/et_pb_column]<br \/>\n            [\/et_pb_row]<br \/>\n          [\/et_pb_section]<\/p>\n","protected":false},"excerpt":{"rendered":"<p>d\u00e9couvrez ce qu&rsquo;est le Mod\u00e8le d&rsquo;organisation 231 Afin d&rsquo;\u00e9viter d&rsquo;\u00eatre tenues responsables de certaines infractions commises par leurs employ\u00e9s, les entreprises peuvent se doter d&rsquo;un mod\u00e8le 231. Il s&rsquo;agit d&rsquo;un document d\u00e9crivant la mani\u00e8re dont l&rsquo;entreprise s&rsquo;organise et contr\u00f4le ses activit\u00e9s, en particulier celles qui sont les plus expos\u00e9es au risque de commettre des infractions. [&hellip;]<\/p>\n","protected":false},"author":3,"featured_media":0,"parent":3873,"menu_order":1,"comment_status":"closed","ping_status":"closed","template":"","meta":{"_acf_changed":false,"_et_pb_use_builder":"on","_et_pb_old_content":"","_et_gb_content_width":"","footnotes":""},"class_list":["post-16294","page","type-page","status-publish","hentry"],"acf":[],"_links":{"self":[{"href":"https:\/\/cuneoairport.com\/fr\/wp-json\/wp\/v2\/pages\/16294","targetHints":{"allow":["GET"]}}],"collection":[{"href":"https:\/\/cuneoairport.com\/fr\/wp-json\/wp\/v2\/pages"}],"about":[{"href":"https:\/\/cuneoairport.com\/fr\/wp-json\/wp\/v2\/types\/page"}],"author":[{"embeddable":true,"href":"https:\/\/cuneoairport.com\/fr\/wp-json\/wp\/v2\/users\/3"}],"replies":[{"embeddable":true,"href":"https:\/\/cuneoairport.com\/fr\/wp-json\/wp\/v2\/comments?post=16294"}],"version-history":[{"count":1,"href":"https:\/\/cuneoairport.com\/fr\/wp-json\/wp\/v2\/pages\/16294\/revisions"}],"predecessor-version":[{"id":16300,"href":"https:\/\/cuneoairport.com\/fr\/wp-json\/wp\/v2\/pages\/16294\/revisions\/16300"}],"up":[{"embeddable":true,"href":"https:\/\/cuneoairport.com\/fr\/wp-json\/wp\/v2\/pages\/3873"}],"wp:attachment":[{"href":"https:\/\/cuneoairport.com\/fr\/wp-json\/wp\/v2\/media?parent=16294"}],"curies":[{"name":"wp","href":"https:\/\/api.w.org\/{rel}","templated":true}]}}